{"id":106,"date":"2025-04-28T11:47:01","date_gmt":"2025-04-28T11:47:01","guid":{"rendered":"https:\/\/michalgalka.bike\/?page_id=106"},"modified":"2025-05-11T20:37:44","modified_gmt":"2025-05-11T20:37:44","slug":"elementor-106","status":"publish","type":"page","link":"https:\/\/michalgalka.bike\/?page_id=106","title":{"rendered":"Zdobyte prze\u0142\u0119cze"},"content":{"rendered":"\t\t<div data-elementor-type=\"wp-page\" data-elementor-id=\"106\" class=\"elementor elementor-106\" data-elementor-post-type=\"page\">\n\t\t\t\t<div class=\"elementor-element elementor-element-547b87d e-flex e-con-boxed e-con e-parent\" data-id=\"547b87d\" data-element_type=\"container\" data-settings=\"{&quot;background_background&quot;:&quot;classic&quot;}\">\n\t\t\t\t\t<div class=\"e-con-inner\">\n\t\t\t\t<div class=\"elementor-element elementor-element-867e7ef elementor-widget elementor-widget-heading\" data-id=\"867e7ef\" data-element_type=\"widget\" data-widget_type=\"heading.default\">\n\t\t\t\t<div class=\"elementor-widget-container\">\n\t\t\t\t\t<h2 class=\"elementor-heading-title elementor-size-default\">Zdobyte na rowerze prze\u0142\u0119cze g\u00f3rskie w latach 2021-2025<\/h2>\t\t\t\t<\/div>\n\t\t\t\t<\/div>\n\t\t\t\t\t<\/div>\n\t\t\t\t<\/div>\n\t\t<div class=\"elementor-element elementor-element-d4c207d e-flex e-con-boxed e-con e-parent\" data-id=\"d4c207d\" data-element_type=\"container\" data-settings=\"{&quot;background_background&quot;:&quot;classic&quot;}\">\n\t\t\t\t\t<div class=\"e-con-inner\">\n\t\t<div class=\"elementor-element elementor-element-3fb770f e-con-full e-flex e-con e-child\" data-id=\"3fb770f\" data-element_type=\"container\">\n\t\t<div class=\"elementor-element elementor-element-760a178 e-con-full e-flex e-con e-child\" data-id=\"760a178\" data-element_type=\"container\">\n\t\t\t\t<div class=\"elementor-element elementor-element-4d08bce elementor-widget elementor-widget-heading\" data-id=\"4d08bce\" data-element_type=\"widget\" data-widget_type=\"heading.default\">\n\t\t\t\t<div class=\"elementor-widget-container\">\n\t\t\t\t\t<h2 class=\"elementor-heading-title elementor-size-default\">165<\/h2>\t\t\t\t<\/div>\n\t\t\t\t<\/div>\n\t\t<div class=\"elementor-element elementor-element-2b47cef e-con-full e-flex e-con e-child\" data-id=\"2b47cef\" data-element_type=\"container\">\n\t\t\t\t<div class=\"elementor-element elementor-element-dc5a423 elementor-widget elementor-widget-heading\" data-id=\"dc5a423\" data-element_type=\"widget\" data-widget_type=\"heading.default\">\n\t\t\t\t<div class=\"elementor-widget-container\">\n\t\t\t\t\t<h2 class=\"elementor-heading-title elementor-size-default\">I came, I saw, I climbed!<\/h2>\t\t\t\t<\/div>\n\t\t\t\t<\/div>\n\t\t\t\t<div class=\"elementor-element elementor-element-21e36af elementor-widget elementor-widget-heading\" data-id=\"21e36af\" data-element_type=\"widget\" data-widget_type=\"heading.default\">\n\t\t\t\t<div class=\"elementor-widget-container\">\n\t\t\t\t\t<h2 class=\"elementor-heading-title elementor-size-default\">mountain passes<\/h2>\t\t\t\t<\/div>\n\t\t\t\t<\/div>\n\t\t\t\t<\/div>\n\t\t\t\t<\/div>\n\t\t<div class=\"elementor-element elementor-element-f4220d3 e-grid e-con-full e-con e-child\" data-id=\"f4220d3\" data-element_type=\"container\">\n\t\t\t\t<div class=\"elementor-element elementor-element-524648c elementor-widget__width-initial elementor-widget elementor-widget-text-editor\" data-id=\"524648c\" data-element_type=\"widget\" data-widget_type=\"text-editor.default\">\n\t\t\t\t<div class=\"elementor-widget-container\">\n\t\t\t\t\t\t\t\t\t<p>Szwajcaria: 38<br \/>Francja: 90<br \/>W\u0142ochy: 15<\/p>\t\t\t\t\t\t\t\t<\/div>\n\t\t\t\t<\/div>\n\t\t\t\t<div class=\"elementor-element elementor-element-1a9dd20 elementor-widget__width-initial elementor-widget elementor-widget-text-editor\" data-id=\"1a9dd20\" data-element_type=\"widget\" data-widget_type=\"text-editor.default\">\n\t\t\t\t<div class=\"elementor-widget-container\">\n\t\t\t\t\t\t\t\t\t<p>Hiszpania: 6<br \/>Liechtenstein: 1<br \/>Islandia: 4<\/p>\t\t\t\t\t\t\t\t<\/div>\n\t\t\t\t<\/div>\n\t\t\t\t<div class=\"elementor-element elementor-element-0d90d00 elementor-widget__width-initial elementor-widget elementor-widget-text-editor\" data-id=\"0d90d00\" data-element_type=\"widget\" data-widget_type=\"text-editor.default\">\n\t\t\t\t<div class=\"elementor-widget-container\">\n\t\t\t\t\t\t\t\t\t<p>Tajwan: 11<\/p>\t\t\t\t\t\t\t\t<\/div>\n\t\t\t\t<\/div>\n\t\t\t\t<\/div>\n\t\t\t\t<\/div>\n\t\t\t\t<div class=\"elementor-element elementor-element-02d3a4c elementor-widget__width-initial elementor-widget elementor-widget-custom_table\" data-id=\"02d3a4c\" data-element_type=\"widget\" data-widget_type=\"custom_table.default\">\n\t\t\t\t<div class=\"elementor-widget-container\">\n\t\t\t\t\t<div class=\"custom-table-widget\"><table><thead><tr><th>Lp.<\/th><th>Kontynent<\/th><th>Kraj<\/th><th>Nazwa prze\u0142\u0119czy<\/th><th>Wysoko\u015b\u0107<\/th><\/tr><\/thead><tbody><tr class=\"table-row\" data-expanded=\"false\"><td data-label=\"lp\">1<\/td><td data-label=\"kontynent\"><div style=\"display: flex; align-items: center; gap: 10px;\">Europa <img decoding=\"async\" style=\"width: 22px; height: 22px;\" src=\"https:\/\/project01.pixelt.pl\/wp-content\/uploads\/2025\/05\/Europa.png\" alt=\"Europa\" class=\"flag-icon\"><\/td><td data-label=\"kraj\"><div style=\"display: flex; align-items: center;\">Francja<img decoding=\"async\" src=\"https:\/\/flagsapi.com\/FR\/flat\/64.png\" alt=\"Francja Flag\" style=\"width: 22px !important; height: auto; margin-left: 5px;\"><\/td><td data-label=\"nazwa\"><b>Col de l&#039;Iseran<\/b><\/td><td data-label=\"wysokosc\">2770 m<\/td><\/tr><tr class=\"table-details\" style=\"display: none;\"><td colspan=\"5\"><img decoding=\"async\" src=\"\" alt=\"\" style=\"max-width:100px;\"><br><div class=\"info\"><h1>Col de l&#039;Iseran<\/h1><br><strong>Kontynent:<\/strong> <b>Europa<\/b><br><strong>Kraj:<\/strong> <b>Francja<\/b><br><strong>Data zdobycia:<\/strong> <b>10 Sep 2023<\/b><br><strong>Info:<\/strong> <b>Dwukrotnie z obu stron podjazd p\u00f3\u0142nocny (1 Oct 2023 https:\/\/www.strava.com\/activities\/9957707260) i po\u0142udniowy (10 Sep 2023 https:\/\/www.strava.com\/activities\/9823883901).<\/b><br><strong>Strava:<\/strong> <a style=\"color: white !important; font-size: 20px !important;\" href=\"https:\/\/www.strava.com\/activities\/9823883901\"><i class=\"fab fa-strava\"><\/i><\/a><br><\/div><\/td><\/tr><tr class=\"table-row\" data-expanded=\"false\"><td data-label=\"lp\">2<\/td><td data-label=\"kontynent\"><div style=\"display: flex; align-items: center; gap: 10px;\">Europa <img decoding=\"async\" style=\"width: 22px; height: 22px;\" src=\"https:\/\/project01.pixelt.pl\/wp-content\/uploads\/2025\/05\/Europa.png\" alt=\"Europa\" class=\"flag-icon\"><\/td><td data-label=\"kraj\"><div style=\"display: flex; align-items: center;\">W\u0142ochy<img decoding=\"async\" src=\"https:\/\/flagsapi.com\/IT\/flat\/64.png\" alt=\"W\u0142ochy Flag\" style=\"width: 22px !important; height: auto; margin-left: 5px;\"><\/td><td data-label=\"nazwa\"><b>Passo dello Stelvio<\/b><\/td><td data-label=\"wysokosc\">2757 m<\/td><\/tr><tr class=\"table-details\" style=\"display: none;\"><td colspan=\"5\"><img decoding=\"async\" src=\"\" alt=\"\" style=\"max-width:100px;\"><br><div class=\"info\"><h1>Passo dello Stelvio<\/h1><br><strong>Kontynent:<\/strong> <b>Europa<\/b><br><strong>Kraj:<\/strong> <b>W\u0142ochy<\/b><br><strong>Data zdobycia:<\/strong> <b>03 Sep 2021<\/b><br><strong>Info:<\/strong> <b>Haute Route Dolomites Day_4<\/b><br><strong>Strava:<\/strong> <a style=\"color: white !important; font-size: 20px !important;\" href=\"https:\/\/www.strava.com\/activities\/5899914349\"><i class=\"fab fa-strava\"><\/i><\/a><br><\/div><\/td><\/tr><tr class=\"table-row\" data-expanded=\"false\"><td data-label=\"lp\">3<\/td><td data-label=\"kontynent\"><div style=\"display: flex; align-items: center; gap: 10px;\">Europa <img decoding=\"async\" style=\"width: 22px; height: 22px;\" src=\"https:\/\/project01.pixelt.pl\/wp-content\/uploads\/2025\/05\/Europa.png\" alt=\"Europa\" class=\"flag-icon\"><\/td><td data-label=\"kraj\"><div style=\"display: flex; align-items: center;\">W\u0142ochy\/Francja<img decoding=\"async\" src=\"https:\/\/flagsapi.com\/IT\/flat\/64.png\" alt=\"W\u0142ochy Flag\" style=\"width: 22px !important; height: auto; margin-left: 5px;\"><img decoding=\"async\" src=\"https:\/\/flagsapi.com\/FR\/flat\/64.png\" alt=\"Francja Flag\" style=\"width: 22px !important; height: auto; margin-left: 5px;\"><\/td><td data-label=\"nazwa\"><b>Col Agnel (Colle dell&#039;Agnello)<\/b><\/td><td data-label=\"wysokosc\">2744 m<\/td><\/tr><tr class=\"table-details\" style=\"display: none;\"><td colspan=\"5\"><img decoding=\"async\" src=\"\" alt=\"\" style=\"max-width:100px;\"><br><div class=\"info\"><h1>Col Agnel (Colle dell&#039;Agnello)<\/h1><br><strong>Kontynent:<\/strong> <b>Europa<\/b><br><strong>Kraj:<\/strong> <b>W\u0142ochy\/Francja<\/b><br><strong>Data zdobycia:<\/strong> <b>22 Aug 2022<\/b><br><strong>Info:<\/strong> <b>Haute Route Alps Stage_2<\/b><br><strong>Strava:<\/strong> <a style=\"color: white !important; font-size: 20px !important;\" href=\"https:\/\/www.strava.com\/activities\/7682645874\"><i class=\"fab fa-strava\"><\/i><\/a><br><\/div><\/td><\/tr><tr class=\"table-row\" data-expanded=\"false\"><td data-label=\"lp\">4<\/td><td data-label=\"kontynent\"><div style=\"display: flex; align-items: center; gap: 10px;\">Europa <img decoding=\"async\" style=\"width: 22px; height: 22px;\" src=\"https:\/\/project01.pixelt.pl\/wp-content\/uploads\/2025\/05\/Europa.png\" alt=\"Europa\" class=\"flag-icon\"><\/td><td data-label=\"kraj\"><div style=\"display: flex; align-items: center;\">Francja<img decoding=\"async\" src=\"https:\/\/flagsapi.com\/FR\/flat\/64.png\" alt=\"Francja Flag\" style=\"width: 22px !important; height: auto; margin-left: 5px;\"><\/td><td data-label=\"nazwa\"><b>Col du Galibier<\/b><\/td><td data-label=\"wysokosc\">2642 m<\/td><\/tr><tr class=\"table-details\" style=\"display: none;\"><td colspan=\"5\"><img decoding=\"async\" src=\"\" alt=\"\" style=\"max-width:100px;\"><br><div class=\"info\"><h1>Col du Galibier<\/h1><br><strong>Kontynent:<\/strong> <b>Europa<\/b><br><strong>Kraj:<\/strong> <b>Francja<\/b><br><strong>Data zdobycia:<\/strong> <b>25 Jun 2023<\/b><br><strong>Info:<\/strong> <b>Marmotte Granfondo Alpes 2023<\/b><br><strong>Strava:<\/strong> <a style=\"color: white !important; font-size: 20px !important;\" href=\"https:\/\/www.strava.com\/activities\/9334724260\"><i class=\"fab fa-strava\"><\/i><\/a><br><\/div><\/td><\/tr><tr class=\"table-row\" data-expanded=\"false\"><td data-label=\"lp\">5<\/td><td data-label=\"kontynent\"><div style=\"display: flex; align-items: center; gap: 10px;\">Europa <img decoding=\"async\" style=\"width: 22px; height: 22px;\" src=\"https:\/\/project01.pixelt.pl\/wp-content\/uploads\/2025\/05\/Europa.png\" alt=\"Europa\" class=\"flag-icon\"><\/td><td data-label=\"kraj\"><div style=\"display: flex; align-items: center;\">W\u0142ochy<img decoding=\"async\" src=\"https:\/\/flagsapi.com\/IT\/flat\/64.png\" alt=\"W\u0142ochy Flag\" style=\"width: 22px !important; height: auto; margin-left: 5px;\"><\/td><td data-label=\"nazwa\"><b>Passo di Gavia<\/b><\/td><td data-label=\"wysokosc\">2621 m<\/td><\/tr><tr class=\"table-details\" style=\"display: none;\"><td colspan=\"5\"><img decoding=\"async\" src=\"\" alt=\"\" style=\"max-width:100px;\"><br><div class=\"info\"><h1>Passo di Gavia<\/h1><br><strong>Kontynent:<\/strong> <b>Europa<\/b><br><strong>Kraj:<\/strong> <b>W\u0142ochy<\/b><br><strong>Data zdobycia:<\/strong> <b>02 Sep 2021<\/b><br><strong>Info:<\/strong> <b>Haute Route Dolomites Day_3<\/b><br><strong>Strava:<\/strong> <a style=\"color: white !important; font-size: 20px !important;\" href=\"https:\/\/www.strava.com\/activities\/5895136827\"><i class=\"fab fa-strava\"><\/i><\/a><br><\/div><\/td><\/tr><tr class=\"table-row\" data-expanded=\"false\"><td data-label=\"lp\">6<\/td><td data-label=\"kontynent\"><div style=\"display: flex; align-items: center; gap: 10px;\">Europa <img decoding=\"async\" style=\"width: 22px; height: 22px;\" src=\"https:\/\/project01.pixelt.pl\/wp-content\/uploads\/2025\/05\/Europa.png\" alt=\"Europa\" class=\"flag-icon\"><\/td><td data-label=\"kraj\"><div style=\"display: flex; align-items: center;\">W\u0142ochy<img decoding=\"async\" src=\"https:\/\/flagsapi.com\/IT\/flat\/64.png\" alt=\"W\u0142ochy Flag\" style=\"width: 22px !important; height: auto; margin-left: 5px;\"><\/td><td data-label=\"nazwa\"><b>Colle del Nivolet<\/b><\/td><td data-label=\"wysokosc\">2612 m<\/td><\/tr><tr class=\"table-details\" style=\"display: none;\"><td colspan=\"5\"><img decoding=\"async\" src=\"\" alt=\"\" style=\"max-width:100px;\"><br><div class=\"info\"><h1>Colle del Nivolet<\/h1><br><strong>Kontynent:<\/strong> <b>Europa<\/b><br><strong>Kraj:<\/strong> <b>W\u0142ochy<\/b><br><strong>Data zdobycia:<\/strong> <b>09 Sep 2023<\/b><br><strong>Info:<\/strong> <b>Colle del Nivolet climb from Cuorgne<\/b><br><strong>Strava:<\/strong> <a style=\"color: white !important; font-size: 20px !important;\" href=\"https:\/\/www.strava.com\/activities\/9817851845\"><i class=\"fab fa-strava\"><\/i><\/a><br><\/div><\/td><\/tr><tr class=\"table-row\" data-expanded=\"false\"><td data-label=\"lp\">7<\/td><td data-label=\"kontynent\"><div style=\"display: flex; align-items: center; gap: 10px;\">Europa <img decoding=\"async\" style=\"width: 22px; height: 22px;\" src=\"https:\/\/project01.pixelt.pl\/wp-content\/uploads\/2025\/05\/Europa.png\" alt=\"Europa\" class=\"flag-icon\"><\/td><td data-label=\"kraj\"><div style=\"display: flex; align-items: center;\">Szwajcaria\/W\u0142ochy<img decoding=\"async\" src=\"https:\/\/flagsapi.com\/CH\/flat\/64.png\" alt=\"Szwajcaria Flag\" style=\"width: 22px !important; height: auto; margin-left: 5px;\"><img decoding=\"async\" src=\"https:\/\/flagsapi.com\/IT\/flat\/64.png\" alt=\"W\u0142ochy Flag\" style=\"width: 22px !important; height: auto; margin-left: 5px;\"><\/td><td data-label=\"nazwa\"><b>Umbrailpass<\/b><\/td><td data-label=\"wysokosc\">2501 m<\/td><\/tr><tr class=\"table-details\" style=\"display: none;\"><td colspan=\"5\"><img decoding=\"async\" src=\"\" alt=\"\" style=\"max-width:100px;\"><br><div class=\"info\"><h1>Umbrailpass<\/h1><br><strong>Kontynent:<\/strong> <b>Europa<\/b><br><strong>Kraj:<\/strong> <b>Szwajcaria\/W\u0142ochy<\/b><br><strong>Data zdobycia:<\/strong> <b>03 Sep 2021<\/b><br><strong>Info:<\/strong> <b>Haute Route Dolomites Day_4 \/ Passo dell&#039;Umbrail \/ Granica pa\u0144stwa<\/b><br><strong>Strava:<\/strong> <a style=\"color: white !important; font-size: 20px !important;\" href=\"https:\/\/www.strava.com\/activities\/5899914349\"><i class=\"fab fa-strava\"><\/i><\/a><br><\/div><\/td><\/tr><tr class=\"table-row\" data-expanded=\"false\"><td data-label=\"lp\">8<\/td><td data-label=\"kontynent\"><div style=\"display: flex; align-items: center; gap: 10px;\">Europa <img decoding=\"async\" style=\"width: 22px; height: 22px;\" src=\"https:\/\/project01.pixelt.pl\/wp-content\/uploads\/2025\/05\/Europa.png\" alt=\"Europa\" class=\"flag-icon\"><\/td><td data-label=\"kraj\"><div style=\"display: flex; align-items: center;\">Szwajcaria\/W\u0142ochy<img decoding=\"async\" src=\"https:\/\/flagsapi.com\/CH\/flat\/64.png\" alt=\"Szwajcaria Flag\" style=\"width: 22px !important; height: auto; margin-left: 5px;\"><img decoding=\"async\" src=\"https:\/\/flagsapi.com\/IT\/flat\/64.png\" alt=\"W\u0142ochy Flag\" style=\"width: 22px !important; height: auto; margin-left: 5px;\"><\/td><td data-label=\"nazwa\"><b>Col du Grand-Saint-Bernard<\/b><\/td><td data-label=\"wysokosc\">2469 m<\/td><\/tr><tr class=\"table-details\" style=\"display: none;\"><td colspan=\"5\"><img decoding=\"async\" src=\"\" alt=\"\" style=\"max-width:100px;\"><br><div class=\"info\"><h1>Col du Grand-Saint-Bernard<\/h1><br><strong>Kontynent:<\/strong> <b>Europa<\/b><br><strong>Kraj:<\/strong> <b>Szwajcaria\/W\u0142ochy<\/b><br><strong>Data zdobycia:<\/strong> <b>30 Jul 2023<\/b><br><strong>Info:<\/strong> <b>Colle del Gran San Bernardo \/ Granica pa\u0144stwa<\/b><br><strong>Strava:<\/strong> <a style=\"color: white !important; font-size: 20px !important;\" href=\"https:\/\/www.strava.com\/activities\/9554200877\"><i class=\"fab fa-strava\"><\/i><\/a><br><\/div><\/td><\/tr><tr class=\"table-row\" data-expanded=\"false\"><td data-label=\"lp\">9<\/td><td data-label=\"kontynent\"><div style=\"display: flex; align-items: center; gap: 10px;\">Europa <img decoding=\"async\" style=\"width: 22px; height: 22px;\" src=\"https:\/\/project01.pixelt.pl\/wp-content\/uploads\/2025\/05\/Europa.png\" alt=\"Europa\" class=\"flag-icon\"><\/td><td data-label=\"kraj\"><div style=\"display: flex; align-items: center;\">Szwajcaria<img decoding=\"async\" src=\"https:\/\/flagsapi.com\/CH\/flat\/64.png\" alt=\"Szwajcaria Flag\" style=\"width: 22px !important; height: auto; margin-left: 5px;\"><\/td><td data-label=\"nazwa\"><b>Furkapass<\/b><\/td><td data-label=\"wysokosc\">2429 m<\/td><\/tr><tr class=\"table-details\" style=\"display: none;\"><td colspan=\"5\"><img decoding=\"async\" src=\"\" alt=\"\" style=\"max-width:100px;\"><br><div class=\"info\"><h1>Furkapass<\/h1><br><strong>Kontynent:<\/strong> <b>Europa<\/b><br><strong>Kraj:<\/strong> <b>Szwajcaria<\/b><br><strong>Data zdobycia:<\/strong> <b>20 Aug 2023<\/b><br><strong>Info:<\/strong> <b>Climbing Furkapass (James Bond road). Powr\u00f3rt poci\u0105giem, tunelem, pod prze\u0142\u0119cz\u0105 Furka, na kt\u00f3ry wje\u017cd\u017ca si\u0119 samochodem.<\/b><br><strong>Strava:<\/strong> <a style=\"color: white !important; font-size: 20px !important;\" href=\"https:\/\/www.strava.com\/activities\/9689818673\"><i class=\"fab fa-strava\"><\/i><\/a><br><\/div><\/td><\/tr><tr class=\"table-row\" data-expanded=\"false\"><td data-label=\"lp\">10<\/td><td data-label=\"kontynent\"><div style=\"display: flex; align-items: center; gap: 10px;\">Europa <img decoding=\"async\" style=\"width: 22px; height: 22px;\" src=\"https:\/\/project01.pixelt.pl\/wp-content\/uploads\/2025\/05\/Europa.png\" alt=\"Europa\" class=\"flag-icon\"><\/td><td data-label=\"kraj\"><div style=\"display: flex; align-items: center;\">Szwajcaria<img decoding=\"async\" src=\"https:\/\/flagsapi.com\/CH\/flat\/64.png\" alt=\"Szwajcaria Flag\" style=\"width: 22px !important; height: auto; margin-left: 5px;\"><\/td><td data-label=\"nazwa\"><b>Fl\u00fcelapass<\/b><\/td><td data-label=\"wysokosc\">2382 m<\/td><\/tr><tr class=\"table-details\" style=\"display: none;\"><td colspan=\"5\"><img decoding=\"async\" src=\"\" alt=\"\" style=\"max-width:100px;\"><br><div class=\"info\"><h1>Fl\u00fcelapass<\/h1><br><strong>Kontynent:<\/strong> <b>Europa<\/b><br><strong>Kraj:<\/strong> <b>Szwajcaria<\/b><br><strong>Data zdobycia:<\/strong> <b>23 Sep 2022<\/b><br><strong>Info:<\/strong> <b>Haute Route Davos Stage_1<\/b><br><strong>Strava:<\/strong> <a style=\"color: white !important; font-size: 20px !important;\" href=\"https:\/\/www.strava.com\/activities\/7854955559\"><i class=\"fab fa-strava\"><\/i><\/a><br><\/div><\/td><\/tr><tr class=\"table-row\" data-expanded=\"false\"><td data-label=\"lp\">11<\/td><td data-label=\"kontynent\"><div style=\"display: flex; align-items: center; gap: 10px;\">Europa <img decoding=\"async\" style=\"width: 22px; height: 22px;\" src=\"https:\/\/project01.pixelt.pl\/wp-content\/uploads\/2025\/05\/Europa.png\" alt=\"Europa\" class=\"flag-icon\"><\/td><td data-label=\"kraj\"><div style=\"display: flex; align-items: center;\">Francja<img decoding=\"async\" src=\"https:\/\/flagsapi.com\/FR\/flat\/64.png\" alt=\"Francja Flag\" style=\"width: 22px !important; height: auto; margin-left: 5px;\"><\/td><td data-label=\"nazwa\"><b>Col d&#039;Izoard<\/b><\/td><td data-label=\"wysokosc\">2360 m<\/td><\/tr><tr class=\"table-details\" style=\"display: none;\"><td colspan=\"5\"><img decoding=\"async\" src=\"\" alt=\"\" style=\"max-width:100px;\"><br><div class=\"info\"><h1>Col d&#039;Izoard<\/h1><br><strong>Kontynent:<\/strong> <b>Europa<\/b><br><strong>Kraj:<\/strong> <b>Francja<\/b><br><strong>Data zdobycia:<\/strong> <b>22 Aug 2022<\/b><br><strong>Info:<\/strong> <b>Haute Route Alps Stage_2<\/b><br><strong>Strava:<\/strong> <a style=\"color: white !important; font-size: 20px !important;\" href=\"https:\/\/www.strava.com\/activities\/7682645874\"><i class=\"fab fa-strava\"><\/i><\/a><br><\/div><\/td><\/tr><tr class=\"table-row\" data-expanded=\"false\"><td data-label=\"lp\">12<\/td><td data-label=\"kontynent\"><div style=\"display: flex; align-items: center; gap: 10px;\">Europa <img decoding=\"async\" style=\"width: 22px; height: 22px;\" src=\"https:\/\/project01.pixelt.pl\/wp-content\/uploads\/2025\/05\/Europa.png\" alt=\"Europa\" class=\"flag-icon\"><\/td><td data-label=\"kraj\"><div style=\"display: flex; align-items: center;\">W\u0142ochy\/Francja<img decoding=\"async\" src=\"https:\/\/flagsapi.com\/IT\/flat\/64.png\" alt=\"W\u0142ochy Flag\" style=\"width: 22px !important; height: auto; margin-left: 5px;\"><img decoding=\"async\" src=\"https:\/\/flagsapi.com\/FR\/flat\/64.png\" alt=\"Francja Flag\" style=\"width: 22px !important; height: auto; margin-left: 5px;\"><\/td><td data-label=\"nazwa\"><b>Col de la Lombarde<\/b><\/td><td data-label=\"wysokosc\">2347 m<\/td><\/tr><tr class=\"table-details\" style=\"display: none;\"><td colspan=\"5\"><img decoding=\"async\" src=\"\" alt=\"\" style=\"max-width:100px;\"><br><div class=\"info\"><h1>Col de la Lombarde<\/h1><br><strong>Kontynent:<\/strong> <b>Europa<\/b><br><strong>Kraj:<\/strong> <b>W\u0142ochy\/Francja<\/b><br><strong>Data zdobycia:<\/strong> <b>21 Aug 2022<\/b><br><strong>Info:<\/strong> <b>Haute Route Alps Stage_1 \/ Colle di Lombarda \/ Granica pa\u0144stwa<\/b><br><strong>Strava:<\/strong> <a style=\"color: white !important; font-size: 20px !important;\" href=\"https:\/\/www.strava.com\/activities\/7677399057\"><i class=\"fab fa-strava\"><\/i><\/a><br><\/div><\/td><\/tr><tr class=\"table-row\" data-expanded=\"false\"><td data-label=\"lp\">13<\/td><td data-label=\"kontynent\"><div style=\"display: flex; align-items: center; gap: 10px;\">Europa <img decoding=\"async\" style=\"width: 22px; height: 22px;\" src=\"https:\/\/project01.pixelt.pl\/wp-content\/uploads\/2025\/05\/Europa.png\" alt=\"Europa\" class=\"flag-icon\"><\/td><td data-label=\"kraj\"><div style=\"display: flex; align-items: center;\">Szwajcaria<img decoding=\"async\" src=\"https:\/\/flagsapi.com\/CH\/flat\/64.png\" alt=\"Szwajcaria Flag\" style=\"width: 22px !important; height: auto; margin-left: 5px;\"><\/td><td data-label=\"nazwa\"><b>Albulapass<\/b><\/td><td data-label=\"wysokosc\">2312 m<\/td><\/tr><tr class=\"table-details\" style=\"display: none;\"><td colspan=\"5\"><img decoding=\"async\" src=\"\" alt=\"\" style=\"max-width:100px;\"><br><div class=\"info\"><h1>Albulapass<\/h1><br><strong>Kontynent:<\/strong> <b>Europa<\/b><br><strong>Kraj:<\/strong> <b>Szwajcaria<\/b><br><strong>Data zdobycia:<\/strong> <b>23 Sep 2022<\/b><br><strong>Info:<\/strong> <b>Haute Route Davos Stage_1<\/b><br><strong>Strava:<\/strong> <a style=\"color: white !important; font-size: 20px !important;\" href=\"https:\/\/www.strava.com\/activities\/7854955559\"><i class=\"fab fa-strava\"><\/i><\/a><br><\/div><\/td><\/tr><tr class=\"table-row\" data-expanded=\"false\"><td data-label=\"lp\">14<\/td><td data-label=\"kontynent\"><div style=\"display: flex; align-items: center; gap: 10px;\">Europa <img decoding=\"async\" style=\"width: 22px; height: 22px;\" src=\"https:\/\/project01.pixelt.pl\/wp-content\/uploads\/2025\/05\/Europa.png\" alt=\"Europa\" class=\"flag-icon\"><\/td><td data-label=\"kraj\"><div style=\"display: flex; align-items: center;\">Francja<img decoding=\"async\" src=\"https:\/\/flagsapi.com\/FR\/flat\/64.png\" alt=\"Francja Flag\" style=\"width: 22px !important; height: auto; margin-left: 5px;\"><\/td><td data-label=\"nazwa\"><b>Col de la Loze<\/b><\/td><td data-label=\"wysokosc\">2304 m<\/td><\/tr><tr class=\"table-details\" style=\"display: none;\"><td colspan=\"5\"><img decoding=\"async\" src=\"\" alt=\"\" style=\"max-width:100px;\"><br><div class=\"info\"><h1>Col de la Loze<\/h1><br><strong>Kontynent:<\/strong> <b>Europa<\/b><br><strong>Kraj:<\/strong> <b>Francja<\/b><br><strong>Data zdobycia:<\/strong> <b>25 Aug 2022<\/b><br><strong>Info:<\/strong> <b>Haute Route Alps Stage_5 - Time Trial \/ Absolutely beautiful views<\/b><br><strong>Strava:<\/strong> <a style=\"color: white !important; font-size: 20px !important;\" href=\"https:\/\/www.strava.com\/activities\/7696857066\"><i class=\"fab fa-strava\"><\/i><\/a><br><\/div><\/td><\/tr><tr class=\"table-row\" data-expanded=\"false\"><td data-label=\"lp\">15<\/td><td data-label=\"kontynent\"><div style=\"display: flex; align-items: center; gap: 10px;\">Europa <img decoding=\"async\" style=\"width: 22px; height: 22px;\" src=\"https:\/\/project01.pixelt.pl\/wp-content\/uploads\/2025\/05\/Europa.png\" alt=\"Europa\" class=\"flag-icon\"><\/td><td data-label=\"kraj\"><div style=\"display: flex; align-items: center;\">Szwajcaria<img decoding=\"async\" src=\"https:\/\/flagsapi.com\/CH\/flat\/64.png\" alt=\"Szwajcaria Flag\" style=\"width: 22px !important; height: auto; margin-left: 5px;\"><\/td><td data-label=\"nazwa\"><b>Col du Sanetsch<\/b><\/td><td data-label=\"wysokosc\">2253 m<\/td><\/tr><tr class=\"table-details\" style=\"display: none;\"><td colspan=\"5\"><img decoding=\"async\" src=\"\" alt=\"\" style=\"max-width:100px;\"><br><div class=\"info\"><h1>Col du Sanetsch<\/h1><br><strong>Kontynent:<\/strong> <b>Europa<\/b><br><strong>Kraj:<\/strong> <b>Szwajcaria<\/b><br><strong>Data zdobycia:<\/strong> <b>06 Aug 2022<\/b><br><strong>Info:<\/strong> <b>Cycling in Sion Day_1 - Sanetsch is a very tough bite.<\/b><br><strong>Strava:<\/strong> <a style=\"color: white !important; font-size: 20px !important;\" href=\"https:\/\/www.strava.com\/activities\/7600522080\"><i class=\"fab fa-strava\"><\/i><\/a><br><\/div><\/td><\/tr><tr class=\"table-row\" data-expanded=\"false\"><td data-label=\"lp\">16<\/td><td data-label=\"kontynent\"><div style=\"display: flex; align-items: center; gap: 10px;\">Europa <img decoding=\"async\" style=\"width: 22px; height: 22px;\" src=\"https:\/\/project01.pixelt.pl\/wp-content\/uploads\/2025\/05\/Europa.png\" alt=\"Europa\" class=\"flag-icon\"><\/td><td data-label=\"kraj\"><div style=\"display: flex; align-items: center;\">W\u0142ochy<img decoding=\"async\" src=\"https:\/\/flagsapi.com\/IT\/flat\/64.png\" alt=\"W\u0142ochy Flag\" style=\"width: 22px !important; height: auto; margin-left: 5px;\"><\/td><td data-label=\"nazwa\"><b>Passo di Giau<\/b><\/td><td data-label=\"wysokosc\">2236 m<\/td><\/tr><tr class=\"table-details\" style=\"display: none;\"><td colspan=\"5\"><img decoding=\"async\" src=\"\" alt=\"\" style=\"max-width:100px;\"><br><div class=\"info\"><h1>Passo di Giau<\/h1><br><strong>Kontynent:<\/strong> <b>Europa<\/b><br><strong>Kraj:<\/strong> <b>W\u0142ochy<\/b><br><strong>Data zdobycia:<\/strong> <b>31 Aug 2021<\/b><br><strong>Info:<\/strong> <b>Haute Route Dolomites Day_1<\/b><br><strong>Strava:<\/strong> <a style=\"color: white !important; font-size: 20px !important;\" href=\"https:\/\/www.strava.com\/activities\/5883165638\"><i class=\"fab fa-strava\"><\/i><\/a><br><\/div><\/td><\/tr><tr class=\"table-row\" data-expanded=\"false\"><td data-label=\"lp\">17<\/td><td data-label=\"kontynent\"><div style=\"display: flex; align-items: center; gap: 10px;\">Europa <img decoding=\"async\" style=\"width: 22px; height: 22px;\" src=\"https:\/\/project01.pixelt.pl\/wp-content\/uploads\/2025\/05\/Europa.png\" alt=\"Europa\" class=\"flag-icon\"><\/td><td data-label=\"kraj\"><div style=\"display: flex; align-items: center;\">Szwajcaria<img decoding=\"async\" src=\"https:\/\/flagsapi.com\/CH\/flat\/64.png\" alt=\"Szwajcaria Flag\" style=\"width: 22px !important; height: auto; margin-left: 5px;\"><\/td><td data-label=\"nazwa\"><b>Sustenpass<\/b><\/td><td data-label=\"wysokosc\">2224 m<\/td><\/tr><tr class=\"table-details\" style=\"display: none;\"><td colspan=\"5\"><img decoding=\"async\" src=\"\" alt=\"\" style=\"max-width:100px;\"><br><div class=\"info\"><h1>Sustenpass<\/h1><br><strong>Kontynent:<\/strong> <b>Europa<\/b><br><strong>Kraj:<\/strong> <b>Szwajcaria<\/b><br><strong>Data zdobycia:<\/strong> <b>26 Aug 2023<\/b><br><strong>Info:<\/strong> <b>Sustenpass climb - foggy, cloudy and rainy<\/b><br><strong>Strava:<\/strong> <a style=\"color: white !important; font-size: 20px !important;\" href=\"https:\/\/www.strava.com\/activities\/9725673248\"><i class=\"fab fa-strava\"><\/i><\/a><br><\/div><\/td><\/tr><tr class=\"table-row\" data-expanded=\"false\"><td data-label=\"lp\">18<\/td><td data-label=\"kontynent\"><div style=\"display: flex; align-items: center; gap: 10px;\">Europa <img decoding=\"async\" style=\"width: 22px; height: 22px;\" src=\"https:\/\/project01.pixelt.pl\/wp-content\/uploads\/2025\/05\/Europa.png\" alt=\"Europa\" class=\"flag-icon\"><\/td><td data-label=\"kraj\"><div style=\"display: flex; align-items: center;\">Francja<img decoding=\"async\" src=\"https:\/\/flagsapi.com\/FR\/flat\/64.png\" alt=\"Francja Flag\" style=\"width: 22px !important; height: auto; margin-left: 5px;\"><\/td><td data-label=\"nazwa\"><b>Col de Portet<\/b><\/td><td data-label=\"wysokosc\">2215 m<\/td><\/tr><tr class=\"table-details\" style=\"display: none;\"><td colspan=\"5\"><img decoding=\"async\" src=\"\" alt=\"\" style=\"max-width:100px;\"><br><div class=\"info\"><h1>Col de Portet<\/h1><br><strong>Kontynent:<\/strong> <b>Europa<\/b><br><strong>Kraj:<\/strong> <b>Francja<\/b><br><strong>Data zdobycia:<\/strong> <b>09 Jul 2022<\/b><br><strong>Info:<\/strong> <b>Haute Route Pyrenees 2022 Stage_5<\/b><br><strong>Strava:<\/strong> <a style=\"color: white !important; font-size: 20px !important;\" href=\"https:\/\/www.strava.com\/activities\/7441490707\"><i class=\"fab fa-strava\"><\/i><\/a><br><\/div><\/td><\/tr><tr class=\"table-row\" data-expanded=\"false\"><td data-label=\"lp\">19<\/td><td data-label=\"kontynent\"><div style=\"display: flex; align-items: center; gap: 10px;\">Europa <img decoding=\"async\" style=\"width: 22px; height: 22px;\" src=\"https:\/\/project01.pixelt.pl\/wp-content\/uploads\/2025\/05\/Europa.png\" alt=\"Europa\" class=\"flag-icon\"><\/td><td data-label=\"kraj\"><div style=\"display: flex; align-items: center;\">W\u0142ochy<img decoding=\"async\" src=\"https:\/\/flagsapi.com\/IT\/flat\/64.png\" alt=\"W\u0142ochy Flag\" style=\"width: 22px !important; height: auto; margin-left: 5px;\"><\/td><td data-label=\"nazwa\"><b>Colle delle Finestre<\/b><\/td><td data-label=\"wysokosc\">2176 m<\/td><\/tr><tr class=\"table-details\" style=\"display: none;\"><td colspan=\"5\"><img decoding=\"async\" src=\"\" alt=\"\" style=\"max-width:100px;\"><br><div class=\"info\"><h1>Colle delle Finestre<\/h1><br><strong>Kontynent:<\/strong> <b>Europa<\/b><br><strong>Kraj:<\/strong> <b>W\u0142ochy<\/b><br><strong>Data zdobycia:<\/strong> <b>08 Sep 2023<\/b><br><strong>Info:<\/strong> <b>Colle delle Finestre climb from Susa<\/b><br><strong>Strava:<\/strong> <a style=\"color: white !important; font-size: 20px !important;\" href=\"https:\/\/www.strava.com\/activities\/9809732067\"><i class=\"fab fa-strava\"><\/i><\/a><br><\/div><\/td><\/tr><tr class=\"table-row\" data-expanded=\"false\"><td data-label=\"lp\">20<\/td><td data-label=\"kontynent\"><div style=\"display: flex; align-items: center; gap: 10px;\">Europa <img decoding=\"async\" style=\"width: 22px; height: 22px;\" src=\"https:\/\/project01.pixelt.pl\/wp-content\/uploads\/2025\/05\/Europa.png\" alt=\"Europa\" class=\"flag-icon\"><\/td><td data-label=\"kraj\"><div style=\"display: flex; align-items: center;\">Szwajcaria<img decoding=\"async\" src=\"https:\/\/flagsapi.com\/CH\/flat\/64.png\" alt=\"Szwajcaria Flag\" style=\"width: 22px !important; height: auto; margin-left: 5px;\"><\/td><td data-label=\"nazwa\"><b>Croix de Coeur<\/b><\/td><td data-label=\"wysokosc\">2174 m<\/td><\/tr><tr class=\"table-details\" style=\"display: none;\"><td colspan=\"5\"><img decoding=\"async\" src=\"\" alt=\"\" style=\"max-width:100px;\"><br><div class=\"info\"><h1>Croix de Coeur<\/h1><br><strong>Kontynent:<\/strong> <b>Europa<\/b><br><strong>Kraj:<\/strong> <b>Szwajcaria<\/b><br><strong>Data zdobycia:<\/strong> <b>07 Aug 2022<\/b><br><strong>Info:<\/strong> <b>Cycling in Sion Day_2 \/ Burza z gradem przy podje\u017adzie na szczyt. Na szczycie spotka\u0142em Polak\u00f3w \ud83d\ude42<\/b><br><strong>Strava:<\/strong> <a style=\"color: white !important; font-size: 20px !important;\" href=\"https:\/\/www.strava.com\/activities\/7600514855\"><i class=\"fab fa-strava\"><\/i><\/a><br><\/div><\/td><\/tr><tr class=\"table-row\" data-expanded=\"false\"><td data-label=\"lp\">21<\/td><td data-label=\"kontynent\"><div style=\"display: flex; align-items: center; gap: 10px;\">Europa <img decoding=\"async\" style=\"width: 22px; height: 22px;\" src=\"https:\/\/project01.pixelt.pl\/wp-content\/uploads\/2025\/05\/Europa.png\" alt=\"Europa\" class=\"flag-icon\"><\/td><td data-label=\"kraj\"><div style=\"display: flex; align-items: center;\">Francja<img decoding=\"async\" src=\"https:\/\/flagsapi.com\/FR\/flat\/64.png\" alt=\"Francja Flag\" style=\"width: 22px !important; height: auto; margin-left: 5px;\"><\/td><td data-label=\"nazwa\"><b>Lac de Cap de Long<\/b><\/td><td data-label=\"wysokosc\">2172 m<\/td><\/tr><tr class=\"table-details\" style=\"display: none;\"><td colspan=\"5\"><img decoding=\"async\" src=\"\" alt=\"\" style=\"max-width:100px;\"><br><div class=\"info\"><h1>Lac de Cap de Long<\/h1><br><strong>Kontynent:<\/strong> <b>Europa<\/b><br><strong>Kraj:<\/strong> <b>Francja<\/b><br><strong>Data zdobycia:<\/strong> <b>08 Jul 2022<\/b><br><strong>Info:<\/strong> <b>Haute Route Pyrenees 2022 Stage_4<\/b><br><strong>Strava:<\/strong> <a style=\"color: white !important; font-size: 20px !important;\" href=\"https:\/\/www.strava.com\/activities\/7436865056\"><i class=\"fab fa-strava\"><\/i><\/a><br><\/div><\/td><\/tr><tr class=\"table-row\" data-expanded=\"false\"><td data-label=\"lp\">22<\/td><td data-label=\"kontynent\"><div style=\"display: flex; align-items: center; gap: 10px;\">Europa <img decoding=\"async\" style=\"width: 22px; height: 22px;\" src=\"https:\/\/project01.pixelt.pl\/wp-content\/uploads\/2025\/05\/Europa.png\" alt=\"Europa\" class=\"flag-icon\"><\/td><td data-label=\"kraj\"><div style=\"display: flex; align-items: center;\">Szwajcaria<img decoding=\"async\" src=\"https:\/\/flagsapi.com\/CH\/flat\/64.png\" alt=\"Szwajcaria Flag\" style=\"width: 22px !important; height: auto; margin-left: 5px;\"><\/td><td data-label=\"nazwa\"><b>Grimselpass<\/b><\/td><td data-label=\"wysokosc\">2164 m<\/td><\/tr><tr class=\"table-details\" style=\"display: none;\"><td colspan=\"5\"><img decoding=\"async\" src=\"\" alt=\"\" style=\"max-width:100px;\"><br><div class=\"info\"><h1>Grimselpass<\/h1><br><strong>Kontynent:<\/strong> <b>Europa<\/b><br><strong>Kraj:<\/strong> <b>Szwajcaria<\/b><br><strong>Data zdobycia:<\/strong> <b>03 Sep 2023<\/b><br><strong>Info:<\/strong> <b>57km Grimselpass climb from Brig. Nice sunny weather, a bit chilly on the top, cold descent. Beautiful views.<\/b><br><strong>Strava:<\/strong> <a style=\"color: white !important; font-size: 20px !important;\" href=\"https:\/\/www.strava.com\/activities\/9778418394\"><i class=\"fab fa-strava\"><\/i><\/a><br><\/div><\/td><\/tr><tr class=\"table-row\" data-expanded=\"false\"><td data-label=\"lp\">23<\/td><td data-label=\"kontynent\"><div style=\"display: flex; align-items: center; gap: 10px;\">Europa <img decoding=\"async\" style=\"width: 22px; height: 22px;\" src=\"https:\/\/project01.pixelt.pl\/wp-content\/uploads\/2025\/05\/Europa.png\" alt=\"Europa\" class=\"flag-icon\"><\/td><td data-label=\"kraj\"><div style=\"display: flex; align-items: center;\">Szwajcaria<img decoding=\"async\" src=\"https:\/\/flagsapi.com\/CH\/flat\/64.png\" alt=\"Szwajcaria Flag\" style=\"width: 22px !important; height: auto; margin-left: 5px;\"><\/td><td data-label=\"nazwa\"><b>Barrage de la Grande-Dixence<\/b><\/td><td data-label=\"wysokosc\">2138 m<\/td><\/tr><tr class=\"table-details\" style=\"display: none;\"><td colspan=\"5\"><img decoding=\"async\" src=\"\" alt=\"\" style=\"max-width:100px;\"><br><div class=\"info\"><h1>Barrage de la Grande-Dixence<\/h1><br><strong>Kontynent:<\/strong> <b>Europa<\/b><br><strong>Kraj:<\/strong> <b>Szwajcaria<\/b><br><strong>Data zdobycia:<\/strong> <b>12 Jun 2021<\/b><br><strong>Info:<\/strong> <b>Haute Route Crans Montana Day_2 - My first cycling event ever!<\/b><br><strong>Strava:<\/strong> <a style=\"color: white !important; font-size: 20px !important;\" href=\"https:\/\/www.strava.com\/activities\/5456108411\"><i class=\"fab fa-strava\"><\/i><\/a><br><\/div><\/td><\/tr><tr class=\"table-row\" data-expanded=\"false\"><td data-label=\"lp\">24<\/td><td data-label=\"kontynent\"><div style=\"display: flex; align-items: center; gap: 10px;\">Europa <img decoding=\"async\" style=\"width: 22px; height: 22px;\" src=\"https:\/\/project01.pixelt.pl\/wp-content\/uploads\/2025\/05\/Europa.png\" alt=\"Europa\" class=\"flag-icon\"><\/td><td data-label=\"kraj\"><div style=\"display: flex; align-items: center;\">Francja<img decoding=\"async\" src=\"https:\/\/flagsapi.com\/FR\/flat\/64.png\" alt=\"Francja Flag\" style=\"width: 22px !important; height: auto; margin-left: 5px;\"><\/td><td data-label=\"nazwa\"><b>Col du Tourmalet<\/b><\/td><td data-label=\"wysokosc\">2115 m<\/td><\/tr><tr class=\"table-details\" style=\"display: none;\"><td colspan=\"5\"><img decoding=\"async\" src=\"\" alt=\"\" style=\"max-width:100px;\"><br><div class=\"info\"><h1>Col du Tourmalet<\/h1><br><strong>Kontynent:<\/strong> <b>Europa<\/b><br><strong>Kraj:<\/strong> <b>Francja<\/b><br><strong>Data zdobycia:<\/strong> <b>07 Jul 2022<\/b><br><strong>Info:<\/strong> <b>Haute Route Pyrenees 2022 Stage_3<\/b><br><strong>Strava:<\/strong> <a style=\"color: white !important; font-size: 20px !important;\" href=\"https:\/\/www.strava.com\/activities\/7431693999\"><i class=\"fab fa-strava\"><\/i><\/a><br><\/div><\/td><\/tr><tr class=\"table-row\" data-expanded=\"false\"><td data-label=\"lp\">25<\/td><td data-label=\"kontynent\"><div style=\"display: flex; align-items: center; gap: 10px;\">Europa <img decoding=\"async\" style=\"width: 22px; height: 22px;\" src=\"https:\/\/project01.pixelt.pl\/wp-content\/uploads\/2025\/05\/Europa.png\" alt=\"Europa\" class=\"flag-icon\"><\/td><td data-label=\"kraj\"><div style=\"display: flex; align-items: center;\">Szwajcaria<img decoding=\"async\" src=\"https:\/\/flagsapi.com\/CH\/flat\/64.png\" alt=\"Szwajcaria Flag\" style=\"width: 22px !important; height: auto; margin-left: 5px;\"><\/td><td data-label=\"nazwa\"><b>Sankt Gotthardpass<\/b><\/td><td data-label=\"wysokosc\">2107 m<\/td><\/tr><tr class=\"table-details\" style=\"display: none;\"><td colspan=\"5\"><img decoding=\"async\" src=\"\" alt=\"\" style=\"max-width:100px;\"><br><div class=\"info\"><h1>Sankt Gotthardpass<\/h1><br><strong>Kontynent:<\/strong> <b>Europa<\/b><br><strong>Kraj:<\/strong> <b>Szwajcaria<\/b><br><strong>Data zdobycia:<\/strong> <b>19 Aug 2023<\/b><br><strong>Info:<\/strong> <b>Passo del San Gottardo \/ 52km climb from Biasca. Last 5km hard brick surface with 38 harpins!<\/b><br><strong>Strava:<\/strong> <a style=\"color: white !important; font-size: 20px !important;\" href=\"https:\/\/www.strava.com\/activities\/9680916784\"><i class=\"fab fa-strava\"><\/i><\/a><br><\/div><\/td><\/tr><tr class=\"table-row\" data-expanded=\"false\"><td data-label=\"lp\">26<\/td><td data-label=\"kontynent\"><div style=\"display: flex; align-items: center; gap: 10px;\">Europa <img decoding=\"async\" style=\"width: 22px; height: 22px;\" src=\"https:\/\/project01.pixelt.pl\/wp-content\/uploads\/2025\/05\/Europa.png\" alt=\"Europa\" class=\"flag-icon\"><\/td><td data-label=\"kraj\"><div style=\"display: flex; align-items: center;\">W\u0142ochy<img decoding=\"async\" src=\"https:\/\/flagsapi.com\/IT\/flat\/64.png\" alt=\"W\u0142ochy Flag\" style=\"width: 22px !important; height: auto; margin-left: 5px;\"><\/td><td data-label=\"nazwa\"><b>Passo di Falzarego<\/b><\/td><td data-label=\"wysokosc\">2105 m<\/td><\/tr><tr class=\"table-details\" style=\"display: none;\"><td colspan=\"5\"><img decoding=\"async\" src=\"\" alt=\"\" style=\"max-width:100px;\"><br><div class=\"info\"><h1>Passo di Falzarego<\/h1><br><strong>Kontynent:<\/strong> <b>Europa<\/b><br><strong>Kraj:<\/strong> <b>W\u0142ochy<\/b><br><strong>Data zdobycia:<\/strong> <b>31 Aug 2021<\/b><br><strong>Info:<\/strong> <b>Haute Route Dolomites Day_2<\/b><br><strong>Strava:<\/strong> <a style=\"color: white !important; font-size: 20px !important;\" href=\"https:\/\/www.strava.com\/activities\/5889319951\"><i class=\"fab fa-strava\"><\/i><\/a><br><\/div><\/td><\/tr><tr class=\"table-row\" data-expanded=\"false\"><td data-label=\"lp\">27<\/td><td data-label=\"kontynent\"><div style=\"display: flex; align-items: center; gap: 10px;\">Europa <img decoding=\"async\" style=\"width: 22px; height: 22px;\" src=\"https:\/\/project01.pixelt.pl\/wp-content\/uploads\/2025\/05\/Europa.png\" alt=\"Europa\" class=\"flag-icon\"><\/td><td data-label=\"kraj\"><div style=\"display: flex; align-items: center;\">Szwajcaria<img decoding=\"async\" src=\"https:\/\/flagsapi.com\/CH\/flat\/64.png\" alt=\"Szwajcaria Flag\" style=\"width: 22px !important; height: auto; margin-left: 5px;\"><\/td><td data-label=\"nazwa\"><b>Thyon 2000<\/b><\/td><td data-label=\"wysokosc\">2086 m<\/td><\/tr><tr class=\"table-details\" style=\"display: none;\"><td colspan=\"5\"><img decoding=\"async\" src=\"\" alt=\"\" style=\"max-width:100px;\"><br><div class=\"info\"><h1>Thyon 2000<\/h1><br><strong>Kontynent:<\/strong> <b>Europa<\/b><br><strong>Kraj:<\/strong> <b>Szwajcaria<\/b><br><strong>Data zdobycia:<\/strong> <b>05 Aug 2023<\/b><br><strong>Info:<\/strong> <b>Tour des Stations EVEREST!<\/b><br><strong>Strava:<\/strong> <a style=\"color: white !important; font-size: 20px !important;\" href=\"https:\/\/www.strava.com\/activities\/9591816454\"><i class=\"fab fa-strava\"><\/i><\/a><br><\/div><\/td><\/tr><tr class=\"table-row\" data-expanded=\"false\"><td data-label=\"lp\">28<\/td><td data-label=\"kontynent\"><div style=\"display: flex; align-items: center; gap: 10px;\">Europa <img decoding=\"async\" style=\"width: 22px; height: 22px;\" src=\"https:\/\/project01.pixelt.pl\/wp-content\/uploads\/2025\/05\/Europa.png\" alt=\"Europa\" class=\"flag-icon\"><\/td><td data-label=\"kraj\"><div style=\"display: flex; align-items: center;\">Francja<img decoding=\"async\" src=\"https:\/\/flagsapi.com\/FR\/flat\/64.png\" alt=\"Francja Flag\" style=\"width: 22px !important; height: auto; margin-left: 5px;\"><\/td><td data-label=\"nazwa\"><b>Col de la Croix de Fer<\/b><\/td><td data-label=\"wysokosc\">2064 m<\/td><\/tr><tr class=\"table-details\" style=\"display: none;\"><td colspan=\"5\"><img decoding=\"async\" src=\"\" alt=\"\" style=\"max-width:100px;\"><br><div class=\"info\"><h1>Col de la Croix de Fer<\/h1><br><strong>Kontynent:<\/strong> <b>Europa<\/b><br><strong>Kraj:<\/strong> <b>Francja<\/b><br><strong>Data zdobycia:<\/strong> <b>25 Jun 2023<\/b><br><strong>Info:<\/strong> <b>Marmotte Granfondo Alpes 2023<\/b><br><strong>Strava:<\/strong> <a style=\"color: white !important; font-size: 20px !important;\" href=\"https:\/\/www.strava.com\/activities\/9334724260\"><i class=\"fab fa-strava\"><\/i><\/a><br><\/div><\/td><\/tr><tr class=\"table-row\" data-expanded=\"false\"><td data-label=\"lp\">29<\/td><td data-label=\"kontynent\"><div style=\"display: flex; align-items: center; gap: 10px;\">Europa <img decoding=\"async\" style=\"width: 22px; height: 22px;\" src=\"https:\/\/project01.pixelt.pl\/wp-content\/uploads\/2025\/05\/Europa.png\" alt=\"Europa\" class=\"flag-icon\"><\/td><td data-label=\"kraj\"><div style=\"display: flex; align-items: center;\">Francja<img decoding=\"async\" src=\"https:\/\/flagsapi.com\/FR\/flat\/64.png\" alt=\"Francja Flag\" style=\"width: 22px !important; height: auto; margin-left: 5px;\"><\/td><td data-label=\"nazwa\"><b>Col du Lautaret<\/b><\/td><td data-label=\"wysokosc\">2057 m<\/td><\/tr><tr class=\"table-details\" style=\"display: none;\"><td colspan=\"5\"><img decoding=\"async\" src=\"\" alt=\"\" style=\"max-width:100px;\"><br><div class=\"info\"><h1>Col du Lautaret<\/h1><br><strong>Kontynent:<\/strong> <b>Europa<\/b><br><strong>Kraj:<\/strong> <b>Francja<\/b><br><strong>Data zdobycia:<\/strong> <b>23 Aug 2022<\/b><br><strong>Info:<\/strong> <b>Haute Route Alps Stage_3<\/b><br><strong>Strava:<\/strong> <a style=\"color: white !important; font-size: 20px !important;\" href=\"https:\/\/www.strava.com\/activities\/7687932233\"><i class=\"fab fa-strava\"><\/i><\/a><br><\/div><\/td><\/tr><tr class=\"table-row\" data-expanded=\"false\"><td data-label=\"lp\">30<\/td><td data-label=\"kontynent\"><div style=\"display: flex; align-items: center; gap: 10px;\">Europa <img decoding=\"async\" style=\"width: 22px; height: 22px;\" src=\"https:\/\/project01.pixelt.pl\/wp-content\/uploads\/2025\/05\/Europa.png\" alt=\"Europa\" class=\"flag-icon\"><\/td><td data-label=\"kraj\"><div style=\"display: flex; align-items: center;\">W\u0142ochy<img decoding=\"async\" src=\"https:\/\/flagsapi.com\/IT\/flat\/64.png\" alt=\"W\u0142ochy Flag\" style=\"width: 22px !important; height: auto; margin-left: 5px;\"><\/td><td data-label=\"nazwa\"><b>Passo di Valles<\/b><\/td><td data-label=\"wysokosc\">2032 m<\/td><\/tr><tr class=\"table-details\" style=\"display: none;\"><td colspan=\"5\"><img decoding=\"async\" src=\"\" alt=\"\" style=\"max-width:100px;\"><br><div class=\"info\"><h1>Passo di Valles<\/h1><br><strong>Kontynent:<\/strong> <b>Europa<\/b><br><strong>Kraj:<\/strong> <b>W\u0142ochy<\/b><br><strong>Data zdobycia:<\/strong> <b>01 Sep 2021<\/b><br><strong>Info:<\/strong> <b>Haute Route Dolomites Day_2<\/b><br><strong>Strava:<\/strong> <a style=\"color: white !important; font-size: 20px !important;\" href=\"https:\/\/www.strava.com\/activities\/5889319951\"><i class=\"fab fa-strava\"><\/i><\/a><br><\/div><\/td><\/tr><tr class=\"table-row\" data-expanded=\"false\"><td data-label=\"lp\">31<\/td><td data-label=\"kontynent\"><div style=\"display: flex; align-items: center; gap: 10px;\">Europa <img decoding=\"async\" style=\"width: 22px; height: 22px;\" src=\"https:\/\/project01.pixelt.pl\/wp-content\/uploads\/2025\/05\/Europa.png\" alt=\"Europa\" class=\"flag-icon\"><\/td><td data-label=\"kraj\"><div style=\"display: flex; align-items: center;\">Francja<img decoding=\"async\" src=\"https:\/\/flagsapi.com\/FR\/flat\/64.png\" alt=\"Francja Flag\" style=\"width: 22px !important; height: auto; margin-left: 5px;\"><\/td><td data-label=\"nazwa\"><b>Isola 2000<\/b><\/td><td data-label=\"wysokosc\">2024 m<\/td><\/tr><tr class=\"table-details\" style=\"display: none;\"><td colspan=\"5\"><img decoding=\"async\" src=\"\" alt=\"\" style=\"max-width:100px;\"><br><div class=\"info\"><h1>Isola 2000<\/h1><br><strong>Kontynent:<\/strong> <b>Europa<\/b><br><strong>Kraj:<\/strong> <b>Francja<\/b><br><strong>Data zdobycia:<\/strong> <b>21 Aug 2022<\/b><br><strong>Info:<\/strong> <b>Haute Route Alps Stage_1<\/b><br><strong>Strava:<\/strong> <a style=\"color: white !important; font-size: 20px !important;\" href=\"https:\/\/www.strava.com\/activities\/7677399057\"><i class=\"fab fa-strava\"><\/i><\/a><br><\/div><\/td><\/tr><tr class=\"table-row\" data-expanded=\"false\"><td data-label=\"lp\">32<\/td><td data-label=\"kontynent\"><div style=\"display: flex; align-items: center; gap: 10px;\">Europa <img decoding=\"async\" style=\"width: 22px; height: 22px;\" src=\"https:\/\/project01.pixelt.pl\/wp-content\/uploads\/2025\/05\/Europa.png\" alt=\"Europa\" class=\"flag-icon\"><\/td><td data-label=\"kraj\"><div style=\"display: flex; align-items: center;\">Francja<img decoding=\"async\" src=\"https:\/\/flagsapi.com\/FR\/flat\/64.png\" alt=\"Francja Flag\" style=\"width: 22px !important; height: auto; margin-left: 5px;\"><\/td><td data-label=\"nazwa\"><b>Col de Sarenne<\/b><\/td><td data-label=\"wysokosc\">1999 m<\/td><\/tr><tr class=\"table-details\" style=\"display: none;\"><td colspan=\"5\"><img decoding=\"async\" src=\"\" alt=\"\" style=\"max-width:100px;\"><br><div class=\"info\"><h1>Col de Sarenne<\/h1><br><strong>Kontynent:<\/strong> <b>Europa<\/b><br><strong>Kraj:<\/strong> <b>Francja<\/b><br><strong>Data zdobycia:<\/strong> <b>23 Aug 2022<\/b><br><strong>Info:<\/strong> <b>Haute Route Alps Stage_3<\/b><br><strong>Strava:<\/strong> <a style=\"color: white !important; font-size: 20px !important;\" href=\"https:\/\/www.strava.com\/activities\/7687932233\"><i class=\"fab fa-strava\"><\/i><\/a><br><\/div><\/td><\/tr><tr class=\"table-row\" data-expanded=\"false\"><td data-label=\"lp\">33<\/td><td data-label=\"kontynent\"><div style=\"display: flex; align-items: center; gap: 10px;\">Europa <img decoding=\"async\" style=\"width: 22px; height: 22px;\" src=\"https:\/\/project01.pixelt.pl\/wp-content\/uploads\/2025\/05\/Europa.png\" alt=\"Europa\" class=\"flag-icon\"><\/td><td data-label=\"kraj\"><div style=\"display: flex; align-items: center;\">Francja<img decoding=\"async\" src=\"https:\/\/flagsapi.com\/FR\/flat\/64.png\" alt=\"Francja Flag\" style=\"width: 22px !important; height: auto; margin-left: 5px;\"><\/td><td data-label=\"nazwa\"><b>L&#039;Alpe d&#039;Huez<\/b><\/td><td data-label=\"wysokosc\">1996 m<\/td><\/tr><tr class=\"table-details\" style=\"display: none;\"><td colspan=\"5\"><img decoding=\"async\" src=\"\" alt=\"\" style=\"max-width:100px;\"><br><div class=\"info\"><h1>L&#039;Alpe d&#039;Huez<\/h1><br><strong>Kontynent:<\/strong> <b>Europa<\/b><br><strong>Kraj:<\/strong> <b>Francja<\/b><br><strong>Data zdobycia:<\/strong> <b>08 Sep 2022<\/b><br><strong>Info:<\/strong> <b>Cycling in Alpe d&#039;Huez Day_1<\/b><br><strong>Strava:<\/strong> <a style=\"color: white !important; font-size: 20px !important;\" href=\"https:\/\/www.strava.com\/activities\/7776363649\"><i class=\"fab fa-strava\"><\/i><\/a><br><\/div><\/td><\/tr><tr class=\"table-row\" data-expanded=\"false\"><td data-label=\"lp\">34<\/td><td data-label=\"kontynent\"><div style=\"display: flex; align-items: center; gap: 10px;\">Europa <img decoding=\"async\" style=\"width: 22px; height: 22px;\" src=\"https:\/\/project01.pixelt.pl\/wp-content\/uploads\/2025\/05\/Europa.png\" alt=\"Europa\" class=\"flag-icon\"><\/td><td data-label=\"kraj\"><div style=\"display: flex; align-items: center;\">Francja<img decoding=\"async\" src=\"https:\/\/flagsapi.com\/FR\/flat\/64.png\" alt=\"Francja Flag\" style=\"width: 22px !important; height: auto; margin-left: 5px;\"><\/td><td data-label=\"nazwa\"><b>Col de la Madeleine<\/b><\/td><td data-label=\"wysokosc\">1993 m<\/td><\/tr><tr class=\"table-details\" style=\"display: none;\"><td colspan=\"5\"><img decoding=\"async\" src=\"\" alt=\"\" style=\"max-width:100px;\"><br><div class=\"info\"><h1>Col de la Madeleine<\/h1><br><strong>Kontynent:<\/strong> <b>Europa<\/b><br><strong>Kraj:<\/strong> <b>Francja<\/b><br><strong>Data zdobycia:<\/strong> <b>24 Aug 2022<\/b><br><strong>Info:<\/strong> <b>Haute Route Alps Stage_4<\/b><br><strong>Strava:<\/strong> <a style=\"color: white !important; font-size: 20px !important;\" href=\"https:\/\/www.strava.com\/activities\/7694251266\"><i class=\"fab fa-strava\"><\/i><\/a><br><\/div><\/td><\/tr><tr class=\"table-row\" data-expanded=\"false\"><td data-label=\"lp\">35<\/td><td data-label=\"kontynent\"><div style=\"display: flex; align-items: center; gap: 10px;\">Europa <img decoding=\"async\" style=\"width: 22px; height: 22px;\" src=\"https:\/\/project01.pixelt.pl\/wp-content\/uploads\/2025\/05\/Europa.png\" alt=\"Europa\" class=\"flag-icon\"><\/td><td data-label=\"kraj\"><div style=\"display: flex; align-items: center;\">Francja<img decoding=\"async\" src=\"https:\/\/flagsapi.com\/FR\/flat\/64.png\" alt=\"Francja Flag\" style=\"width: 22px !important; height: auto; margin-left: 5px;\"><\/td><td data-label=\"nazwa\"><b>Cormet de Roselend<\/b><\/td><td data-label=\"wysokosc\">1968 m<\/td><\/tr><tr class=\"table-details\" style=\"display: none;\"><td colspan=\"5\"><img decoding=\"async\" src=\"\" alt=\"\" style=\"max-width:100px;\"><br><div class=\"info\"><h1>Cormet de Roselend<\/h1><br><strong>Kontynent:<\/strong> <b>Europa<\/b><br><strong>Kraj:<\/strong> <b>Francja<\/b><br><strong>Data zdobycia:<\/strong> <b>26 Aug 2022<\/b><br><strong>Info:<\/strong> <b>Haute Route Alps Stage_6<\/b><br><strong>Strava:<\/strong> <a style=\"color: white !important; font-size: 20px !important;\" href=\"https:\/\/www.strava.com\/activities\/7704861995\"><i class=\"fab fa-strava\"><\/i><\/a><br><\/div><\/td><\/tr><tr class=\"table-row\" data-expanded=\"false\"><td data-label=\"lp\">36<\/td><td data-label=\"kontynent\"><div style=\"display: flex; align-items: center; gap: 10px;\">Europa <img decoding=\"async\" style=\"width: 22px; height: 22px;\" src=\"https:\/\/project01.pixelt.pl\/wp-content\/uploads\/2025\/05\/Europa.png\" alt=\"Europa\" class=\"flag-icon\"><\/td><td data-label=\"kraj\"><div style=\"display: flex; align-items: center;\">W\u0142ochy<img decoding=\"async\" src=\"https:\/\/flagsapi.com\/IT\/flat\/64.png\" alt=\"W\u0142ochy Flag\" style=\"width: 22px !important; height: auto; margin-left: 5px;\"><\/td><td data-label=\"nazwa\"><b>Torri di Fraele<\/b><\/td><td data-label=\"wysokosc\">1941 m<\/td><\/tr><tr class=\"table-details\" style=\"display: none;\"><td colspan=\"5\"><img decoding=\"async\" src=\"\" alt=\"\" style=\"max-width:100px;\"><br><div class=\"info\"><h1>Torri di Fraele<\/h1><br><strong>Kontynent:<\/strong> <b>Europa<\/b><br><strong>Kraj:<\/strong> <b>W\u0142ochy<\/b><br><strong>Data zdobycia:<\/strong> <b>04 Sep 2021<\/b><br><strong>Info:<\/strong> <b>Haute Route Dolomites Day_5<\/b><br><strong>Strava:<\/strong> <a style=\"color: white !important; font-size: 20px !important;\" href=\"https:\/\/www.strava.com\/activities\/5903504321\"><i class=\"fab fa-strava\"><\/i><\/a><br><\/div><\/td><\/tr><tr class=\"table-row\" data-expanded=\"false\"><td data-label=\"lp\">37<\/td><td data-label=\"kontynent\"><div style=\"display: flex; align-items: center; gap: 10px;\">Europa <img decoding=\"async\" style=\"width: 22px; height: 22px;\" src=\"https:\/\/project01.pixelt.pl\/wp-content\/uploads\/2025\/05\/Europa.png\" alt=\"Europa\" class=\"flag-icon\"><\/td><td data-label=\"kraj\"><div style=\"display: flex; align-items: center;\">Francja<img decoding=\"async\" src=\"https:\/\/flagsapi.com\/FR\/flat\/64.png\" alt=\"Francja Flag\" style=\"width: 22px !important; height: auto; margin-left: 5px;\"><\/td><td data-label=\"nazwa\"><b>Col du Glandon<\/b><\/td><td data-label=\"wysokosc\">1924 m<\/td><\/tr><tr class=\"table-details\" style=\"display: none;\"><td colspan=\"5\"><img decoding=\"async\" src=\"\" alt=\"\" style=\"max-width:100px;\"><br><div class=\"info\"><h1>Col du Glandon<\/h1><br><strong>Kontynent:<\/strong> <b>Europa<\/b><br><strong>Kraj:<\/strong> <b>Francja<\/b><br><strong>Data zdobycia:<\/strong> <b>24 Aug 2022<\/b><br><strong>Info:<\/strong> <b>Haute Route Alps Stage_4<\/b><br><strong>Strava:<\/strong> <a style=\"color: white !important; font-size: 20px !important;\" href=\"https:\/\/www.strava.com\/activities\/7694251266\"><i class=\"fab fa-strava\"><\/i><\/a><br><\/div><\/td><\/tr><tr class=\"table-row\" data-expanded=\"false\"><td data-label=\"lp\">38<\/td><td data-label=\"kontynent\"><div style=\"display: flex; align-items: center; gap: 10px;\">Europa <img decoding=\"async\" style=\"width: 22px; height: 22px;\" src=\"https:\/\/project01.pixelt.pl\/wp-content\/uploads\/2025\/05\/Europa.png\" alt=\"Europa\" class=\"flag-icon\"><\/td><td data-label=\"kraj\"><div style=\"display: flex; align-items: center;\">Francja<img decoding=\"async\" src=\"https:\/\/flagsapi.com\/FR\/flat\/64.png\" alt=\"Francja Flag\" style=\"width: 22px !important; height: auto; margin-left: 5px;\"><\/td><td data-label=\"nazwa\"><b>Mont Ventoux<\/b><\/td><td data-label=\"wysokosc\">1912 m<\/td><\/tr><tr class=\"table-details\" style=\"display: none;\"><td colspan=\"5\"><img decoding=\"async\" src=\"\" alt=\"\" style=\"max-width:100px;\"><br><div class=\"info\"><h1>Mont Ventoux<\/h1><br><strong>Kontynent:<\/strong> <b>Europa<\/b><br><strong>Kraj:<\/strong> <b>Francja<\/b><br><strong>Data zdobycia:<\/strong> <b>07 Oct 2023<\/b><br><strong>Info:<\/strong> <b>Haute Route Ventoux Stage_3 Idividual Time Trial<\/b><br><strong>Strava:<\/strong> <a style=\"color: white !important; font-size: 20px !important;\" href=\"https:\/\/www.strava.com\/activities\/10000906952\"><i class=\"fab fa-strava\"><\/i><\/a><br><\/div><\/td><\/tr><tr class=\"table-row\" data-expanded=\"false\"><td data-label=\"lp\">39<\/td><td data-label=\"kontynent\"><div style=\"display: flex; align-items: center; gap: 10px;\">Europa <img decoding=\"async\" style=\"width: 22px; height: 22px;\" src=\"https:\/\/project01.pixelt.pl\/wp-content\/uploads\/2025\/05\/Europa.png\" alt=\"Europa\" class=\"flag-icon\"><\/td><td data-label=\"kraj\"><div style=\"display: flex; align-items: center;\">W\u0142ochy<img decoding=\"async\" src=\"https:\/\/flagsapi.com\/IT\/flat\/64.png\" alt=\"W\u0142ochy Flag\" style=\"width: 22px !important; height: auto; margin-left: 5px;\"><\/td><td data-label=\"nazwa\"><b>Passo del Tonale<\/b><\/td><td data-label=\"wysokosc\">1883 m<\/td><\/tr><tr class=\"table-details\" style=\"display: none;\"><td colspan=\"5\"><img decoding=\"async\" src=\"\" alt=\"\" style=\"max-width:100px;\"><br><div class=\"info\"><h1>Passo del Tonale<\/h1><br><strong>Kontynent:<\/strong> <b>Europa<\/b><br><strong>Kraj:<\/strong> <b>W\u0142ochy<\/b><br><strong>Data zdobycia:<\/strong> <b>02 Sep 2021<\/b><br><strong>Info:<\/strong> <b>Haute Route Dolomites Day_3<\/b><br><strong>Strava:<\/strong> <a style=\"color: white !important; font-size: 20px !important;\" href=\"https:\/\/www.strava.com\/activities\/5895136827\"><i class=\"fab fa-strava\"><\/i><\/a><br><\/div><\/td><\/tr><tr class=\"table-row\" data-expanded=\"false\"><td data-label=\"lp\">40<\/td><td data-label=\"kontynent\"><div style=\"display: flex; align-items: center; gap: 10px;\">Europa <img decoding=\"async\" style=\"width: 22px; height: 22px;\" src=\"https:\/\/project01.pixelt.pl\/wp-content\/uploads\/2025\/05\/Europa.png\" alt=\"Europa\" class=\"flag-icon\"><\/td><td data-label=\"kraj\"><div style=\"display: flex; align-items: center;\">Francja<img decoding=\"async\" src=\"https:\/\/flagsapi.com\/FR\/flat\/64.png\" alt=\"Francja Flag\" style=\"width: 22px !important; height: auto; margin-left: 5px;\"><\/td><td data-label=\"nazwa\"><b>Val-d&#039;Is\u00e8re<\/b><\/td><td data-label=\"wysokosc\">1827 m<\/td><\/tr><tr class=\"table-details\" style=\"display: none;\"><td colspan=\"5\"><img decoding=\"async\" src=\"\" alt=\"\" style=\"max-width:100px;\"><br><div class=\"info\"><h1>Val-d&#039;Is\u00e8re<\/h1><br><strong>Kontynent:<\/strong> <b>Europa<\/b><br><strong>Kraj:<\/strong> <b>Francja<\/b><br><strong>Data zdobycia:<\/strong> <b>01 Oct 2023<\/b><br><strong>Info:<\/strong> <b>Col de l&#039;Iseran climb from Moutiers<\/b><br><strong>Strava:<\/strong> <a style=\"color: white !important; font-size: 20px !important;\" href=\"https:\/\/www.strava.com\/activities\/9957707260\"><i class=\"fab fa-strava\"><\/i><\/a><br><\/div><\/td><\/tr><tr class=\"table-row\" data-expanded=\"false\"><td data-label=\"lp\">41<\/td><td data-label=\"kontynent\"><div style=\"display: flex; align-items: center; gap: 10px;\">Europa <img decoding=\"async\" style=\"width: 22px; height: 22px;\" src=\"https:\/\/project01.pixelt.pl\/wp-content\/uploads\/2025\/05\/Europa.png\" alt=\"Europa\" class=\"flag-icon\"><\/td><td data-label=\"kraj\"><div style=\"display: flex; align-items: center;\">Szwajcaria<img decoding=\"async\" src=\"https:\/\/flagsapi.com\/CH\/flat\/64.png\" alt=\"Szwajcaria Flag\" style=\"width: 22px !important; height: auto; margin-left: 5px;\"><\/td><td data-label=\"nazwa\"><b>Val de Nendaz<\/b><\/td><td data-label=\"wysokosc\">1824 m<\/td><\/tr><tr class=\"table-details\" style=\"display: none;\"><td colspan=\"5\"><img decoding=\"async\" src=\"\" alt=\"\" style=\"max-width:100px;\"><br><div class=\"info\"><h1>Val de Nendaz<\/h1><br><strong>Kontynent:<\/strong> <b>Europa<\/b><br><strong>Kraj:<\/strong> <b>Szwajcaria<\/b><br><strong>Data zdobycia:<\/strong> <b>07 Aug 2022<\/b><br><strong>Info:<\/strong> <b>Cycling in Sion Day_2<\/b><br><strong>Strava:<\/strong> <a style=\"color: white !important; font-size: 20px !important;\" href=\"https:\/\/www.strava.com\/activities\/7600514855\"><i class=\"fab fa-strava\"><\/i><\/a><br><\/div><\/td><\/tr><tr class=\"table-row\" data-expanded=\"false\"><td data-label=\"lp\">42<\/td><td data-label=\"kontynent\"><div style=\"display: flex; align-items: center; gap: 10px;\">Europa <img decoding=\"async\" style=\"width: 22px; height: 22px;\" src=\"https:\/\/project01.pixelt.pl\/wp-content\/uploads\/2025\/05\/Europa.png\" alt=\"Europa\" class=\"flag-icon\"><\/td><td data-label=\"kraj\"><div style=\"display: flex; align-items: center;\">W\u0142ochy<img decoding=\"async\" src=\"https:\/\/flagsapi.com\/IT\/flat\/64.png\" alt=\"W\u0142ochy Flag\" style=\"width: 22px !important; height: auto; margin-left: 5px;\"><\/td><td data-label=\"nazwa\"><b>Passo Tre Croci<\/b><\/td><td data-label=\"wysokosc\">1805 m<\/td><\/tr><tr class=\"table-details\" style=\"display: none;\"><td colspan=\"5\"><img decoding=\"async\" src=\"\" alt=\"\" style=\"max-width:100px;\"><br><div class=\"info\"><h1>Passo Tre Croci<\/h1><br><strong>Kontynent:<\/strong> <b>Europa<\/b><br><strong>Kraj:<\/strong> <b>W\u0142ochy<\/b><br><strong>Data zdobycia:<\/strong> <b>31 Aug 2021<\/b><br><strong>Info:<\/strong> <b>Haute Route Dolomites Day_1<\/b><br><strong>Strava:<\/strong> <a style=\"color: white !important; font-size: 20px !important;\" href=\"https:\/\/www.strava.com\/activities\/5883165638\"><i class=\"fab fa-strava\"><\/i><\/a><br><\/div><\/td><\/tr><tr class=\"table-row\" data-expanded=\"false\"><td data-label=\"lp\">43<\/td><td data-label=\"kontynent\"><div style=\"display: flex; align-items: center; gap: 10px;\">Europa <img decoding=\"async\" style=\"width: 22px; height: 22px;\" src=\"https:\/\/project01.pixelt.pl\/wp-content\/uploads\/2025\/05\/Europa.png\" alt=\"Europa\" class=\"flag-icon\"><\/td><td data-label=\"kraj\"><div style=\"display: flex; align-items: center;\">Hiszpania\/Francja<img decoding=\"async\" src=\"https:\/\/flagsapi.com\/ES\/flat\/64.png\" alt=\"Hiszpania Flag\" style=\"width: 22px !important; height: auto; margin-left: 5px;\"><img decoding=\"async\" src=\"https:\/\/flagsapi.com\/FR\/flat\/64.png\" alt=\"Francja Flag\" style=\"width: 22px !important; height: auto; margin-left: 5px;\"><\/td><td data-label=\"nazwa\"><b>Col du Pourtalet<\/b><\/td><td data-label=\"wysokosc\">1794 m<\/td><\/tr><tr class=\"table-details\" style=\"display: none;\"><td colspan=\"5\"><img decoding=\"async\" src=\"\" alt=\"\" style=\"max-width:100px;\"><br><div class=\"info\"><h1>Col du Pourtalet<\/h1><br><strong>Kontynent:<\/strong> <b>Europa<\/b><br><strong>Kraj:<\/strong> <b>Hiszpania\/Francja<\/b><br><strong>Data zdobycia:<\/strong> <b>05 Jul 2022<\/b><br><strong>Info:<\/strong> <b>Puerto del Portalet \/ Granica pa\u0144stwa \/ Haute Route Pyrenees 2022 Stage_2<\/b><br><strong>Strava:<\/strong> <a style=\"color: white !important; font-size: 20px !important;\" href=\"https:\/\/www.strava.com\/activities\/7425925881\"><i class=\"fab fa-strava\"><\/i><\/a><br><\/div><\/td><\/tr><tr class=\"table-row\" data-expanded=\"false\"><td data-label=\"lp\">44<\/td><td data-label=\"kontynent\"><div style=\"display: flex; align-items: center; gap: 10px;\">Europa <img decoding=\"async\" style=\"width: 22px; height: 22px;\" src=\"https:\/\/project01.pixelt.pl\/wp-content\/uploads\/2025\/05\/Europa.png\" alt=\"Europa\" class=\"flag-icon\"><\/td><td data-label=\"kraj\"><div style=\"display: flex; align-items: center;\">W\u0142ochy<img decoding=\"async\" src=\"https:\/\/flagsapi.com\/IT\/flat\/64.png\" alt=\"W\u0142ochy Flag\" style=\"width: 22px !important; height: auto; margin-left: 5px;\"><\/td><td data-label=\"nazwa\"><b>Col Sant&#039;Angelo<\/b><\/td><td data-label=\"wysokosc\">1757 m<\/td><\/tr><tr class=\"table-details\" style=\"display: none;\"><td colspan=\"5\"><img decoding=\"async\" src=\"\" alt=\"\" style=\"max-width:100px;\"><br><div class=\"info\"><h1>Col Sant&#039;Angelo<\/h1><br><strong>Kontynent:<\/strong> <b>Europa<\/b><br><strong>Kraj:<\/strong> <b>W\u0142ochy<\/b><br><strong>Data zdobycia:<\/strong> <b>31 Aug 2021<\/b><br><strong>Info:<\/strong> <b>Haute Route Dolomites Day_1<\/b><br><strong>Strava:<\/strong> <a style=\"color: white !important; font-size: 20px !important;\" href=\"https:\/\/www.strava.com\/activities\/5883165638\"><i class=\"fab fa-strava\"><\/i><\/a><br><\/div><\/td><\/tr><tr class=\"table-row\" data-expanded=\"false\"><td data-label=\"lp\">45<\/td><td data-label=\"kontynent\"><div style=\"display: flex; align-items: center; gap: 10px;\">Europa <img decoding=\"async\" style=\"width: 22px; height: 22px;\" src=\"https:\/\/project01.pixelt.pl\/wp-content\/uploads\/2025\/05\/Europa.png\" alt=\"Europa\" class=\"flag-icon\"><\/td><td data-label=\"kraj\"><div style=\"display: flex; align-items: center;\">Szwajcaria<img decoding=\"async\" src=\"https:\/\/flagsapi.com\/CH\/flat\/64.png\" alt=\"Szwajcaria Flag\" style=\"width: 22px !important; height: auto; margin-left: 5px;\"><\/td><td data-label=\"nazwa\"><b>Malbun Obers\u00e4ss<\/b><\/td><td data-label=\"wysokosc\">1743 m<\/td><\/tr><tr class=\"table-details\" style=\"display: none;\"><td colspan=\"5\"><img decoding=\"async\" src=\"\" alt=\"\" style=\"max-width:100px;\"><br><div class=\"info\"><h1>Malbun Obers\u00e4ss<\/h1><br><strong>Kontynent:<\/strong> <b>Europa<\/b><br><strong>Kraj:<\/strong> <b>Szwajcaria<\/b><br><strong>Data zdobycia:<\/strong> <b>31 Jul 2022<\/b><br><strong>Info:<\/strong> <b>Cycling on Swiss-Liechtenstein border Day_2<\/b><br><strong>Strava:<\/strong> <a style=\"color: white !important; font-size: 20px !important;\" href=\"https:\/\/www.strava.com\/activities\/7562663727\"><i class=\"fab fa-strava\"><\/i><\/a><br><\/div><\/td><\/tr><tr class=\"table-row\" data-expanded=\"false\"><td data-label=\"lp\">46<\/td><td data-label=\"kontynent\"><div style=\"display: flex; align-items: center; gap: 10px;\">Europa <img decoding=\"async\" style=\"width: 22px; height: 22px;\" src=\"https:\/\/project01.pixelt.pl\/wp-content\/uploads\/2025\/05\/Europa.png\" alt=\"Europa\" class=\"flag-icon\"><\/td><td data-label=\"kraj\"><div style=\"display: flex; align-items: center;\">Liechtenstein<img decoding=\"async\" src=\"https:\/\/flagsapi.com\/LI\/flat\/64.png\" alt=\"Liechtenstein Flag\" style=\"width: 22px !important; height: auto; margin-left: 5px;\"><\/td><td data-label=\"nazwa\"><b>Malbun<\/b><\/td><td data-label=\"wysokosc\">1705 m<\/td><\/tr><tr class=\"table-details\" style=\"display: none;\"><td colspan=\"5\"><img decoding=\"async\" src=\"\" alt=\"\" style=\"max-width:100px;\"><br><div class=\"info\"><h1>Malbun<\/h1><br><strong>Kontynent:<\/strong> <b>Europa<\/b><br><strong>Kraj:<\/strong> <b>Liechtenstein<\/b><br><strong>Data zdobycia:<\/strong> <b>30 Jul 2022<\/b><br><strong>Info:<\/strong> <b>Cycling on Swiss-Liechtenstein border Day_1<\/b><br><strong>Strava:<\/strong> <a style=\"color: white !important; font-size: 20px !important;\" href=\"https:\/\/www.strava.com\/activities\/7556053089\"><i class=\"fab fa-strava\"><\/i><\/a><br><\/div><\/td><\/tr><tr class=\"table-row\" data-expanded=\"false\"><td data-label=\"lp\">47<\/td><td data-label=\"kontynent\"><div style=\"display: flex; align-items: center; gap: 10px;\">Europa <img decoding=\"async\" style=\"width: 22px; height: 22px;\" src=\"https:\/\/project01.pixelt.pl\/wp-content\/uploads\/2025\/05\/Europa.png\" alt=\"Europa\" class=\"flag-icon\"><\/td><td data-label=\"kraj\"><div style=\"display: flex; align-items: center;\">Francja<img decoding=\"async\" src=\"https:\/\/flagsapi.com\/FR\/flat\/64.png\" alt=\"Francja Flag\" style=\"width: 22px !important; height: auto; margin-left: 5px;\"><\/td><td data-label=\"nazwa\"><b>Col de Joux Plane<\/b><\/td><td data-label=\"wysokosc\">1691 m<\/td><\/tr><tr class=\"table-details\" style=\"display: none;\"><td colspan=\"5\"><img decoding=\"async\" src=\"\" alt=\"\" style=\"max-width:100px;\"><br><div class=\"info\"><h1>Col de Joux Plane<\/h1><br><strong>Kontynent:<\/strong> <b>Europa<\/b><br><strong>Kraj:<\/strong> <b>Francja<\/b><br><strong>Data zdobycia:<\/strong> <b>18 Jun 2023<\/b><br><strong>Info:<\/strong> <b>SGP - Col de Joux Plane - SGP; super hard climb<\/b><br><strong>Strava:<\/strong> <a style=\"color: white !important; font-size: 20px !important;\" href=\"https:\/\/www.strava.com\/activities\/9291070856\"><i class=\"fab fa-strava\"><\/i><\/a><br><\/div><\/td><\/tr><tr class=\"table-row\" data-expanded=\"false\"><td data-label=\"lp\">48<\/td><td data-label=\"kontynent\"><div style=\"display: flex; align-items: center; gap: 10px;\">Europa <img decoding=\"async\" style=\"width: 22px; height: 22px;\" src=\"https:\/\/project01.pixelt.pl\/wp-content\/uploads\/2025\/05\/Europa.png\" alt=\"Europa\" class=\"flag-icon\"><\/td><td data-label=\"kraj\"><div style=\"display: flex; align-items: center;\">Francja<img decoding=\"async\" src=\"https:\/\/flagsapi.com\/FR\/flat\/64.png\" alt=\"Francja Flag\" style=\"width: 22px !important; height: auto; margin-left: 5px;\"><\/td><td data-label=\"nazwa\"><b>Cr\u00eat de Ch\u00e2tillon<\/b><\/td><td data-label=\"wysokosc\">1670 m<\/td><\/tr><tr class=\"table-details\" style=\"display: none;\"><td colspan=\"5\"><img decoding=\"async\" src=\"\" alt=\"\" style=\"max-width:100px;\"><br><div class=\"info\"><h1>Cr\u00eat de Ch\u00e2tillon<\/h1><br><strong>Kontynent:<\/strong> <b>Europa<\/b><br><strong>Kraj:<\/strong> <b>Francja<\/b><br><strong>Data zdobycia:<\/strong> <b>08 Aug 2021<\/b><br><strong>Info:<\/strong> <b>3 cols around Annecy lake<\/b><br><strong>Strava:<\/strong> <a style=\"color: white !important; font-size: 20px !important;\" href=\"https:\/\/www.strava.com\/activities\/5759905229\"><i class=\"fab fa-strava\"><\/i><\/a><br><\/div><\/td><\/tr><tr class=\"table-row\" data-expanded=\"false\"><td data-label=\"lp\">49<\/td><td data-label=\"kontynent\"><div style=\"display: flex; align-items: center; gap: 10px;\">Europa <img decoding=\"async\" style=\"width: 22px; height: 22px;\" src=\"https:\/\/project01.pixelt.pl\/wp-content\/uploads\/2025\/05\/Europa.png\" alt=\"Europa\" class=\"flag-icon\"><\/td><td data-label=\"kraj\"><div style=\"display: flex; align-items: center;\">Szwajcaria<img decoding=\"async\" src=\"https:\/\/flagsapi.com\/CH\/flat\/64.png\" alt=\"Szwajcaria Flag\" style=\"width: 22px !important; height: auto; margin-left: 5px;\"><\/td><td data-label=\"nazwa\"><b>Col du Lein<\/b><\/td><td data-label=\"wysokosc\">1658 m<\/td><\/tr><tr class=\"table-details\" style=\"display: none;\"><td colspan=\"5\"><img decoding=\"async\" src=\"\" alt=\"\" style=\"max-width:100px;\"><br><div class=\"info\"><h1>Col du Lein<\/h1><br><strong>Kontynent:<\/strong> <b>Europa<\/b><br><strong>Kraj:<\/strong> <b>Szwajcaria<\/b><br><strong>Data zdobycia:<\/strong> <b>25 Sep 2021<\/b><br><strong>Info:<\/strong> <b>Gravel Epic Switzerland Day_1; Birthday ride \ud83d\ude42<\/b><br><strong>Strava:<\/strong> <a style=\"color: white !important; font-size: 20px !important;\" href=\"https:\/\/www.strava.com\/activities\/6016493237\"><i class=\"fab fa-strava\"><\/i><\/a><br><\/div><\/td><\/tr><tr class=\"table-row\" data-expanded=\"false\"><td data-label=\"lp\">50<\/td><td data-label=\"kontynent\"><div style=\"display: flex; align-items: center; gap: 10px;\">Europa <img decoding=\"async\" style=\"width: 22px; height: 22px;\" src=\"https:\/\/project01.pixelt.pl\/wp-content\/uploads\/2025\/05\/Europa.png\" alt=\"Europa\" class=\"flag-icon\"><\/td><td data-label=\"kraj\"><div style=\"display: flex; align-items: center;\">Francja<img decoding=\"async\" src=\"https:\/\/flagsapi.com\/FR\/flat\/64.png\" alt=\"Francja Flag\" style=\"width: 22px !important; height: auto; margin-left: 5px;\"><\/td><td data-label=\"nazwa\"><b>Col des Saisies<\/b><\/td><td data-label=\"wysokosc\">1656 m<\/td><\/tr><tr class=\"table-details\" style=\"display: none;\"><td colspan=\"5\"><img decoding=\"async\" src=\"\" alt=\"\" style=\"max-width:100px;\"><br><div class=\"info\"><h1>Col des Saisies<\/h1><br><strong>Kontynent:<\/strong> <b>Europa<\/b><br><strong>Kraj:<\/strong> <b>Francja<\/b><br><strong>Data zdobycia:<\/strong> <b>26 Aug 2022<\/b><br><strong>Info:<\/strong> <b>Haute Route Alps Stage_6<\/b><br><strong>Strava:<\/strong> <a style=\"color: white !important; font-size: 20px !important;\" href=\"https:\/\/www.strava.com\/activities\/7704861995\"><i class=\"fab fa-strava\"><\/i><\/a><br><\/div><\/td><\/tr><tr class=\"table-row\" data-expanded=\"false\"><td data-label=\"lp\">51<\/td><td data-label=\"kontynent\"><div style=\"display: flex; align-items: center; gap: 10px;\">Europa <img decoding=\"async\" style=\"width: 22px; height: 22px;\" src=\"https:\/\/project01.pixelt.pl\/wp-content\/uploads\/2025\/05\/Europa.png\" alt=\"Europa\" class=\"flag-icon\"><\/td><td data-label=\"kraj\"><div style=\"display: flex; align-items: center;\">Francja<img decoding=\"async\" src=\"https:\/\/flagsapi.com\/FR\/flat\/64.png\" alt=\"Francja Flag\" style=\"width: 22px !important; height: auto; margin-left: 5px;\"><\/td><td data-label=\"nazwa\"><b>Les Deux Alpes<\/b><\/td><td data-label=\"wysokosc\">1650 m<\/td><\/tr><tr class=\"table-details\" style=\"display: none;\"><td colspan=\"5\"><img decoding=\"async\" src=\"\" alt=\"\" style=\"max-width:100px;\"><br><div class=\"info\"><h1>Les Deux Alpes<\/h1><br><strong>Kontynent:<\/strong> <b>Europa<\/b><br><strong>Kraj:<\/strong> <b>Francja<\/b><br><strong>Data zdobycia:<\/strong> <b>23 Aug 2022<\/b><br><strong>Info:<\/strong> <b>Haute Route Alps Stage_4<\/b><br><strong>Strava:<\/strong> <a style=\"color: white !important; font-size: 20px !important;\" href=\"https:\/\/www.strava.com\/activities\/7694251266\"><i class=\"fab fa-strava\"><\/i><\/a><br><\/div><\/td><\/tr><tr class=\"table-row\" data-expanded=\"false\"><td data-label=\"lp\">52<\/td><td data-label=\"kontynent\"><div style=\"display: flex; align-items: center; gap: 10px;\">Europa <img decoding=\"async\" style=\"width: 22px; height: 22px;\" src=\"https:\/\/project01.pixelt.pl\/wp-content\/uploads\/2025\/05\/Europa.png\" alt=\"Europa\" class=\"flag-icon\"><\/td><td data-label=\"kraj\"><div style=\"display: flex; align-items: center;\">Francja<img decoding=\"async\" src=\"https:\/\/flagsapi.com\/FR\/flat\/64.png\" alt=\"Francja Flag\" style=\"width: 22px !important; height: auto; margin-left: 5px;\"><\/td><td data-label=\"nazwa\"><b>Auris-Station<\/b><\/td><td data-label=\"wysokosc\">1640 m<\/td><\/tr><tr class=\"table-details\" style=\"display: none;\"><td colspan=\"5\"><img decoding=\"async\" src=\"\" alt=\"\" style=\"max-width:100px;\"><br><div class=\"info\"><h1>Auris-Station<\/h1><br><strong>Kontynent:<\/strong> <b>Europa<\/b><br><strong>Kraj:<\/strong> <b>Francja<\/b><br><strong>Data zdobycia:<\/strong> <b>08 Sep 2022<\/b><br><strong>Info:<\/strong> <b>Cycling in Alpe d&#039;Huez Day_1<\/b><br><strong>Strava:<\/strong> <a style=\"color: white !important; font-size: 20px !important;\" href=\"https:\/\/www.strava.com\/activities\/7776363649\"><i class=\"fab fa-strava\"><\/i><\/a><br><\/div><\/td><\/tr><tr class=\"table-row\" data-expanded=\"false\"><td data-label=\"lp\">53<\/td><td data-label=\"kontynent\"><div style=\"display: flex; align-items: center; gap: 10px;\">Europa <img decoding=\"async\" style=\"width: 22px; height: 22px;\" src=\"https:\/\/project01.pixelt.pl\/wp-content\/uploads\/2025\/05\/Europa.png\" alt=\"Europa\" class=\"flag-icon\"><\/td><td data-label=\"kraj\"><div style=\"display: flex; align-items: center;\">Francja<img decoding=\"async\" src=\"https:\/\/flagsapi.com\/FR\/flat\/64.png\" alt=\"Francja Flag\" style=\"width: 22px !important; height: auto; margin-left: 5px;\"><\/td><td data-label=\"nazwa\"><b>Col du Mollard<\/b><\/td><td data-label=\"wysokosc\">1634 m<\/td><\/tr><tr class=\"table-details\" style=\"display: none;\"><td colspan=\"5\"><img decoding=\"async\" src=\"\" alt=\"\" style=\"max-width:100px;\"><br><div class=\"info\"><h1>Col du Mollard<\/h1><br><strong>Kontynent:<\/strong> <b>Europa<\/b><br><strong>Kraj:<\/strong> <b>Francja<\/b><br><strong>Data zdobycia:<\/strong> <b>25 Jun 2023<\/b><br><strong>Info:<\/strong> <b>Marmotte Granfondo Alpes 2023<\/b><br><strong>Strava:<\/strong> <a style=\"color: white !important; font-size: 20px !important;\" href=\"https:\/\/www.strava.com\/activities\/9334724260\"><i class=\"fab fa-strava\"><\/i><\/a><br><\/div><\/td><\/tr><tr class=\"table-row\" data-expanded=\"false\"><td data-label=\"lp\">54<\/td><td data-label=\"kontynent\"><div style=\"display: flex; align-items: center; gap: 10px;\">Europa <img decoding=\"async\" style=\"width: 22px; height: 22px;\" src=\"https:\/\/project01.pixelt.pl\/wp-content\/uploads\/2025\/05\/Europa.png\" alt=\"Europa\" class=\"flag-icon\"><\/td><td data-label=\"kraj\"><div style=\"display: flex; align-items: center;\">Szwajcaria<img decoding=\"async\" src=\"https:\/\/flagsapi.com\/CH\/flat\/64.png\" alt=\"Szwajcaria Flag\" style=\"width: 22px !important; height: auto; margin-left: 5px;\"><\/td><td data-label=\"nazwa\"><b>Wolfgangpass<\/b><\/td><td data-label=\"wysokosc\">1631 m<\/td><\/tr><tr class=\"table-details\" style=\"display: none;\"><td colspan=\"5\"><img decoding=\"async\" src=\"\" alt=\"\" style=\"max-width:100px;\"><br><div class=\"info\"><h1>Wolfgangpass<\/h1><br><strong>Kontynent:<\/strong> <b>Europa<\/b><br><strong>Kraj:<\/strong> <b>Szwajcaria<\/b><br><strong>Data zdobycia:<\/strong> <b>24 Sep 2022<\/b><br><strong>Info:<\/strong> <b>Haute Route Davos Stage_2<\/b><br><strong>Strava:<\/strong> <a style=\"color: white !important; font-size: 20px !important;\" href=\"https:\/\/www.strava.com\/activities\/7861170257\"><i class=\"fab fa-strava\"><\/i><\/a><br><\/div><\/td><\/tr><tr class=\"table-row\" data-expanded=\"false\"><td data-label=\"lp\">55<\/td><td data-label=\"kontynent\"><div style=\"display: flex; align-items: center; gap: 10px;\">Europa <img decoding=\"async\" style=\"width: 22px; height: 22px;\" src=\"https:\/\/project01.pixelt.pl\/wp-content\/uploads\/2025\/05\/Europa.png\" alt=\"Europa\" class=\"flag-icon\"><\/td><td data-label=\"kraj\"><div style=\"display: flex; align-items: center;\">Francja<img decoding=\"async\" src=\"https:\/\/flagsapi.com\/FR\/flat\/64.png\" alt=\"Francja Flag\" style=\"width: 22px !important; height: auto; margin-left: 5px;\"><\/td><td data-label=\"nazwa\"><b>Col de la Colombi\u00e8re<\/b><\/td><td data-label=\"wysokosc\">1613 m<\/td><\/tr><tr class=\"table-details\" style=\"display: none;\"><td colspan=\"5\"><img decoding=\"async\" src=\"\" alt=\"\" style=\"max-width:100px;\"><br><div class=\"info\"><h1>Col de la Colombi\u00e8re<\/h1><br><strong>Kontynent:<\/strong> <b>Europa<\/b><br><strong>Kraj:<\/strong> <b>Francja<\/b><br><strong>Data zdobycia:<\/strong> <b>15 Aug 2021<\/b><br><strong>Info:<\/strong> <b>4 cols in one go<\/b><br><strong>Strava:<\/strong> <a style=\"color: white !important; font-size: 20px !important;\" href=\"https:\/\/www.strava.com\/activities\/5799293887\"><i class=\"fab fa-strava\"><\/i><\/a><br><\/div><\/td><\/tr><tr class=\"table-row\" data-expanded=\"false\"><td data-label=\"lp\">56<\/td><td data-label=\"kontynent\"><div style=\"display: flex; align-items: center; gap: 10px;\">Europa <img decoding=\"async\" style=\"width: 22px; height: 22px;\" src=\"https:\/\/project01.pixelt.pl\/wp-content\/uploads\/2025\/05\/Europa.png\" alt=\"Europa\" class=\"flag-icon\"><\/td><td data-label=\"kraj\"><div style=\"display: flex; align-items: center;\">Szwajcaria<img decoding=\"async\" src=\"https:\/\/flagsapi.com\/CH\/flat\/64.png\" alt=\"Szwajcaria Flag\" style=\"width: 22px !important; height: auto; margin-left: 5px;\"><\/td><td data-label=\"nazwa\"><b>Valcaus<\/b><\/td><td data-label=\"wysokosc\">1607 m<\/td><\/tr><tr class=\"table-details\" style=\"display: none;\"><td colspan=\"5\"><img decoding=\"async\" src=\"\" alt=\"\" style=\"max-width:100px;\"><br><div class=\"info\"><h1>Valcaus<\/h1><br><strong>Kontynent:<\/strong> <b>Europa<\/b><br><strong>Kraj:<\/strong> <b>Szwajcaria<\/b><br><strong>Data zdobycia:<\/strong> <b>30 Jul 2022<\/b><br><strong>Info:<\/strong> <b>Cycling on Swiss-Liechtenstein border Day_1<\/b><br><strong>Strava:<\/strong> <a style=\"color: white !important; font-size: 20px !important;\" href=\"https:\/\/www.strava.com\/activities\/7556053089\"><i class=\"fab fa-strava\"><\/i><\/a><br><\/div><\/td><\/tr><tr class=\"table-row\" data-expanded=\"false\"><td data-label=\"lp\">57<\/td><td data-label=\"kontynent\"><div style=\"display: flex; align-items: center; gap: 10px;\">Europa <img decoding=\"async\" style=\"width: 22px; height: 22px;\" src=\"https:\/\/project01.pixelt.pl\/wp-content\/uploads\/2025\/05\/Europa.png\" alt=\"Europa\" class=\"flag-icon\"><\/td><td data-label=\"kraj\"><div style=\"display: flex; align-items: center;\">Szwajcaria<img decoding=\"async\" src=\"https:\/\/flagsapi.com\/CH\/flat\/64.png\" alt=\"Szwajcaria Flag\" style=\"width: 22px !important; height: auto; margin-left: 5px;\"><\/td><td data-label=\"nazwa\"><b>Col du Tronc<\/b><\/td><td data-label=\"wysokosc\">1606 m<\/td><\/tr><tr class=\"table-details\" style=\"display: none;\"><td colspan=\"5\"><img decoding=\"async\" src=\"\" alt=\"\" style=\"max-width:100px;\"><br><div class=\"info\"><h1>Col du Tronc<\/h1><br><strong>Kontynent:<\/strong> <b>Europa<\/b><br><strong>Kraj:<\/strong> <b>Szwajcaria<\/b><br><strong>Data zdobycia:<\/strong> <b>25 Sep 2021<\/b><br><strong>Info:<\/strong> <b>Gravel Epic Switzerland Day_1<\/b><br><strong>Strava:<\/strong> <a style=\"color: white !important; font-size: 20px !important;\" href=\"https:\/\/www.strava.com\/activities\/6016493237\"><i class=\"fab fa-strava\"><\/i><\/a><br><\/div><\/td><\/tr><tr class=\"table-row\" data-expanded=\"false\"><td data-label=\"lp\">58<\/td><td data-label=\"kontynent\"><div style=\"display: flex; align-items: center; gap: 10px;\">Europa <img decoding=\"async\" style=\"width: 22px; height: 22px;\" src=\"https:\/\/project01.pixelt.pl\/wp-content\/uploads\/2025\/05\/Europa.png\" alt=\"Europa\" class=\"flag-icon\"><\/td><td data-label=\"kraj\"><div style=\"display: flex; align-items: center;\">Szwajcaria<img decoding=\"async\" src=\"https:\/\/flagsapi.com\/CH\/flat\/64.png\" alt=\"Szwajcaria Flag\" style=\"width: 22px !important; height: auto; margin-left: 5px;\"><\/td><td data-label=\"nazwa\"><b>Ovronnaz<\/b><\/td><td data-label=\"wysokosc\">1596 m<\/td><\/tr><tr class=\"table-details\" style=\"display: none;\"><td colspan=\"5\"><img decoding=\"async\" src=\"\" alt=\"\" style=\"max-width:100px;\"><br><div class=\"info\"><h1>Ovronnaz<\/h1><br><strong>Kontynent:<\/strong> <b>Europa<\/b><br><strong>Kraj:<\/strong> <b>Szwajcaria<\/b><br><strong>Data zdobycia:<\/strong> <b>11 Jun 2021<\/b><br><strong>Info:<\/strong> <b>Haute Route Crans Montana Day_1 Col du Sanetsch<\/b><br><strong>Strava:<\/strong> <a style=\"color: white !important; font-size: 20px !important;\" href=\"https:\/\/www.strava.com\/activities\/5452148321\"><i class=\"fab fa-strava\"><\/i><\/a><br><\/div><\/td><\/tr><tr class=\"table-row\" data-expanded=\"false\"><td data-label=\"lp\">59<\/td><td data-label=\"kontynent\"><div style=\"display: flex; align-items: center; gap: 10px;\">Europa <img decoding=\"async\" style=\"width: 22px; height: 22px;\" src=\"https:\/\/project01.pixelt.pl\/wp-content\/uploads\/2025\/05\/Europa.png\" alt=\"Europa\" class=\"flag-icon\"><\/td><td data-label=\"kraj\"><div style=\"display: flex; align-items: center;\">Francja<img decoding=\"async\" src=\"https:\/\/flagsapi.com\/FR\/flat\/64.png\" alt=\"Francja Flag\" style=\"width: 22px !important; height: auto; margin-left: 5px;\"><\/td><td data-label=\"nazwa\"><b>Col d&#039;Azet<\/b><\/td><td data-label=\"wysokosc\">1580 m<\/td><\/tr><tr class=\"table-details\" style=\"display: none;\"><td colspan=\"5\"><img decoding=\"async\" src=\"\" alt=\"\" style=\"max-width:100px;\"><br><div class=\"info\"><h1>Col d&#039;Azet<\/h1><br><strong>Kontynent:<\/strong> <b>Europa<\/b><br><strong>Kraj:<\/strong> <b>Francja<\/b><br><strong>Data zdobycia:<\/strong> <b>09 Jul 2022<\/b><br><strong>Info:<\/strong> <b>Haute Route Pyrenees 2022 Stage_5<\/b><br><strong>Strava:<\/strong> <a style=\"color: white !important; font-size: 20px !important;\" href=\"https:\/\/www.strava.com\/activities\/7441490707\"><i class=\"fab fa-strava\"><\/i><\/a><br><\/div><\/td><\/tr><tr class=\"table-row\" data-expanded=\"false\"><td data-label=\"lp\">60<\/td><td data-label=\"kontynent\"><div style=\"display: flex; align-items: center; gap: 10px;\">Europa <img decoding=\"async\" style=\"width: 22px; height: 22px;\" src=\"https:\/\/project01.pixelt.pl\/wp-content\/uploads\/2025\/05\/Europa.png\" alt=\"Europa\" class=\"flag-icon\"><\/td><td data-label=\"kraj\"><div style=\"display: flex; align-items: center;\">Francja<img decoding=\"async\" src=\"https:\/\/flagsapi.com\/FR\/flat\/64.png\" alt=\"Francja Flag\" style=\"width: 22px !important; height: auto; margin-left: 5px;\"><\/td><td data-label=\"nazwa\"><b>Col du T\u00e9l\u00e9graphe<\/b><\/td><td data-label=\"wysokosc\">1566 m<\/td><\/tr><tr class=\"table-details\" style=\"display: none;\"><td colspan=\"5\"><img decoding=\"async\" src=\"\" alt=\"\" style=\"max-width:100px;\"><br><div class=\"info\"><h1>Col du T\u00e9l\u00e9graphe<\/h1><br><strong>Kontynent:<\/strong> <b>Europa<\/b><br><strong>Kraj:<\/strong> <b>Francja<\/b><br><strong>Data zdobycia:<\/strong> <b>25 Jun 2023<\/b><br><strong>Info:<\/strong> <b>Marmotte Granfondo Alpes 2023<\/b><br><strong>Strava:<\/strong> <a style=\"color: white !important; font-size: 20px !important;\" href=\"https:\/\/www.strava.com\/activities\/9334724260\"><i class=\"fab fa-strava\"><\/i><\/a><br><\/div><\/td><\/tr><tr class=\"table-row\" data-expanded=\"false\"><td data-label=\"lp\">61<\/td><td data-label=\"kontynent\"><div style=\"display: flex; align-items: center; gap: 10px;\">Europa <img decoding=\"async\" style=\"width: 22px; height: 22px;\" src=\"https:\/\/project01.pixelt.pl\/wp-content\/uploads\/2025\/05\/Europa.png\" alt=\"Europa\" class=\"flag-icon\"><\/td><td data-label=\"kraj\"><div style=\"display: flex; align-items: center;\">Francja<img decoding=\"async\" src=\"https:\/\/flagsapi.com\/FR\/flat\/64.png\" alt=\"Francja Flag\" style=\"width: 22px !important; height: auto; margin-left: 5px;\"><\/td><td data-label=\"nazwa\"><b>Hourquette d&#039;Ancizan<\/b><\/td><td data-label=\"wysokosc\">1564 m<\/td><\/tr><tr class=\"table-details\" style=\"display: none;\"><td colspan=\"5\"><img decoding=\"async\" src=\"\" alt=\"\" style=\"max-width:100px;\"><br><div class=\"info\"><h1>Hourquette d&#039;Ancizan<\/h1><br><strong>Kontynent:<\/strong> <b>Europa<\/b><br><strong>Kraj:<\/strong> <b>Francja<\/b><br><strong>Data zdobycia:<\/strong> <b>08 Jul 2022<\/b><br><strong>Info:<\/strong> <b>Haute Route Pyrenees 2022 Stage_4<\/b><br><strong>Strava:<\/strong> <a style=\"color: white !important; font-size: 20px !important;\" href=\"https:\/\/www.strava.com\/activities\/7436865056\"><i class=\"fab fa-strava\"><\/i><\/a><br><\/div><\/td><\/tr><tr class=\"table-row\" data-expanded=\"false\"><td data-label=\"lp\">62<\/td><td data-label=\"kontynent\"><div style=\"display: flex; align-items: center; gap: 10px;\">Europa <img decoding=\"async\" style=\"width: 22px; height: 22px;\" src=\"https:\/\/project01.pixelt.pl\/wp-content\/uploads\/2025\/05\/Europa.png\" alt=\"Europa\" class=\"flag-icon\"><\/td><td data-label=\"kraj\"><div style=\"display: flex; align-items: center;\">Szwajcaria<img decoding=\"async\" src=\"https:\/\/flagsapi.com\/CH\/flat\/64.png\" alt=\"Szwajcaria Flag\" style=\"width: 22px !important; height: auto; margin-left: 5px;\"><\/td><td data-label=\"nazwa\"><b>Anz\u00e8re<\/b><\/td><td data-label=\"wysokosc\">1540 m<\/td><\/tr><tr class=\"table-details\" style=\"display: none;\"><td colspan=\"5\"><img decoding=\"async\" src=\"\" alt=\"\" style=\"max-width:100px;\"><br><div class=\"info\"><h1>Anz\u00e8re<\/h1><br><strong>Kontynent:<\/strong> <b>Europa<\/b><br><strong>Kraj:<\/strong> <b>Szwajcaria<\/b><br><strong>Data zdobycia:<\/strong> <b>11 Jun 2021<\/b><br><strong>Info:<\/strong> <b>Haute Route Crans Montana Day_1 Col du Sanetsch<\/b><br><strong>Strava:<\/strong> <a style=\"color: white !important; font-size: 20px !important;\" href=\"https:\/\/www.strava.com\/activities\/5452148321\"><i class=\"fab fa-strava\"><\/i><\/a><br><\/div><\/td><\/tr><tr class=\"table-row\" data-expanded=\"false\"><td data-label=\"lp\">63<\/td><td data-label=\"kontynent\"><div style=\"display: flex; align-items: center; gap: 10px;\">Europa <img decoding=\"async\" style=\"width: 22px; height: 22px;\" src=\"https:\/\/project01.pixelt.pl\/wp-content\/uploads\/2025\/05\/Europa.png\" alt=\"Europa\" class=\"flag-icon\"><\/td><td data-label=\"kraj\"><div style=\"display: flex; align-items: center;\">Francja<img decoding=\"async\" src=\"https:\/\/flagsapi.com\/FR\/flat\/64.png\" alt=\"Francja Flag\" style=\"width: 22px !important; height: auto; margin-left: 5px;\"><\/td><td data-label=\"nazwa\"><b>Pas de la Confession<\/b><\/td><td data-label=\"wysokosc\">1538 m<\/td><\/tr><tr class=\"table-details\" style=\"display: none;\"><td colspan=\"5\"><img decoding=\"async\" src=\"\" alt=\"\" style=\"max-width:100px;\"><br><div class=\"info\"><h1>Pas de la Confession<\/h1><br><strong>Kontynent:<\/strong> <b>Europa<\/b><br><strong>Kraj:<\/strong> <b>Francja<\/b><br><strong>Data zdobycia:<\/strong> <b>08 Sep 2022<\/b><br><strong>Info:<\/strong> <b>Cycling in Alpe d&#039;Huez Day_1<\/b><br><strong>Strava:<\/strong> <a style=\"color: white !important; font-size: 20px !important;\" href=\"https:\/\/www.strava.com\/activities\/7776363649\"><i class=\"fab fa-strava\"><\/i><\/a><br><\/div><\/td><\/tr><tr class=\"table-row\" data-expanded=\"false\"><td data-label=\"lp\">64<\/td><td data-label=\"kontynent\"><div style=\"display: flex; align-items: center; gap: 10px;\">Europa <img decoding=\"async\" style=\"width: 22px; height: 22px;\" src=\"https:\/\/project01.pixelt.pl\/wp-content\/uploads\/2025\/05\/Europa.png\" alt=\"Europa\" class=\"flag-icon\"><\/td><td data-label=\"kraj\"><div style=\"display: flex; align-items: center;\">Francja<img decoding=\"async\" src=\"https:\/\/flagsapi.com\/FR\/flat\/64.png\" alt=\"Francja Flag\" style=\"width: 22px !important; height: auto; margin-left: 5px;\"><\/td><td data-label=\"nazwa\"><b>Mont Revard<\/b><\/td><td data-label=\"wysokosc\">1538 m<\/td><\/tr><tr class=\"table-details\" style=\"display: none;\"><td colspan=\"5\"><img decoding=\"async\" src=\"\" alt=\"\" style=\"max-width:100px;\"><br><div class=\"info\"><h1>Mont Revard<\/h1><br><strong>Kontynent:<\/strong> <b>Europa<\/b><br><strong>Kraj:<\/strong> <b>Francja<\/b><br><strong>Data zdobycia:<\/strong> <b>22 Aug 2021<\/b><br><strong>Info:<\/strong> <b>Aix-les-Bains 4 Cols conquered<\/b><br><strong>Strava:<\/strong> <a style=\"color: white !important; font-size: 20px !important;\" href=\"https:\/\/www.strava.com\/activities\/5836841744\"><i class=\"fab fa-strava\"><\/i><\/a><br><\/div><\/td><\/tr><tr class=\"table-row\" data-expanded=\"false\"><td data-label=\"lp\">65<\/td><td data-label=\"kontynent\"><div style=\"display: flex; align-items: center; gap: 10px;\">Europa <img decoding=\"async\" style=\"width: 22px; height: 22px;\" src=\"https:\/\/project01.pixelt.pl\/wp-content\/uploads\/2025\/05\/Europa.png\" alt=\"Europa\" class=\"flag-icon\"><\/td><td data-label=\"kraj\"><div style=\"display: flex; align-items: center;\">Francja<img decoding=\"async\" src=\"https:\/\/flagsapi.com\/FR\/flat\/64.png\" alt=\"Francja Flag\" style=\"width: 22px !important; height: auto; margin-left: 5px;\"><\/td><td data-label=\"nazwa\"><b>Col du Chaussy<\/b><\/td><td data-label=\"wysokosc\">1533 m<\/td><\/tr><tr class=\"table-details\" style=\"display: none;\"><td colspan=\"5\"><img decoding=\"async\" src=\"\" alt=\"\" style=\"max-width:100px;\"><br><div class=\"info\"><h1>Col du Chaussy<\/h1><br><strong>Kontynent:<\/strong> <b>Europa<\/b><br><strong>Kraj:<\/strong> <b>Francja<\/b><br><strong>Data zdobycia:<\/strong> <b>07 Sep 2023<\/b><br><strong>Info:<\/strong> <b>Col du Chaussy climb via Lacets de Montvernier<\/b><br><strong>Strava:<\/strong> <a style=\"color: white !important; font-size: 20px !important;\" href=\"https:\/\/www.strava.com\/activities\/9803938941\"><i class=\"fab fa-strava\"><\/i><\/a><br><\/div><\/td><\/tr><tr class=\"table-row\" data-expanded=\"false\"><td data-label=\"lp\">66<\/td><td data-label=\"kontynent\"><div style=\"display: flex; align-items: center; gap: 10px;\">Europa <img decoding=\"async\" style=\"width: 22px; height: 22px;\" src=\"https:\/\/project01.pixelt.pl\/wp-content\/uploads\/2025\/05\/Europa.png\" alt=\"Europa\" class=\"flag-icon\"><\/td><td data-label=\"kraj\"><div style=\"display: flex; align-items: center;\">W\u0142ochy<img decoding=\"async\" src=\"https:\/\/flagsapi.com\/IT\/flat\/64.png\" alt=\"W\u0142ochy Flag\" style=\"width: 22px !important; height: auto; margin-left: 5px;\"><\/td><td data-label=\"nazwa\"><b>Passo di Cimabanche<\/b><\/td><td data-label=\"wysokosc\">1530 m<\/td><\/tr><tr class=\"table-details\" style=\"display: none;\"><td colspan=\"5\"><img decoding=\"async\" src=\"\" alt=\"\" style=\"max-width:100px;\"><br><div class=\"info\"><h1>Passo di Cimabanche<\/h1><br><strong>Kontynent:<\/strong> <b>Europa<\/b><br><strong>Kraj:<\/strong> <b>W\u0142ochy<\/b><br><strong>Data zdobycia:<\/strong> <b>31 Aug 2021<\/b><br><strong>Info:<\/strong> <b>Haute Route Dolomites Day_1<\/b><br><strong>Strava:<\/strong> <a style=\"color: white !important; font-size: 20px !important;\" href=\"https:\/\/www.strava.com\/activities\/5883165638\"><i class=\"fab fa-strava\"><\/i><\/a><br><\/div><\/td><\/tr><tr class=\"table-row\" data-expanded=\"false\"><td data-label=\"lp\">67<\/td><td data-label=\"kontynent\"><div style=\"display: flex; align-items: center; gap: 10px;\">Europa <img decoding=\"async\" style=\"width: 22px; height: 22px;\" src=\"https:\/\/project01.pixelt.pl\/wp-content\/uploads\/2025\/05\/Europa.png\" alt=\"Europa\" class=\"flag-icon\"><\/td><td data-label=\"kraj\"><div style=\"display: flex; align-items: center;\">Szwajcaria<img decoding=\"async\" src=\"https:\/\/flagsapi.com\/CH\/flat\/64.png\" alt=\"Szwajcaria Flag\" style=\"width: 22px !important; height: auto; margin-left: 5px;\"><\/td><td data-label=\"nazwa\"><b>Mayens-de-Riddes<\/b><\/td><td data-label=\"wysokosc\">1516 m<\/td><\/tr><tr class=\"table-details\" style=\"display: none;\"><td colspan=\"5\"><img decoding=\"async\" src=\"\" alt=\"\" style=\"max-width:100px;\"><br><div class=\"info\"><h1>Mayens-de-Riddes<\/h1><br><strong>Kontynent:<\/strong> <b>Europa<\/b><br><strong>Kraj:<\/strong> <b>Szwajcaria<\/b><br><strong>Data zdobycia:<\/strong> <b>07 Aug 2022<\/b><br><strong>Info:<\/strong> <b>Cycling in Sion Day_2<\/b><br><strong>Strava:<\/strong> <a style=\"color: white !important; font-size: 20px !important;\" href=\"https:\/\/www.strava.com\/activities\/7600514855\"><i class=\"fab fa-strava\"><\/i><\/a><br><\/div><\/td><\/tr><tr class=\"table-row\" data-expanded=\"false\"><td data-label=\"lp\">68<\/td><td data-label=\"kontynent\"><div style=\"display: flex; align-items: center; gap: 10px;\">Europa <img decoding=\"async\" style=\"width: 22px; height: 22px;\" src=\"https:\/\/project01.pixelt.pl\/wp-content\/uploads\/2025\/05\/Europa.png\" alt=\"Europa\" class=\"flag-icon\"><\/td><td data-label=\"kraj\"><div style=\"display: flex; align-items: center;\">Francja<img decoding=\"async\" src=\"https:\/\/flagsapi.com\/FR\/flat\/64.png\" alt=\"Francja Flag\" style=\"width: 22px !important; height: auto; margin-left: 5px;\"><\/td><td data-label=\"nazwa\"><b>Col de Solaison<\/b><\/td><td data-label=\"wysokosc\">1509 m<\/td><\/tr><tr class=\"table-details\" style=\"display: none;\"><td colspan=\"5\"><img decoding=\"async\" src=\"\" alt=\"\" style=\"max-width:100px;\"><br><div class=\"info\"><h1>Col de Solaison<\/h1><br><strong>Kontynent:<\/strong> <b>Europa<\/b><br><strong>Kraj:<\/strong> <b>Francja<\/b><br><strong>Data zdobycia:<\/strong> <b>15 Aug 2021<\/b><br><strong>Info:<\/strong> <b>4 cols in one go<\/b><br><strong>Strava:<\/strong> <a style=\"color: white !important; font-size: 20px !important;\" href=\"https:\/\/www.strava.com\/activities\/5799293887\"><i class=\"fab fa-strava\"><\/i><\/a><br><\/div><\/td><\/tr><tr class=\"table-row\" data-expanded=\"false\"><td data-label=\"lp\">69<\/td><td data-label=\"kontynent\"><div style=\"display: flex; align-items: center; gap: 10px;\">Europa <img decoding=\"async\" style=\"width: 22px; height: 22px;\" src=\"https:\/\/project01.pixelt.pl\/wp-content\/uploads\/2025\/05\/Europa.png\" alt=\"Europa\" class=\"flag-icon\"><\/td><td data-label=\"kraj\"><div style=\"display: flex; align-items: center;\">Francja<img decoding=\"async\" src=\"https:\/\/flagsapi.com\/FR\/flat\/64.png\" alt=\"Francja Flag\" style=\"width: 22px !important; height: auto; margin-left: 5px;\"><\/td><td data-label=\"nazwa\"><b>Col Saint-Martin<\/b><\/td><td data-label=\"wysokosc\">1502 m<\/td><\/tr><tr class=\"table-details\" style=\"display: none;\"><td colspan=\"5\"><img decoding=\"async\" src=\"\" alt=\"\" style=\"max-width:100px;\"><br><div class=\"info\"><h1>Col Saint-Martin<\/h1><br><strong>Kontynent:<\/strong> <b>Europa<\/b><br><strong>Kraj:<\/strong> <b>Francja<\/b><br><strong>Data zdobycia:<\/strong> <b>21 Aug 2022<\/b><br><strong>Info:<\/strong> <b>Haute Route Alps Stage_1<\/b><br><strong>Strava:<\/strong> <a style=\"color: white !important; font-size: 20px !important;\" href=\"https:\/\/www.strava.com\/activities\/7677399057\"><i class=\"fab fa-strava\"><\/i><\/a><br><\/div><\/td><\/tr><tr class=\"table-row\" data-expanded=\"false\"><td data-label=\"lp\">70<\/td><td data-label=\"kontynent\"><div style=\"display: flex; align-items: center; gap: 10px;\">Europa <img decoding=\"async\" style=\"width: 22px; height: 22px;\" src=\"https:\/\/project01.pixelt.pl\/wp-content\/uploads\/2025\/05\/Europa.png\" alt=\"Europa\" class=\"flag-icon\"><\/td><td data-label=\"kraj\"><div style=\"display: flex; align-items: center;\">Francja<img decoding=\"async\" src=\"https:\/\/flagsapi.com\/FR\/flat\/64.png\" alt=\"Francja Flag\" style=\"width: 22px !important; height: auto; margin-left: 5px;\"><\/td><td data-label=\"nazwa\"><b>Col du Grand Colombier<\/b><\/td><td data-label=\"wysokosc\">1498 m<\/td><\/tr><tr class=\"table-details\" style=\"display: none;\"><td colspan=\"5\"><img decoding=\"async\" src=\"\" alt=\"\" style=\"max-width:100px;\"><br><div class=\"info\"><h1>Col du Grand Colombier<\/h1><br><strong>Kontynent:<\/strong> <b>Europa<\/b><br><strong>Kraj:<\/strong> <b>Francja<\/b><br><strong>Data zdobycia:<\/strong> <b>24 Jul 2022<\/b><br><strong>Info:<\/strong> <b>3 hard Cols<\/b><br><strong>Strava:<\/strong> <a style=\"color: white !important; font-size: 20px !important;\" href=\"https:\/\/www.strava.com\/activities\/7524426370\"><i class=\"fab fa-strava\"><\/i><\/a><br><\/div><\/td><\/tr><tr class=\"table-row\" data-expanded=\"false\"><td data-label=\"lp\">71<\/td><td data-label=\"kontynent\"><div style=\"display: flex; align-items: center; gap: 10px;\">Europa <img decoding=\"async\" style=\"width: 22px; height: 22px;\" src=\"https:\/\/project01.pixelt.pl\/wp-content\/uploads\/2025\/05\/Europa.png\" alt=\"Europa\" class=\"flag-icon\"><\/td><td data-label=\"kraj\"><div style=\"display: flex; align-items: center;\">Szwajcaria<img decoding=\"async\" src=\"https:\/\/flagsapi.com\/CH\/flat\/64.png\" alt=\"Szwajcaria Flag\" style=\"width: 22px !important; height: auto; margin-left: 5px;\"><\/td><td data-label=\"nazwa\"><b>Champex<\/b><\/td><td data-label=\"wysokosc\">1497 m<\/td><\/tr><tr class=\"table-details\" style=\"display: none;\"><td colspan=\"5\"><img decoding=\"async\" src=\"\" alt=\"\" style=\"max-width:100px;\"><br><div class=\"info\"><h1>Champex<\/h1><br><strong>Kontynent:<\/strong> <b>Europa<\/b><br><strong>Kraj:<\/strong> <b>Szwajcaria<\/b><br><strong>Data zdobycia:<\/strong> <b>24 Sep 2021<\/b><br><strong>Info:<\/strong> <b>Gravel Epic Switzerland Day_2<\/b><br><strong>Strava:<\/strong> <a style=\"color: white !important; font-size: 20px !important;\" href=\"https:\/\/www.strava.com\/activities\/6021470889\"><i class=\"fab fa-strava\"><\/i><\/a><br><\/div><\/td><\/tr><tr class=\"table-row\" data-expanded=\"false\"><td data-label=\"lp\">72<\/td><td data-label=\"kontynent\"><div style=\"display: flex; align-items: center; gap: 10px;\">Europa <img decoding=\"async\" style=\"width: 22px; height: 22px;\" src=\"https:\/\/project01.pixelt.pl\/wp-content\/uploads\/2025\/05\/Europa.png\" alt=\"Europa\" class=\"flag-icon\"><\/td><td data-label=\"kraj\"><div style=\"display: flex; align-items: center;\">Hiszpania<img decoding=\"async\" src=\"https:\/\/flagsapi.com\/ES\/flat\/64.png\" alt=\"Hiszpania Flag\" style=\"width: 22px !important; height: auto; margin-left: 5px;\"><\/td><td data-label=\"nazwa\"><b>Puerto de Foncebad\u00f3n<\/b><\/td><td data-label=\"wysokosc\">1496 m<\/td><\/tr><tr class=\"table-details\" style=\"display: none;\"><td colspan=\"5\"><img decoding=\"async\" src=\"\" alt=\"\" style=\"max-width:100px;\"><br><div class=\"info\"><h1>Puerto de Foncebad\u00f3n<\/h1><br><strong>Kontynent:<\/strong> <b>Europa<\/b><br><strong>Kraj:<\/strong> <b>Hiszpania<\/b><br><strong>Data zdobycia:<\/strong> <b>21 Nov 2024<\/b><br><strong>Info:<\/strong> <b>W drodze do Santiago \/ Bike Trip Geneva - Santiago Day_27<\/b><br><strong>Strava:<\/strong> <a style=\"color: white !important; font-size: 20px !important;\" href=\"https:\/\/www.strava.com\/activities\/12954629797\"><i class=\"fab fa-strava\"><\/i><\/a><br><\/div><\/td><\/tr><tr class=\"table-row\" data-expanded=\"false\"><td data-label=\"lp\">73<\/td><td data-label=\"kontynent\"><div style=\"display: flex; align-items: center; gap: 10px;\">Europa <img decoding=\"async\" style=\"width: 22px; height: 22px;\" src=\"https:\/\/project01.pixelt.pl\/wp-content\/uploads\/2025\/05\/Europa.png\" alt=\"Europa\" class=\"flag-icon\"><\/td><td data-label=\"kraj\"><div style=\"display: flex; align-items: center;\">Szwajcaria<img decoding=\"async\" src=\"https:\/\/flagsapi.com\/CH\/flat\/64.png\" alt=\"Szwajcaria Flag\" style=\"width: 22px !important; height: auto; margin-left: 5px;\"><\/td><td data-label=\"nazwa\"><b>Crans-Montana<\/b><\/td><td data-label=\"wysokosc\">1495 m<\/td><\/tr><tr class=\"table-details\" style=\"display: none;\"><td colspan=\"5\"><img decoding=\"async\" src=\"\" alt=\"\" style=\"max-width:100px;\"><br><div class=\"info\"><h1>Crans-Montana<\/h1><br><strong>Kontynent:<\/strong> <b>Europa<\/b><br><strong>Kraj:<\/strong> <b>Szwajcaria<\/b><br><strong>Data zdobycia:<\/strong> <b>05 Aug 2023<\/b><br><strong>Info:<\/strong> <b>Tour des Stations EVEREST!<\/b><br><strong>Strava:<\/strong> <a style=\"color: white !important; font-size: 20px !important;\" href=\"https:\/\/www.strava.com\/activities\/9591816454\"><i class=\"fab fa-strava\"><\/i><\/a><br><\/div><\/td><\/tr><tr class=\"table-row\" data-expanded=\"false\"><td data-label=\"lp\">74<\/td><td data-label=\"kontynent\"><div style=\"display: flex; align-items: center; gap: 10px;\">Europa <img decoding=\"async\" style=\"width: 22px; height: 22px;\" src=\"https:\/\/project01.pixelt.pl\/wp-content\/uploads\/2025\/05\/Europa.png\" alt=\"Europa\" class=\"flag-icon\"><\/td><td data-label=\"kraj\"><div style=\"display: flex; align-items: center;\">Francja<img decoding=\"async\" src=\"https:\/\/flagsapi.com\/FR\/flat\/64.png\" alt=\"Francja Flag\" style=\"width: 22px !important; height: auto; margin-left: 5px;\"><\/td><td data-label=\"nazwa\"><b>Col des Aravis<\/b><\/td><td data-label=\"wysokosc\">1486 m<\/td><\/tr><tr class=\"table-details\" style=\"display: none;\"><td colspan=\"5\"><img decoding=\"async\" src=\"\" alt=\"\" style=\"max-width:100px;\"><br><div class=\"info\"><h1>Col des Aravis<\/h1><br><strong>Kontynent:<\/strong> <b>Europa<\/b><br><strong>Kraj:<\/strong> <b>Francja<\/b><br><strong>Data zdobycia:<\/strong> <b>14 Aug 2021<\/b><br><strong>Info:<\/strong> <b>5 cols in a single ride. Epic ride close to Annecy lake. <\/b><br><strong>Strava:<\/strong> <a style=\"color: white !important; font-size: 20px !important;\" href=\"https:\/\/www.strava.com\/activities\/5793482823\"><i class=\"fab fa-strava\"><\/i><\/a><br><\/div><\/td><\/tr><tr class=\"table-row\" data-expanded=\"false\"><td data-label=\"lp\">75<\/td><td data-label=\"kontynent\"><div style=\"display: flex; align-items: center; gap: 10px;\">Europa <img decoding=\"async\" style=\"width: 22px; height: 22px;\" src=\"https:\/\/project01.pixelt.pl\/wp-content\/uploads\/2025\/05\/Europa.png\" alt=\"Europa\" class=\"flag-icon\"><\/td><td data-label=\"kraj\"><div style=\"display: flex; align-items: center;\">Francja<img decoding=\"async\" src=\"https:\/\/flagsapi.com\/FR\/flat\/64.png\" alt=\"Francja Flag\" style=\"width: 22px !important; height: auto; margin-left: 5px;\"><\/td><td data-label=\"nazwa\"><b>Mont du Chat<\/b><\/td><td data-label=\"wysokosc\">1485 m<\/td><\/tr><tr class=\"table-details\" style=\"display: none;\"><td colspan=\"5\"><img decoding=\"async\" src=\"\" alt=\"\" style=\"max-width:100px;\"><br><div class=\"info\"><h1>Mont du Chat<\/h1><br><strong>Kontynent:<\/strong> <b>Europa<\/b><br><strong>Kraj:<\/strong> <b>Francja<\/b><br><strong>Data zdobycia:<\/strong> <b>21 Aug 2021<\/b><br><strong>Info:<\/strong> <b>Aix-les-Bains tour du Lac avec 5 Cols. Epic ride around Aix-les-Bains lake. Beautiful place to ride<\/b><br><strong>Strava:<\/strong> <a style=\"color: white !important; font-size: 20px !important;\" href=\"https:\/\/www.strava.com\/activities\/5830818002\"><i class=\"fab fa-strava\"><\/i><\/a><br><\/div><\/td><\/tr><tr class=\"table-row\" data-expanded=\"false\"><td data-label=\"lp\">76<\/td><td data-label=\"kontynent\"><div style=\"display: flex; align-items: center; gap: 10px;\">Europa <img decoding=\"async\" style=\"width: 22px; height: 22px;\" src=\"https:\/\/project01.pixelt.pl\/wp-content\/uploads\/2025\/05\/Europa.png\" alt=\"Europa\" class=\"flag-icon\"><\/td><td data-label=\"kraj\"><div style=\"display: flex; align-items: center;\">Francja<img decoding=\"async\" src=\"https:\/\/flagsapi.com\/FR\/flat\/64.png\" alt=\"Francja Flag\" style=\"width: 22px !important; height: auto; margin-left: 5px;\"><\/td><td data-label=\"nazwa\"><b>Col du Soulor<\/b><\/td><td data-label=\"wysokosc\">1474 m<\/td><\/tr><tr class=\"table-details\" style=\"display: none;\"><td colspan=\"5\"><img decoding=\"async\" src=\"\" alt=\"\" style=\"max-width:100px;\"><br><div class=\"info\"><h1>Col du Soulor<\/h1><br><strong>Kontynent:<\/strong> <b>Europa<\/b><br><strong>Kraj:<\/strong> <b>Francja<\/b><br><strong>Data zdobycia:<\/strong> <b>07 Jul 2022<\/b><br><strong>Info:<\/strong> <b>Haute Route Pyrenees 2022 Stage_3<\/b><br><strong>Strava:<\/strong> <a style=\"color: white !important; font-size: 20px !important;\" href=\"https:\/\/www.strava.com\/activities\/7431693999\"><i class=\"fab fa-strava\"><\/i><\/a><br><\/div><\/td><\/tr><tr class=\"table-row\" data-expanded=\"false\"><td data-label=\"lp\">77<\/td><td data-label=\"kontynent\"><div style=\"display: flex; align-items: center; gap: 10px;\">Europa <img decoding=\"async\" style=\"width: 22px; height: 22px;\" src=\"https:\/\/project01.pixelt.pl\/wp-content\/uploads\/2025\/05\/Europa.png\" alt=\"Europa\" class=\"flag-icon\"><\/td><td data-label=\"kraj\"><div style=\"display: flex; align-items: center;\">W\u0142ochy<img decoding=\"async\" src=\"https:\/\/flagsapi.com\/IT\/flat\/64.png\" alt=\"W\u0142ochy Flag\" style=\"width: 22px !important; height: auto; margin-left: 5px;\"><\/td><td data-label=\"nazwa\"><b>Colle Santa Lucia<\/b><\/td><td data-label=\"wysokosc\">1471 m<\/td><\/tr><tr class=\"table-details\" style=\"display: none;\"><td colspan=\"5\"><img decoding=\"async\" src=\"\" alt=\"\" style=\"max-width:100px;\"><br><div class=\"info\"><h1>Colle Santa Lucia<\/h1><br><strong>Kontynent:<\/strong> <b>Europa<\/b><br><strong>Kraj:<\/strong> <b>W\u0142ochy<\/b><br><strong>Data zdobycia:<\/strong> <b>31 Aug 2021<\/b><br><strong>Info:<\/strong> <b>Haute Route Dolomites Day_1<\/b><br><strong>Strava:<\/strong> <a style=\"color: white !important; font-size: 20px !important;\" href=\"https:\/\/www.strava.com\/activities\/5883165638\"><i class=\"fab fa-strava\"><\/i><\/a><br><\/div><\/td><\/tr><tr class=\"table-row\" data-expanded=\"false\"><td data-label=\"lp\">78<\/td><td data-label=\"kontynent\"><div style=\"display: flex; align-items: center; gap: 10px;\">Europa <img decoding=\"async\" style=\"width: 22px; height: 22px;\" src=\"https:\/\/project01.pixelt.pl\/wp-content\/uploads\/2025\/05\/Europa.png\" alt=\"Europa\" class=\"flag-icon\"><\/td><td data-label=\"kraj\"><div style=\"display: flex; align-items: center;\">Francja<img decoding=\"async\" src=\"https:\/\/flagsapi.com\/FR\/flat\/64.png\" alt=\"Francja Flag\" style=\"width: 22px !important; height: auto; margin-left: 5px;\"><\/td><td data-label=\"nazwa\"><b>Col de la Croix Fry<\/b><\/td><td data-label=\"wysokosc\">1467 m<\/td><\/tr><tr class=\"table-details\" style=\"display: none;\"><td colspan=\"5\"><img decoding=\"async\" src=\"\" alt=\"\" style=\"max-width:100px;\"><br><div class=\"info\"><h1>Col de la Croix Fry<\/h1><br><strong>Kontynent:<\/strong> <b>Europa<\/b><br><strong>Kraj:<\/strong> <b>Francja<\/b><br><strong>Data zdobycia:<\/strong> <b>14 Aug 2021<\/b><br><strong>Info:<\/strong> <b>5 cols in a single ride<\/b><br><strong>Strava:<\/strong> <a style=\"color: white !important; font-size: 20px !important;\" href=\"https:\/\/www.strava.com\/activities\/5793482823\"><i class=\"fab fa-strava\"><\/i><\/a><br><\/div><\/td><\/tr><tr class=\"table-row\" data-expanded=\"false\"><td data-label=\"lp\">79<\/td><td data-label=\"kontynent\"><div style=\"display: flex; align-items: center; gap: 10px;\">Europa <img decoding=\"async\" style=\"width: 22px; height: 22px;\" src=\"https:\/\/project01.pixelt.pl\/wp-content\/uploads\/2025\/05\/Europa.png\" alt=\"Europa\" class=\"flag-icon\"><\/td><td data-label=\"kraj\"><div style=\"display: flex; align-items: center;\">Szwajcaria<img decoding=\"async\" src=\"https:\/\/flagsapi.com\/CH\/flat\/64.png\" alt=\"Szwajcaria Flag\" style=\"width: 22px !important; height: auto; margin-left: 5px;\"><\/td><td data-label=\"nazwa\"><b>Derborence<\/b><\/td><td data-label=\"wysokosc\">1464 m<\/td><\/tr><tr class=\"table-details\" style=\"display: none;\"><td colspan=\"5\"><img decoding=\"async\" src=\"\" alt=\"\" style=\"max-width:100px;\"><br><div class=\"info\"><h1>Derborence<\/h1><br><strong>Kontynent:<\/strong> <b>Europa<\/b><br><strong>Kraj:<\/strong> <b>Szwajcaria<\/b><br><strong>Data zdobycia:<\/strong> <b>06 Aug 2022<\/b><br><strong>Info:<\/strong> <b>Cycling in Sion Day_1<\/b><br><strong>Strava:<\/strong> <a style=\"color: white !important; font-size: 20px !important;\" href=\"https:\/\/www.strava.com\/activities\/7600522080\"><i class=\"fab fa-strava\"><\/i><\/a><br><\/div><\/td><\/tr><tr class=\"table-row\" data-expanded=\"false\"><td data-label=\"lp\">80<\/td><td data-label=\"kontynent\"><div style=\"display: flex; align-items: center; gap: 10px;\">Europa <img decoding=\"async\" style=\"width: 22px; height: 22px;\" src=\"https:\/\/project01.pixelt.pl\/wp-content\/uploads\/2025\/05\/Europa.png\" alt=\"Europa\" class=\"flag-icon\"><\/td><td data-label=\"kraj\"><div style=\"display: flex; align-items: center;\">Francja<img decoding=\"async\" src=\"https:\/\/flagsapi.com\/FR\/flat\/64.png\" alt=\"Francja Flag\" style=\"width: 22px !important; height: auto; margin-left: 5px;\"><\/td><td data-label=\"nazwa\"><b>Oulles<\/b><\/td><td data-label=\"wysokosc\">1413 m<\/td><\/tr><tr class=\"table-details\" style=\"display: none;\"><td colspan=\"5\"><img decoding=\"async\" src=\"\" alt=\"\" style=\"max-width:100px;\"><br><div class=\"info\"><h1>Oulles<\/h1><br><strong>Kontynent:<\/strong> <b>Europa<\/b><br><strong>Kraj:<\/strong> <b>Francja<\/b><br><strong>Data zdobycia:<\/strong> <b>09 Sep 2022<\/b><br><strong>Info:<\/strong> <b>Cycling in Alpe d&#039;Huez Day_2<\/b><br><strong>Strava:<\/strong> <a style=\"color: white !important; font-size: 20px !important;\" href=\"https:\/\/www.strava.com\/activities\/7793515579\"><i class=\"fab fa-strava\"><\/i><\/a><br><\/div><\/td><\/tr><tr class=\"table-row\" data-expanded=\"false\"><td data-label=\"lp\">81<\/td><td data-label=\"kontynent\"><div style=\"display: flex; align-items: center; gap: 10px;\">Europa <img decoding=\"async\" style=\"width: 22px; height: 22px;\" src=\"https:\/\/project01.pixelt.pl\/wp-content\/uploads\/2025\/05\/Europa.png\" alt=\"Europa\" class=\"flag-icon\"><\/td><td data-label=\"kraj\"><div style=\"display: flex; align-items: center;\">Szwajcaria<img decoding=\"async\" src=\"https:\/\/flagsapi.com\/CH\/flat\/64.png\" alt=\"Szwajcaria Flag\" style=\"width: 22px !important; height: auto; margin-left: 5px;\"><\/td><td data-label=\"nazwa\"><b>Col des Planches<\/b><\/td><td data-label=\"wysokosc\">1411 m<\/td><\/tr><tr class=\"table-details\" style=\"display: none;\"><td colspan=\"5\"><img decoding=\"async\" src=\"\" alt=\"\" style=\"max-width:100px;\"><br><div class=\"info\"><h1>Col des Planches<\/h1><br><strong>Kontynent:<\/strong> <b>Europa<\/b><br><strong>Kraj:<\/strong> <b>Szwajcaria<\/b><br><strong>Data zdobycia:<\/strong> <b>25 Sep 2021<\/b><br><strong>Info:<\/strong> <b>Gravel Epic Switzerland Day_1<\/b><br><strong>Strava:<\/strong> <a style=\"color: white !important; font-size: 20px !important;\" href=\"https:\/\/www.strava.com\/activities\/6016493237\"><i class=\"fab fa-strava\"><\/i><\/a><br><\/div><\/td><\/tr><tr class=\"table-row\" data-expanded=\"false\"><td data-label=\"lp\">82<\/td><td data-label=\"kontynent\"><div style=\"display: flex; align-items: center; gap: 10px;\">Europa <img decoding=\"async\" style=\"width: 22px; height: 22px;\" src=\"https:\/\/project01.pixelt.pl\/wp-content\/uploads\/2025\/05\/Europa.png\" alt=\"Europa\" class=\"flag-icon\"><\/td><td data-label=\"kraj\"><div style=\"display: flex; align-items: center;\">Francja<img decoding=\"async\" src=\"https:\/\/flagsapi.com\/FR\/flat\/64.png\" alt=\"Francja Flag\" style=\"width: 22px !important; height: auto; margin-left: 5px;\"><\/td><td data-label=\"nazwa\"><b>Col d&#039;Ornon<\/b><\/td><td data-label=\"wysokosc\">1371 m<\/td><\/tr><tr class=\"table-details\" style=\"display: none;\"><td colspan=\"5\"><img decoding=\"async\" src=\"\" alt=\"\" style=\"max-width:100px;\"><br><div class=\"info\"><h1>Col d&#039;Ornon<\/h1><br><strong>Kontynent:<\/strong> <b>Europa<\/b><br><strong>Kraj:<\/strong> <b>Francja<\/b><br><strong>Data zdobycia:<\/strong> <b>09 Sep 2022<\/b><br><strong>Info:<\/strong> <b>Cycling in Alpe d&#039;Huez Day_2<\/b><br><strong>Strava:<\/strong> <a style=\"color: white !important; font-size: 20px !important;\" href=\"https:\/\/www.strava.com\/activities\/7793515579\"><i class=\"fab fa-strava\"><\/i><\/a><br><\/div><\/td><\/tr><tr class=\"table-row\" data-expanded=\"false\"><td data-label=\"lp\">83<\/td><td data-label=\"kontynent\"><div style=\"display: flex; align-items: center; gap: 10px;\">Europa <img decoding=\"async\" style=\"width: 22px; height: 22px;\" src=\"https:\/\/project01.pixelt.pl\/wp-content\/uploads\/2025\/05\/Europa.png\" alt=\"Europa\" class=\"flag-icon\"><\/td><td data-label=\"kraj\"><div style=\"display: flex; align-items: center;\">Szwajcaria<img decoding=\"async\" src=\"https:\/\/flagsapi.com\/CH\/flat\/64.png\" alt=\"Szwajcaria Flag\" style=\"width: 22px !important; height: auto; margin-left: 5px;\"><\/td><td data-label=\"nazwa\"><b>Berghaus Malbun<\/b><\/td><td data-label=\"wysokosc\">1369 m<\/td><\/tr><tr class=\"table-details\" style=\"display: none;\"><td colspan=\"5\"><img decoding=\"async\" src=\"\" alt=\"\" style=\"max-width:100px;\"><br><div class=\"info\"><h1>Berghaus Malbun<\/h1><br><strong>Kontynent:<\/strong> <b>Europa<\/b><br><strong>Kraj:<\/strong> <b>Szwajcaria<\/b><br><strong>Data zdobycia:<\/strong> <b>31 Jul 2022<\/b><br><strong>Info:<\/strong> <b>Cycling on Swiss-Liechtenstein border Day_2<\/b><br><strong>Strava:<\/strong> <a style=\"color: white !important; font-size: 20px !important;\" href=\"https:\/\/www.strava.com\/activities\/7562663727\"><i class=\"fab fa-strava\"><\/i><\/a><br><\/div><\/td><\/tr><tr class=\"table-row\" data-expanded=\"false\"><td data-label=\"lp\">84<\/td><td data-label=\"kontynent\"><div style=\"display: flex; align-items: center; gap: 10px;\">Europa <img decoding=\"async\" style=\"width: 22px; height: 22px;\" src=\"https:\/\/project01.pixelt.pl\/wp-content\/uploads\/2025\/05\/Europa.png\" alt=\"Europa\" class=\"flag-icon\"><\/td><td data-label=\"kraj\"><div style=\"display: flex; align-items: center;\">Francja<img decoding=\"async\" src=\"https:\/\/flagsapi.com\/FR\/flat\/64.png\" alt=\"Francja Flag\" style=\"width: 22px !important; height: auto; margin-left: 5px;\"><\/td><td data-label=\"nazwa\"><b>Col d&#039;Aubrac<\/b><\/td><td data-label=\"wysokosc\">1340 m<\/td><\/tr><tr class=\"table-details\" style=\"display: none;\"><td colspan=\"5\"><img decoding=\"async\" src=\"\" alt=\"\" style=\"max-width:100px;\"><br><div class=\"info\"><h1>Col d&#039;Aubrac<\/h1><br><strong>Kontynent:<\/strong> <b>Europa<\/b><br><strong>Kraj:<\/strong> <b>Francja<\/b><br><strong>Data zdobycia:<\/strong> <b>03 Nov 2024<\/b><br><strong>Info:<\/strong> <b>W drodze do Santiago \/ Bike Trip Geneva - Santiago Day_9<\/b><br><strong>Strava:<\/strong> <a style=\"color: white !important; font-size: 20px !important;\" href=\"https:\/\/www.strava.com\/activities\/12815964332\"><i class=\"fab fa-strava\"><\/i><\/a><br><\/div><\/td><\/tr><tr class=\"table-row\" data-expanded=\"false\"><td data-label=\"lp\">85<\/td><td data-label=\"kontynent\"><div style=\"display: flex; align-items: center; gap: 10px;\">Europa <img decoding=\"async\" style=\"width: 22px; height: 22px;\" src=\"https:\/\/project01.pixelt.pl\/wp-content\/uploads\/2025\/05\/Europa.png\" alt=\"Europa\" class=\"flag-icon\"><\/td><td data-label=\"kraj\"><div style=\"display: flex; align-items: center;\">Francja<img decoding=\"async\" src=\"https:\/\/flagsapi.com\/FR\/flat\/64.png\" alt=\"Francja Flag\" style=\"width: 22px !important; height: auto; margin-left: 5px;\"><\/td><td data-label=\"nazwa\"><b>Route de la Roche<\/b><\/td><td data-label=\"wysokosc\">1338 m<\/td><\/tr><tr class=\"table-details\" style=\"display: none;\"><td colspan=\"5\"><img decoding=\"async\" src=\"\" alt=\"\" style=\"max-width:100px;\"><br><div class=\"info\"><h1>Route de la Roche<\/h1><br><strong>Kontynent:<\/strong> <b>Europa<\/b><br><strong>Kraj:<\/strong> <b>Francja<\/b><br><strong>Data zdobycia:<\/strong> <b>08 Sep 2022<\/b><br><strong>Info:<\/strong> <b>Cycling in Alpe d&#039;Huez Day_1<\/b><br><strong>Strava:<\/strong> <a style=\"color: white !important; font-size: 20px !important;\" href=\"https:\/\/www.strava.com\/activities\/7776363649\"><i class=\"fab fa-strava\"><\/i><\/a><br><\/div><\/td><\/tr><tr class=\"table-row\" data-expanded=\"false\"><td data-label=\"lp\">86<\/td><td data-label=\"kontynent\"><div style=\"display: flex; align-items: center; gap: 10px;\">Europa <img decoding=\"async\" style=\"width: 22px; height: 22px;\" src=\"https:\/\/project01.pixelt.pl\/wp-content\/uploads\/2025\/05\/Europa.png\" alt=\"Europa\" class=\"flag-icon\"><\/td><td data-label=\"kraj\"><div style=\"display: flex; align-items: center;\">Francja<img decoding=\"async\" src=\"https:\/\/flagsapi.com\/FR\/flat\/64.png\" alt=\"Francja Flag\" style=\"width: 22px !important; height: auto; margin-left: 5px;\"><\/td><td data-label=\"nazwa\"><b>Col des Pitons<\/b><\/td><td data-label=\"wysokosc\">1338 m<\/td><\/tr><tr class=\"table-details\" style=\"display: none;\"><td colspan=\"5\"><img decoding=\"async\" src=\"\" alt=\"\" style=\"max-width:100px;\"><br><div class=\"info\"><h1>Col des Pitons<\/h1><br><strong>Kontynent:<\/strong> <b>Europa<\/b><br><strong>Kraj:<\/strong> <b>Francja<\/b><br><strong>Data zdobycia:<\/strong> <b>29 Jul 2018<\/b><br><strong>Info:<\/strong> <b>Saleve long climb<\/b><br><strong>Strava:<\/strong> <a style=\"color: white !important; font-size: 20px !important;\" href=\"https:\/\/www.strava.com\/activities\/5605794371\"><i class=\"fab fa-strava\"><\/i><\/a><br><\/div><\/td><\/tr><tr class=\"table-row\" data-expanded=\"false\"><td data-label=\"lp\">87<\/td><td data-label=\"kontynent\"><div style=\"display: flex; align-items: center; gap: 10px;\">Europa <img decoding=\"async\" style=\"width: 22px; height: 22px;\" src=\"https:\/\/project01.pixelt.pl\/wp-content\/uploads\/2025\/05\/Europa.png\" alt=\"Europa\" class=\"flag-icon\"><\/td><td data-label=\"kraj\"><div style=\"display: flex; align-items: center;\">Hiszpania<img decoding=\"async\" src=\"https:\/\/flagsapi.com\/ES\/flat\/64.png\" alt=\"Hiszpania Flag\" style=\"width: 22px !important; height: auto; margin-left: 5px;\"><\/td><td data-label=\"nazwa\"><b>Alto do Poio<\/b><\/td><td data-label=\"wysokosc\">1336 m<\/td><\/tr><tr class=\"table-details\" style=\"display: none;\"><td colspan=\"5\"><img decoding=\"async\" src=\"\" alt=\"\" style=\"max-width:100px;\"><br><div class=\"info\"><h1>Alto do Poio<\/h1><br><strong>Kontynent:<\/strong> <b>Europa<\/b><br><strong>Kraj:<\/strong> <b>Hiszpania<\/b><br><strong>Data zdobycia:<\/strong> <b>23 Nov 2024<\/b><br><strong>Info:<\/strong> <b>W drodze do Santiago \/ Bike Trip Geneva - Santiago Day_29<\/b><br><strong>Strava:<\/strong> <a style=\"color: white !important; font-size: 20px !important;\" href=\"https:\/\/www.strava.com\/activities\/12966183721\"><i class=\"fab fa-strava\"><\/i><\/a><br><\/div><\/td><\/tr><tr class=\"table-row\" data-expanded=\"false\"><td data-label=\"lp\">88<\/td><td data-label=\"kontynent\"><div style=\"display: flex; align-items: center; gap: 10px;\">Europa <img decoding=\"async\" style=\"width: 22px; height: 22px;\" src=\"https:\/\/project01.pixelt.pl\/wp-content\/uploads\/2025\/05\/Europa.png\" alt=\"Europa\" class=\"flag-icon\"><\/td><td data-label=\"kraj\"><div style=\"display: flex; align-items: center;\">Szwajcaria<img decoding=\"async\" src=\"https:\/\/flagsapi.com\/CH\/flat\/64.png\" alt=\"Szwajcaria Flag\" style=\"width: 22px !important; height: auto; margin-left: 5px;\"><\/td><td data-label=\"nazwa\"><b>Haute-Nendaz<\/b><\/td><td data-label=\"wysokosc\">1329 m<\/td><\/tr><tr class=\"table-details\" style=\"display: none;\"><td colspan=\"5\"><img decoding=\"async\" src=\"\" alt=\"\" style=\"max-width:100px;\"><br><div class=\"info\"><h1>Haute-Nendaz<\/h1><br><strong>Kontynent:<\/strong> <b>Europa<\/b><br><strong>Kraj:<\/strong> <b>Szwajcaria<\/b><br><strong>Data zdobycia:<\/strong> <b>07 Aug 2022<\/b><br><strong>Info:<\/strong> <b>Cycling in Sion Day_2<\/b><br><strong>Strava:<\/strong> <a style=\"color: white !important; font-size: 20px !important;\" href=\"https:\/\/www.strava.com\/activities\/7600514855\"><i class=\"fab fa-strava\"><\/i><\/a><br><\/div><\/td><\/tr><tr class=\"table-row\" data-expanded=\"false\"><td data-label=\"lp\">89<\/td><td data-label=\"kontynent\"><div style=\"display: flex; align-items: center; gap: 10px;\">Europa <img decoding=\"async\" style=\"width: 22px; height: 22px;\" src=\"https:\/\/project01.pixelt.pl\/wp-content\/uploads\/2025\/05\/Europa.png\" alt=\"Europa\" class=\"flag-icon\"><\/td><td data-label=\"kraj\"><div style=\"display: flex; align-items: center;\">Francja<img decoding=\"async\" src=\"https:\/\/flagsapi.com\/FR\/flat\/64.png\" alt=\"Francja Flag\" style=\"width: 22px !important; height: auto; margin-left: 5px;\"><\/td><td data-label=\"nazwa\"><b>Col Bagargui<\/b><\/td><td data-label=\"wysokosc\">1327 m<\/td><\/tr><tr class=\"table-details\" style=\"display: none;\"><td colspan=\"5\"><img decoding=\"async\" src=\"\" alt=\"\" style=\"max-width:100px;\"><br><div class=\"info\"><h1>Col Bagargui<\/h1><br><strong>Kontynent:<\/strong> <b>Europa<\/b><br><strong>Kraj:<\/strong> <b>Francja<\/b><br><strong>Data zdobycia:<\/strong> <b>05 Jul 2022<\/b><br><strong>Info:<\/strong> <b>Haute Route Pyrenees 2022 Stage_1<\/b><br><strong>Strava:<\/strong> <a style=\"color: white !important; font-size: 20px !important;\" href=\"https:\/\/www.strava.com\/activities\/7421213333\"><i class=\"fab fa-strava\"><\/i><\/a><br><\/div><\/td><\/tr><tr class=\"table-row\" data-expanded=\"false\"><td data-label=\"lp\">90<\/td><td data-label=\"kontynent\"><div style=\"display: flex; align-items: center; gap: 10px;\">Europa <img decoding=\"async\" style=\"width: 22px; height: 22px;\" src=\"https:\/\/project01.pixelt.pl\/wp-content\/uploads\/2025\/05\/Europa.png\" alt=\"Europa\" class=\"flag-icon\"><\/td><td data-label=\"kraj\"><div style=\"display: flex; align-items: center;\">Francja<img decoding=\"async\" src=\"https:\/\/flagsapi.com\/FR\/flat\/64.png\" alt=\"Francja Flag\" style=\"width: 22px !important; height: auto; margin-left: 5px;\"><\/td><td data-label=\"nazwa\"><b>Col de la Faucille<\/b><\/td><td data-label=\"wysokosc\">1323 m<\/td><\/tr><tr class=\"table-details\" style=\"display: none;\"><td colspan=\"5\"><img decoding=\"async\" src=\"\" alt=\"\" style=\"max-width:100px;\"><br><div class=\"info\"><h1>Col de la Faucille<\/h1><br><strong>Kontynent:<\/strong> <b>Europa<\/b><br><strong>Kraj:<\/strong> <b>Francja<\/b><br><strong>Data zdobycia:<\/strong> <b>26 Mar 2016<\/b><br><strong>Info:<\/strong> <b>First ever climb up to the Col de la Faucille in French Jura! There was snow and people skiing.<\/b><br><strong>Strava:<\/strong> <a style=\"color: white !important; font-size: 20px !important;\" href=\"https:\/\/www.strava.com\/activities\/11361164766\"><i class=\"fab fa-strava\"><\/i><\/a><br><\/div><\/td><\/tr><tr class=\"table-row\" data-expanded=\"false\"><td data-label=\"lp\">91<\/td><td data-label=\"kontynent\"><div style=\"display: flex; align-items: center; gap: 10px;\">Europa <img decoding=\"async\" style=\"width: 22px; height: 22px;\" src=\"https:\/\/project01.pixelt.pl\/wp-content\/uploads\/2025\/05\/Europa.png\" alt=\"Europa\" class=\"flag-icon\"><\/td><td data-label=\"kraj\"><div style=\"display: flex; align-items: center;\">Francja<img decoding=\"async\" src=\"https:\/\/flagsapi.com\/FR\/flat\/64.png\" alt=\"Francja Flag\" style=\"width: 22px !important; height: auto; margin-left: 5px;\"><\/td><td data-label=\"nazwa\"><b>La Crois\u00e9e<\/b><\/td><td data-label=\"wysokosc\">1323 m<\/td><\/tr><tr class=\"table-details\" style=\"display: none;\"><td colspan=\"5\"><img decoding=\"async\" src=\"\" alt=\"\" style=\"max-width:100px;\"><br><div class=\"info\"><h1>La Crois\u00e9e<\/h1><br><strong>Kontynent:<\/strong> <b>Europa<\/b><br><strong>Kraj:<\/strong> <b>Francja<\/b><br><strong>Data zdobycia:<\/strong> <b>22 Aug 2021<\/b><br><strong>Info:<\/strong> <b>Aix-les-Bains 4 Cols conquered \/ Final training weekend before Haute Route Dolomites!<\/b><br><strong>Strava:<\/strong> <a style=\"color: white !important; font-size: 20px !important;\" href=\"https:\/\/www.strava.com\/activities\/5836841744\"><i class=\"fab fa-strava\"><\/i><\/a><br><\/div><\/td><\/tr><tr class=\"table-row\" data-expanded=\"false\"><td data-label=\"lp\">92<\/td><td data-label=\"kontynent\"><div style=\"display: flex; align-items: center; gap: 10px;\">Europa <img decoding=\"async\" style=\"width: 22px; height: 22px;\" src=\"https:\/\/project01.pixelt.pl\/wp-content\/uploads\/2025\/05\/Europa.png\" alt=\"Europa\" class=\"flag-icon\"><\/td><td data-label=\"kraj\"><div style=\"display: flex; align-items: center;\">Szwajcaria<img decoding=\"async\" src=\"https:\/\/flagsapi.com\/CH\/flat\/64.png\" alt=\"Szwajcaria Flag\" style=\"width: 22px !important; height: auto; margin-left: 5px;\"><\/td><td data-label=\"nazwa\"><b>Mayens-de-la-Zour<\/b><\/td><td data-label=\"wysokosc\">1316 m<\/td><\/tr><tr class=\"table-details\" style=\"display: none;\"><td colspan=\"5\"><img decoding=\"async\" src=\"\" alt=\"\" style=\"max-width:100px;\"><br><div class=\"info\"><h1>Mayens-de-la-Zour<\/h1><br><strong>Kontynent:<\/strong> <b>Europa<\/b><br><strong>Kraj:<\/strong> <b>Szwajcaria<\/b><br><strong>Data zdobycia:<\/strong> <b>06 Aug 2022<\/b><br><strong>Info:<\/strong> <b>Cycling in Sion Day_1<\/b><br><strong>Strava:<\/strong> <a style=\"color: white !important; font-size: 20px !important;\" href=\"https:\/\/www.strava.com\/activities\/7600522080\"><i class=\"fab fa-strava\"><\/i><\/a><br><\/div><\/td><\/tr><tr class=\"table-row\" data-expanded=\"false\"><td data-label=\"lp\">93<\/td><td data-label=\"kontynent\"><div style=\"display: flex; align-items: center; gap: 10px;\">Europa <img decoding=\"async\" style=\"width: 22px; height: 22px;\" src=\"https:\/\/project01.pixelt.pl\/wp-content\/uploads\/2025\/05\/Europa.png\" alt=\"Europa\" class=\"flag-icon\"><\/td><td data-label=\"kraj\"><div style=\"display: flex; align-items: center;\">Szwajcaria<img decoding=\"async\" src=\"https:\/\/flagsapi.com\/CH\/flat\/64.png\" alt=\"Szwajcaria Flag\" style=\"width: 22px !important; height: auto; margin-left: 5px;\"><\/td><td data-label=\"nazwa\"><b>Vercorin<\/b><\/td><td data-label=\"wysokosc\">1312 m<\/td><\/tr><tr class=\"table-details\" style=\"display: none;\"><td colspan=\"5\"><img decoding=\"async\" src=\"\" alt=\"\" style=\"max-width:100px;\"><br><div class=\"info\"><h1>Vercorin<\/h1><br><strong>Kontynent:<\/strong> <b>Europa<\/b><br><strong>Kraj:<\/strong> <b>Szwajcaria<\/b><br><strong>Data zdobycia:<\/strong> <b>05 Aug 2023<\/b><br><strong>Info:<\/strong> <b>Tour des Stations EVEREST!<\/b><br><strong>Strava:<\/strong> <a style=\"color: white !important; font-size: 20px !important;\" href=\"https:\/\/www.strava.com\/activities\/9591816454\"><i class=\"fab fa-strava\"><\/i><\/a><br><\/div><\/td><\/tr><tr class=\"table-row\" data-expanded=\"false\"><td data-label=\"lp\">94<\/td><td data-label=\"kontynent\"><div style=\"display: flex; align-items: center; gap: 10px;\">Europa <img decoding=\"async\" style=\"width: 22px; height: 22px;\" src=\"https:\/\/project01.pixelt.pl\/wp-content\/uploads\/2025\/05\/Europa.png\" alt=\"Europa\" class=\"flag-icon\"><\/td><td data-label=\"kraj\"><div style=\"display: flex; align-items: center;\">Francja<img decoding=\"async\" src=\"https:\/\/flagsapi.com\/FR\/flat\/64.png\" alt=\"Francja Flag\" style=\"width: 22px !important; height: auto; margin-left: 5px;\"><\/td><td data-label=\"nazwa\"><b>Col du Tra<\/b><\/td><td data-label=\"wysokosc\">1311 m<\/td><\/tr><tr class=\"table-details\" style=\"display: none;\"><td colspan=\"5\"><img decoding=\"async\" src=\"\" alt=\"\" style=\"max-width:100px;\"><br><div class=\"info\"><h1>Col du Tra<\/h1><br><strong>Kontynent:<\/strong> <b>Europa<\/b><br><strong>Kraj:<\/strong> <b>Francja<\/b><br><strong>Data zdobycia:<\/strong> <b>26 Aug 2022<\/b><br><strong>Info:<\/strong> <b>Haute Route Alps Stage_6<\/b><br><strong>Strava:<\/strong> <a style=\"color: white !important; font-size: 20px !important;\" href=\"https:\/\/www.strava.com\/activities\/7704861995\"><i class=\"fab fa-strava\"><\/i><\/a><br><\/div><\/td><\/tr><tr class=\"table-row\" data-expanded=\"false\"><td data-label=\"lp\">95<\/td><td data-label=\"kontynent\"><div style=\"display: flex; align-items: center; gap: 10px;\">Europa <img decoding=\"async\" style=\"width: 22px; height: 22px;\" src=\"https:\/\/project01.pixelt.pl\/wp-content\/uploads\/2025\/05\/Europa.png\" alt=\"Europa\" class=\"flag-icon\"><\/td><td data-label=\"kraj\"><div style=\"display: flex; align-items: center;\">Francja<img decoding=\"async\" src=\"https:\/\/flagsapi.com\/FR\/flat\/64.png\" alt=\"Francja Flag\" style=\"width: 22px !important; height: auto; margin-left: 5px;\"><\/td><td data-label=\"nazwa\"><b>Col de la Biche<\/b><\/td><td data-label=\"wysokosc\">1310 m<\/td><\/tr><tr class=\"table-details\" style=\"display: none;\"><td colspan=\"5\"><img decoding=\"async\" src=\"\" alt=\"\" style=\"max-width:100px;\"><br><div class=\"info\"><h1>Col de la Biche<\/h1><br><strong>Kontynent:<\/strong> <b>Europa<\/b><br><strong>Kraj:<\/strong> <b>Francja<\/b><br><strong>Data zdobycia:<\/strong> <b>24 Jul 2022<\/b><br><strong>Info:<\/strong> <b>3 hard Cols<\/b><br><strong>Strava:<\/strong> <a style=\"color: white !important; font-size: 20px !important;\" href=\"https:\/\/www.strava.com\/activities\/7524426370\"><i class=\"fab fa-strava\"><\/i><\/a><br><\/div><\/td><\/tr><tr class=\"table-row\" data-expanded=\"false\"><td data-label=\"lp\">96<\/td><td data-label=\"kontynent\"><div style=\"display: flex; align-items: center; gap: 10px;\">Europa <img decoding=\"async\" style=\"width: 22px; height: 22px;\" src=\"https:\/\/project01.pixelt.pl\/wp-content\/uploads\/2025\/05\/Europa.png\" alt=\"Europa\" class=\"flag-icon\"><\/td><td data-label=\"kraj\"><div style=\"display: flex; align-items: center;\">Hiszpania<img decoding=\"async\" src=\"https:\/\/flagsapi.com\/ES\/flat\/64.png\" alt=\"Hiszpania Flag\" style=\"width: 22px !important; height: auto; margin-left: 5px;\"><\/td><td data-label=\"nazwa\"><b>Alto do Cebreiro<\/b><\/td><td data-label=\"wysokosc\">1306 m<\/td><\/tr><tr class=\"table-details\" style=\"display: none;\"><td colspan=\"5\"><img decoding=\"async\" src=\"\" alt=\"\" style=\"max-width:100px;\"><br><div class=\"info\"><h1>Alto do Cebreiro<\/h1><br><strong>Kontynent:<\/strong> <b>Europa<\/b><br><strong>Kraj:<\/strong> <b>Hiszpania<\/b><br><strong>Data zdobycia:<\/strong> <b>23 Nov 2024<\/b><br><strong>Info:<\/strong> <b>W drodze do Santiago \/ Bike Trip Geneva - Santiago Day_29<\/b><br><strong>Strava:<\/strong> <a style=\"color: white !important; font-size: 20px !important;\" href=\"https:\/\/www.strava.com\/activities\/12966183721\"><i class=\"fab fa-strava\"><\/i><\/a><br><\/div><\/td><\/tr><tr class=\"table-row\" data-expanded=\"false\"><td data-label=\"lp\">97<\/td><td data-label=\"kontynent\"><div style=\"display: flex; align-items: center; gap: 10px;\">Europa <img decoding=\"async\" style=\"width: 22px; height: 22px;\" src=\"https:\/\/project01.pixelt.pl\/wp-content\/uploads\/2025\/05\/Europa.png\" alt=\"Europa\" class=\"flag-icon\"><\/td><td data-label=\"kraj\"><div style=\"display: flex; align-items: center;\">Francja<img decoding=\"async\" src=\"https:\/\/flagsapi.com\/FR\/flat\/64.png\" alt=\"Francja Flag\" style=\"width: 22px !important; height: auto; margin-left: 5px;\"><\/td><td data-label=\"nazwa\"><b>Col de Plan Bois<\/b><\/td><td data-label=\"wysokosc\">1299 m<\/td><\/tr><tr class=\"table-details\" style=\"display: none;\"><td colspan=\"5\"><img decoding=\"async\" src=\"\" alt=\"\" style=\"max-width:100px;\"><br><div class=\"info\"><h1>Col de Plan Bois<\/h1><br><strong>Kontynent:<\/strong> <b>Europa<\/b><br><strong>Kraj:<\/strong> <b>Francja<\/b><br><strong>Data zdobycia:<\/strong> <b>14 Aug 2021<\/b><br><strong>Info:<\/strong> <b>5 cols in a single ride<\/b><br><strong>Strava:<\/strong> <a style=\"color: white !important; font-size: 20px !important;\" href=\"https:\/\/www.strava.com\/activities\/5793482823\"><i class=\"fab fa-strava\"><\/i><\/a><br><\/div><\/td><\/tr><tr class=\"table-row\" data-expanded=\"false\"><td data-label=\"lp\">98<\/td><td data-label=\"kontynent\"><div style=\"display: flex; align-items: center; gap: 10px;\">Europa <img decoding=\"async\" style=\"width: 22px; height: 22px;\" src=\"https:\/\/project01.pixelt.pl\/wp-content\/uploads\/2025\/05\/Europa.png\" alt=\"Europa\" class=\"flag-icon\"><\/td><td data-label=\"kraj\"><div style=\"display: flex; align-items: center;\">Francja<img decoding=\"async\" src=\"https:\/\/flagsapi.com\/FR\/flat\/64.png\" alt=\"Francja Flag\" style=\"width: 22px !important; height: auto; margin-left: 5px;\"><\/td><td data-label=\"nazwa\"><b>Romme<\/b><\/td><td data-label=\"wysokosc\">1297 m<\/td><\/tr><tr class=\"table-details\" style=\"display: none;\"><td colspan=\"5\"><img decoding=\"async\" src=\"\" alt=\"\" style=\"max-width:100px;\"><br><div class=\"info\"><h1>Romme<\/h1><br><strong>Kontynent:<\/strong> <b>Europa<\/b><br><strong>Kraj:<\/strong> <b>Francja<\/b><br><strong>Data zdobycia:<\/strong> <b>15 Aug 2021<\/b><br><strong>Info:<\/strong> <b>4 cols in one go<\/b><br><strong>Strava:<\/strong> <a style=\"color: white !important; font-size: 20px !important;\" href=\"https:\/\/www.strava.com\/activities\/5799293887\"><i class=\"fab fa-strava\"><\/i><\/a><br><\/div><\/td><\/tr><tr class=\"table-row\" data-expanded=\"false\"><td data-label=\"lp\">99<\/td><td data-label=\"kontynent\"><div style=\"display: flex; align-items: center; gap: 10px;\">Europa <img decoding=\"async\" style=\"width: 22px; height: 22px;\" src=\"https:\/\/project01.pixelt.pl\/wp-content\/uploads\/2025\/05\/Europa.png\" alt=\"Europa\" class=\"flag-icon\"><\/td><td data-label=\"kraj\"><div style=\"display: flex; align-items: center;\">Szwajcaria<img decoding=\"async\" src=\"https:\/\/flagsapi.com\/CH\/flat\/64.png\" alt=\"Szwajcaria Flag\" style=\"width: 22px !important; height: auto; margin-left: 5px;\"><\/td><td data-label=\"nazwa\"><b>Nax<\/b><\/td><td data-label=\"wysokosc\">1297 m<\/td><\/tr><tr class=\"table-details\" style=\"display: none;\"><td colspan=\"5\"><img decoding=\"async\" src=\"\" alt=\"\" style=\"max-width:100px;\"><br><div class=\"info\"><h1>Nax<\/h1><br><strong>Kontynent:<\/strong> <b>Europa<\/b><br><strong>Kraj:<\/strong> <b>Szwajcaria<\/b><br><strong>Data zdobycia:<\/strong> <b>05 Aug 2023<\/b><br><strong>Info:<\/strong> <b>Tour des Stations EVEREST!<\/b><br><strong>Strava:<\/strong> <a style=\"color: white !important; font-size: 20px !important;\" href=\"https:\/\/www.strava.com\/activities\/9591816454\"><i class=\"fab fa-strava\"><\/i><\/a><br><\/div><\/td><\/tr><tr class=\"table-row\" data-expanded=\"false\"><td data-label=\"lp\">100<\/td><td data-label=\"kontynent\"><div style=\"display: flex; align-items: center; gap: 10px;\">Europa <img decoding=\"async\" style=\"width: 22px; height: 22px;\" src=\"https:\/\/project01.pixelt.pl\/wp-content\/uploads\/2025\/05\/Europa.png\" alt=\"Europa\" class=\"flag-icon\"><\/td><td data-label=\"kraj\"><div style=\"display: flex; align-items: center;\">Frncja<\/td><td data-label=\"nazwa\"><b>Mont Sal\u00e8ve<\/b><\/td><td data-label=\"wysokosc\">1294 m<\/td><\/tr><tr class=\"table-details\" style=\"display: none;\"><td colspan=\"5\"><img decoding=\"async\" src=\"\" alt=\"\" style=\"max-width:100px;\"><br><div class=\"info\"><h1>Mont Sal\u00e8ve<\/h1><br><strong>Kontynent:<\/strong> <b>Europa<\/b><br><strong>Kraj:<\/strong> <b>Frncja<\/b><br><strong>Data zdobycia:<\/strong> <b>29 Jul 2018<\/b><br><strong>Info:<\/strong> <b>Saleve long climb<\/b><br><strong>Strava:<\/strong> <a style=\"color: white !important; font-size: 20px !important;\" href=\"https:\/\/www.strava.com\/activities\/5605794371\"><i class=\"fab fa-strava\"><\/i><\/a><br><\/div><\/td><\/tr><tr class=\"table-row\" data-expanded=\"false\"><td data-label=\"lp\">101<\/td><td data-label=\"kontynent\"><div style=\"display: flex; align-items: center; gap: 10px;\">Europa <img decoding=\"async\" style=\"width: 22px; height: 22px;\" src=\"https:\/\/project01.pixelt.pl\/wp-content\/uploads\/2025\/05\/Europa.png\" alt=\"Europa\" class=\"flag-icon\"><\/td><td data-label=\"kraj\"><div style=\"display: flex; align-items: center;\">Szwajcaria<img decoding=\"async\" src=\"https:\/\/flagsapi.com\/CH\/flat\/64.png\" alt=\"Szwajcaria Flag\" style=\"width: 22px !important; height: auto; margin-left: 5px;\"><\/td><td data-label=\"nazwa\"><b>Weissenstein<\/b><\/td><td data-label=\"wysokosc\">1279 m<\/td><\/tr><tr class=\"table-details\" style=\"display: none;\"><td colspan=\"5\"><img decoding=\"async\" src=\"\" alt=\"\" style=\"max-width:100px;\"><br><div class=\"info\"><h1>Weissenstein<\/h1><br><strong>Kontynent:<\/strong> <b>Europa<\/b><br><strong>Kraj:<\/strong> <b>Szwajcaria<\/b><br><strong>Data zdobycia:<\/strong> <b>17 Sep 2023<\/b><br><strong>Info:<\/strong> <b>Weissenstein &amp; Balmberg 18-25% slope!<\/b><br><strong>Strava:<\/strong> <a style=\"color: white !important; font-size: 20px !important;\" href=\"https:\/\/www.strava.com\/activities\/9869577594\"><i class=\"fab fa-strava\"><\/i><\/a><br><\/div><\/td><\/tr><tr class=\"table-row\" data-expanded=\"false\"><td data-label=\"lp\">102<\/td><td data-label=\"kontynent\"><div style=\"display: flex; align-items: center; gap: 10px;\">Europa <img decoding=\"async\" style=\"width: 22px; height: 22px;\" src=\"https:\/\/project01.pixelt.pl\/wp-content\/uploads\/2025\/05\/Europa.png\" alt=\"Europa\" class=\"flag-icon\"><\/td><td data-label=\"kraj\"><div style=\"display: flex; align-items: center;\">Hiszpania<img decoding=\"async\" src=\"https:\/\/flagsapi.com\/ES\/flat\/64.png\" alt=\"Hiszpania Flag\" style=\"width: 22px !important; height: auto; margin-left: 5px;\"><\/td><td data-label=\"nazwa\"><b>Alto do San Roque<\/b><\/td><td data-label=\"wysokosc\">1270 m<\/td><\/tr><tr class=\"table-details\" style=\"display: none;\"><td colspan=\"5\"><img decoding=\"async\" src=\"\" alt=\"\" style=\"max-width:100px;\"><br><div class=\"info\"><h1>Alto do San Roque<\/h1><br><strong>Kontynent:<\/strong> <b>Europa<\/b><br><strong>Kraj:<\/strong> <b>Hiszpania<\/b><br><strong>Data zdobycia:<\/strong> <b>23 Nov 2024<\/b><br><strong>Info:<\/strong> <b>W drodze do Santiago \/ Bike Trip Geneva - Santiago Day_29<\/b><br><strong>Strava:<\/strong> <a style=\"color: white !important; font-size: 20px !important;\" href=\"https:\/\/www.strava.com\/activities\/12966183721\"><i class=\"fab fa-strava\"><\/i><\/a><br><\/div><\/td><\/tr><tr class=\"table-row\" data-expanded=\"false\"><td data-label=\"lp\">103<\/td><td data-label=\"kontynent\"><div style=\"display: flex; align-items: center; gap: 10px;\">Europa <img decoding=\"async\" style=\"width: 22px; height: 22px;\" src=\"https:\/\/project01.pixelt.pl\/wp-content\/uploads\/2025\/05\/Europa.png\" alt=\"Europa\" class=\"flag-icon\"><\/td><td data-label=\"kraj\"><div style=\"display: flex; align-items: center;\">Francja<img decoding=\"async\" src=\"https:\/\/flagsapi.com\/FR\/flat\/64.png\" alt=\"Francja Flag\" style=\"width: 22px !important; height: auto; margin-left: 5px;\"><\/td><td data-label=\"nazwa\"><b>Col de Raffy<\/b><\/td><td data-label=\"wysokosc\">1267 m<\/td><\/tr><tr class=\"table-details\" style=\"display: none;\"><td colspan=\"5\"><img decoding=\"async\" src=\"\" alt=\"\" style=\"max-width:100px;\"><br><div class=\"info\"><h1>Col de Raffy<\/h1><br><strong>Kontynent:<\/strong> <b>Europa<\/b><br><strong>Kraj:<\/strong> <b>Francja<\/b><br><strong>Data zdobycia:<\/strong> <b>30 Oct 2024<\/b><br><strong>Info:<\/strong> <b>W drodze do Santiago \/ Bike Trip Geneva - Santiago Day_5<\/b><br><strong>Strava:<\/strong> <a style=\"color: white !important; font-size: 20px !important;\" href=\"https:\/\/www.strava.com\/activities\/12784371335\"><i class=\"fab fa-strava\"><\/i><\/a><br><\/div><\/td><\/tr><tr class=\"table-row\" data-expanded=\"false\"><td data-label=\"lp\">104<\/td><td data-label=\"kontynent\"><div style=\"display: flex; align-items: center; gap: 10px;\">Europa <img decoding=\"async\" style=\"width: 22px; height: 22px;\" src=\"https:\/\/project01.pixelt.pl\/wp-content\/uploads\/2025\/05\/Europa.png\" alt=\"Europa\" class=\"flag-icon\"><\/td><td data-label=\"kraj\"><div style=\"display: flex; align-items: center;\">Francja<img decoding=\"async\" src=\"https:\/\/flagsapi.com\/FR\/flat\/64.png\" alt=\"Francja Flag\" style=\"width: 22px !important; height: auto; margin-left: 5px;\"><\/td><td data-label=\"nazwa\"><b>Col de Landoz-Neuve<\/b><\/td><td data-label=\"wysokosc\">1260 m<\/td><\/tr><tr class=\"table-details\" style=\"display: none;\"><td colspan=\"5\"><img decoding=\"async\" src=\"\" alt=\"\" style=\"max-width:100px;\"><br><div class=\"info\"><h1>Col de Landoz-Neuve<\/h1><br><strong>Kontynent:<\/strong> <b>Europa<\/b><br><strong>Kraj:<\/strong> <b>Francja<\/b><br><strong>Data zdobycia:<\/strong> <b>08 May 2022<\/b><br><strong>Info:<\/strong> <b>Lac de Joux<\/b><br><strong>Strava:<\/strong> <a style=\"color: white !important; font-size: 20px !important;\" href=\"https:\/\/www.strava.com\/activities\/7108031637\"><i class=\"fab fa-strava\"><\/i><\/a><br><\/div><\/td><\/tr><tr class=\"table-row\" data-expanded=\"false\"><td data-label=\"lp\">105<\/td><td data-label=\"kontynent\"><div style=\"display: flex; align-items: center; gap: 10px;\">Europa <img decoding=\"async\" style=\"width: 22px; height: 22px;\" src=\"https:\/\/project01.pixelt.pl\/wp-content\/uploads\/2025\/05\/Europa.png\" alt=\"Europa\" class=\"flag-icon\"><\/td><td data-label=\"kraj\"><div style=\"display: flex; align-items: center;\">Szwajcaria<img decoding=\"async\" src=\"https:\/\/flagsapi.com\/CH\/flat\/64.png\" alt=\"Szwajcaria Flag\" style=\"width: 22px !important; height: auto; margin-left: 5px;\"><\/td><td data-label=\"nazwa\"><b>Veysonnaz<\/b><\/td><td data-label=\"wysokosc\">1233 m<\/td><\/tr><tr class=\"table-details\" style=\"display: none;\"><td colspan=\"5\"><img decoding=\"async\" src=\"\" alt=\"\" style=\"max-width:100px;\"><br><div class=\"info\"><h1>Veysonnaz<\/h1><br><strong>Kontynent:<\/strong> <b>Europa<\/b><br><strong>Kraj:<\/strong> <b>Szwajcaria<\/b><br><strong>Data zdobycia:<\/strong> <b>05 Aug 2023<\/b><br><strong>Info:<\/strong> <b>Tour des Stations EVEREST!<\/b><br><strong>Strava:<\/strong> <a style=\"color: white !important; font-size: 20px !important;\" href=\"https:\/\/www.strava.com\/activities\/9591816454\"><i class=\"fab fa-strava\"><\/i><\/a><br><\/div><\/td><\/tr><tr class=\"table-row\" data-expanded=\"false\"><td data-label=\"lp\">106<\/td><td data-label=\"kontynent\"><div style=\"display: flex; align-items: center; gap: 10px;\">Europa <img decoding=\"async\" style=\"width: 22px; height: 22px;\" src=\"https:\/\/project01.pixelt.pl\/wp-content\/uploads\/2025\/05\/Europa.png\" alt=\"Europa\" class=\"flag-icon\"><\/td><td data-label=\"kraj\"><div style=\"display: flex; align-items: center;\">Szwajcaria<img decoding=\"async\" src=\"https:\/\/flagsapi.com\/CH\/flat\/64.png\" alt=\"Szwajcaria Flag\" style=\"width: 22px !important; height: auto; margin-left: 5px;\"><\/td><td data-label=\"nazwa\"><b>Col de la Givrine<\/b><\/td><td data-label=\"wysokosc\">1232 m<\/td><\/tr><tr class=\"table-details\" style=\"display: none;\"><td colspan=\"5\"><img decoding=\"async\" src=\"\" alt=\"\" style=\"max-width:100px;\"><br><div class=\"info\"><h1>Col de la Givrine<\/h1><br><strong>Kontynent:<\/strong> <b>Europa<\/b><br><strong>Kraj:<\/strong> <b>Szwajcaria<\/b><br><strong>Data zdobycia:<\/strong> <b>11 Jul 2021<\/b><br><strong>Info:<\/strong> <b>Cole de la Faucille - Saint Cergue<\/b><br><strong>Strava:<\/strong> <a style=\"color: white !important; font-size: 20px !important;\" href=\"https:\/\/www.strava.com\/activities\/5610936944\"><i class=\"fab fa-strava\"><\/i><\/a><br><\/div><\/td><\/tr><tr class=\"table-row\" data-expanded=\"false\"><td data-label=\"lp\">107<\/td><td data-label=\"kontynent\"><div style=\"display: flex; align-items: center; gap: 10px;\">Europa <img decoding=\"async\" style=\"width: 22px; height: 22px;\" src=\"https:\/\/project01.pixelt.pl\/wp-content\/uploads\/2025\/05\/Europa.png\" alt=\"Europa\" class=\"flag-icon\"><\/td><td data-label=\"kraj\"><div style=\"display: flex; align-items: center;\">Szwajcaria<img decoding=\"async\" src=\"https:\/\/flagsapi.com\/CH\/flat\/64.png\" alt=\"Szwajcaria Flag\" style=\"width: 22px !important; height: auto; margin-left: 5px;\"><\/td><td data-label=\"nazwa\"><b>Voralp<\/b><\/td><td data-label=\"wysokosc\">1218 m<\/td><\/tr><tr class=\"table-details\" style=\"display: none;\"><td colspan=\"5\"><img decoding=\"async\" src=\"\" alt=\"\" style=\"max-width:100px;\"><br><div class=\"info\"><h1>Voralp<\/h1><br><strong>Kontynent:<\/strong> <b>Europa<\/b><br><strong>Kraj:<\/strong> <b>Szwajcaria<\/b><br><strong>Data zdobycia:<\/strong> <b>31 Jul 2022<\/b><br><strong>Info:<\/strong> <b>Voralp Ride<\/b><br><strong>Strava:<\/strong> <a style=\"color: white !important; font-size: 20px !important;\" href=\"https:\/\/www.strava.com\/activities\/7564151661\"><i class=\"fab fa-strava\"><\/i><\/a><br><\/div><\/td><\/tr><tr class=\"table-row\" data-expanded=\"false\"><td data-label=\"lp\">108<\/td><td data-label=\"kontynent\"><div style=\"display: flex; align-items: center; gap: 10px;\">Europa <img decoding=\"async\" style=\"width: 22px; height: 22px;\" src=\"https:\/\/project01.pixelt.pl\/wp-content\/uploads\/2025\/05\/Europa.png\" alt=\"Europa\" class=\"flag-icon\"><\/td><td data-label=\"kraj\"><div style=\"display: flex; align-items: center;\">Francja<img decoding=\"async\" src=\"https:\/\/flagsapi.com\/FR\/flat\/64.png\" alt=\"Francja Flag\" style=\"width: 22px !important; height: auto; margin-left: 5px;\"><\/td><td data-label=\"nazwa\"><b>C\u00f4te de Lajoux<\/b><\/td><td data-label=\"wysokosc\">1192 m<\/td><\/tr><tr class=\"table-details\" style=\"display: none;\"><td colspan=\"5\"><img decoding=\"async\" src=\"\" alt=\"\" style=\"max-width:100px;\"><br><div class=\"info\"><h1>C\u00f4te de Lajoux<\/h1><br><strong>Kontynent:<\/strong> <b>Europa<\/b><br><strong>Kraj:<\/strong> <b>Francja<\/b><br><strong>Data zdobycia:<\/strong> <b>18 Jul 2021<\/b><br><strong>Info:<\/strong> <b>Ultimate Jura Pilgrimage<\/b><br><strong>Strava:<\/strong> <a style=\"color: white !important; font-size: 20px !important;\" href=\"https:\/\/www.strava.com\/activities\/5649464161\"><i class=\"fab fa-strava\"><\/i><\/a><br><\/div><\/td><\/tr><tr class=\"table-row\" data-expanded=\"false\"><td data-label=\"lp\">109<\/td><td data-label=\"kontynent\"><div style=\"display: flex; align-items: center; gap: 10px;\">Europa <img decoding=\"async\" style=\"width: 22px; height: 22px;\" src=\"https:\/\/project01.pixelt.pl\/wp-content\/uploads\/2025\/05\/Europa.png\" alt=\"Europa\" class=\"flag-icon\"><\/td><td data-label=\"kraj\"><div style=\"display: flex; align-items: center;\">Francja<img decoding=\"async\" src=\"https:\/\/flagsapi.com\/FR\/flat\/64.png\" alt=\"Francja Flag\" style=\"width: 22px !important; height: auto; margin-left: 5px;\"><\/td><td data-label=\"nazwa\"><b>Les Avalanches<\/b><\/td><td data-label=\"wysokosc\">1185 m<\/td><\/tr><tr class=\"table-details\" style=\"display: none;\"><td colspan=\"5\"><img decoding=\"async\" src=\"\" alt=\"\" style=\"max-width:100px;\"><br><div class=\"info\"><h1>Les Avalanches<\/h1><br><strong>Kontynent:<\/strong> <b>Europa<\/b><br><strong>Kraj:<\/strong> <b>Francja<\/b><br><strong>Data zdobycia:<\/strong> <b>18 Jul 2021<\/b><br><strong>Info:<\/strong> <b>Ultimate Jura Pilgrimage<\/b><br><strong>Strava:<\/strong> <a style=\"color: white !important; font-size: 20px !important;\" href=\"https:\/\/www.strava.com\/activities\/5649464161\"><i class=\"fab fa-strava\"><\/i><\/a><br><\/div><\/td><\/tr><tr class=\"table-row\" data-expanded=\"false\"><td data-label=\"lp\">110<\/td><td data-label=\"kontynent\"><div style=\"display: flex; align-items: center; gap: 10px;\">Europa <img decoding=\"async\" style=\"width: 22px; height: 22px;\" src=\"https:\/\/project01.pixelt.pl\/wp-content\/uploads\/2025\/05\/Europa.png\" alt=\"Europa\" class=\"flag-icon\"><\/td><td data-label=\"kraj\"><div style=\"display: flex; align-items: center;\">Francja<img decoding=\"async\" src=\"https:\/\/flagsapi.com\/FR\/flat\/64.png\" alt=\"Francja Flag\" style=\"width: 22px !important; height: auto; margin-left: 5px;\"><\/td><td data-label=\"nazwa\"><b>Col de la Croisette<\/b><\/td><td data-label=\"wysokosc\">1175 m<\/td><\/tr><tr class=\"table-details\" style=\"display: none;\"><td colspan=\"5\"><img decoding=\"async\" src=\"\" alt=\"\" style=\"max-width:100px;\"><br><div class=\"info\"><h1>Col de la Croisette<\/h1><br><strong>Kontynent:<\/strong> <b>Europa<\/b><br><strong>Kraj:<\/strong> <b>Francja<\/b><br><strong>Data zdobycia:<\/strong> <b>29 Jul 2018<\/b><br><strong>Info:<\/strong> <b>Saleve long climb<\/b><br><strong>Strava:<\/strong> <a style=\"color: white !important; font-size: 20px !important;\" href=\"https:\/\/www.strava.com\/activities\/5605794371\"><i class=\"fab fa-strava\"><\/i><\/a><br><\/div><\/td><\/tr><tr class=\"table-row\" data-expanded=\"false\"><td data-label=\"lp\">111<\/td><td data-label=\"kontynent\"><div style=\"display: flex; align-items: center; gap: 10px;\">Europa <img decoding=\"async\" style=\"width: 22px; height: 22px;\" src=\"https:\/\/project01.pixelt.pl\/wp-content\/uploads\/2025\/05\/Europa.png\" alt=\"Europa\" class=\"flag-icon\"><\/td><td data-label=\"kraj\"><div style=\"display: flex; align-items: center;\">Francja<img decoding=\"async\" src=\"https:\/\/flagsapi.com\/FR\/flat\/64.png\" alt=\"Francja Flag\" style=\"width: 22px !important; height: auto; margin-left: 5px;\"><\/td><td data-label=\"nazwa\"><b>La Selle de Fromentel<\/b><\/td><td data-label=\"wysokosc\">1175 m<\/td><\/tr><tr class=\"table-details\" style=\"display: none;\"><td colspan=\"5\"><img decoding=\"async\" src=\"\" alt=\"\" style=\"max-width:100px;\"><br><div class=\"info\"><h1>La Selle de Fromentel<\/h1><br><strong>Kontynent:<\/strong> <b>Europa<\/b><br><strong>Kraj:<\/strong> <b>Francja<\/b><br><strong>Data zdobycia:<\/strong> <b>24 Jul 2022<\/b><br><strong>Info:<\/strong> <b>3 hard Cols<\/b><br><strong>Strava:<\/strong> <a style=\"color: white !important; font-size: 20px !important;\" href=\"https:\/\/www.strava.com\/activities\/7524426370\"><i class=\"fab fa-strava\"><\/i><\/a><br><\/div><\/td><\/tr><tr class=\"table-row\" data-expanded=\"false\"><td data-label=\"lp\">112<\/td><td data-label=\"kontynent\"><div style=\"display: flex; align-items: center; gap: 10px;\">Europa <img decoding=\"async\" style=\"width: 22px; height: 22px;\" src=\"https:\/\/project01.pixelt.pl\/wp-content\/uploads\/2025\/05\/Europa.png\" alt=\"Europa\" class=\"flag-icon\"><\/td><td data-label=\"kraj\"><div style=\"display: flex; align-items: center;\">Francja<img decoding=\"async\" src=\"https:\/\/flagsapi.com\/FR\/flat\/64.png\" alt=\"Francja Flag\" style=\"width: 22px !important; height: auto; margin-left: 5px;\"><\/td><td data-label=\"nazwa\"><b>Col de Plainpalais<\/b><\/td><td data-label=\"wysokosc\">1173 m<\/td><\/tr><tr class=\"table-details\" style=\"display: none;\"><td colspan=\"5\"><img decoding=\"async\" src=\"\" alt=\"\" style=\"max-width:100px;\"><br><div class=\"info\"><h1>Col de Plainpalais<\/h1><br><strong>Kontynent:<\/strong> <b>Europa<\/b><br><strong>Kraj:<\/strong> <b>Francja<\/b><br><strong>Data zdobycia:<\/strong> <b>22 Aug 2021<\/b><br><strong>Info:<\/strong> <b>Aix-les-Bains 4 Cols conquered<\/b><br><strong>Strava:<\/strong> <a style=\"color: white !important; font-size: 20px !important;\" href=\"https:\/\/www.strava.com\/activities\/5836841744\"><i class=\"fab fa-strava\"><\/i><\/a><br><\/div><\/td><\/tr><tr class=\"table-row\" data-expanded=\"false\"><td data-label=\"lp\">113<\/td><td data-label=\"kontynent\"><div style=\"display: flex; align-items: center; gap: 10px;\">Europa <img decoding=\"async\" style=\"width: 22px; height: 22px;\" src=\"https:\/\/project01.pixelt.pl\/wp-content\/uploads\/2025\/05\/Europa.png\" alt=\"Europa\" class=\"flag-icon\"><\/td><td data-label=\"kraj\"><div style=\"display: flex; align-items: center;\">Szwajcaria<img decoding=\"async\" src=\"https:\/\/flagsapi.com\/CH\/flat\/64.png\" alt=\"Szwajcaria Flag\" style=\"width: 22px !important; height: auto; margin-left: 5px;\"><\/td><td data-label=\"nazwa\"><b>Chaumont<\/b><\/td><td data-label=\"wysokosc\">1170 m<\/td><\/tr><tr class=\"table-details\" style=\"display: none;\"><td colspan=\"5\"><img decoding=\"async\" src=\"\" alt=\"\" style=\"max-width:100px;\"><br><div class=\"info\"><h1>Chaumont<\/h1><br><strong>Kontynent:<\/strong> <b>Europa<\/b><br><strong>Kraj:<\/strong> <b>Szwajcaria<\/b><br><strong>Data zdobycia:<\/strong> <b>29 May 2022<\/b><br><strong>Info:<\/strong> <b>Lac de Bienne<\/b><br><strong>Strava:<\/strong> <a style=\"color: white !important; font-size: 20px !important;\" href=\"https:\/\/www.strava.com\/activities\/7223282228\"><i class=\"fab fa-strava\"><\/i><\/a><br><\/div><\/td><\/tr><tr class=\"table-row\" data-expanded=\"false\"><td data-label=\"lp\">114<\/td><td data-label=\"kontynent\"><div style=\"display: flex; align-items: center; gap: 10px;\">Europa <img decoding=\"async\" style=\"width: 22px; height: 22px;\" src=\"https:\/\/project01.pixelt.pl\/wp-content\/uploads\/2025\/05\/Europa.png\" alt=\"Europa\" class=\"flag-icon\"><\/td><td data-label=\"kraj\"><div style=\"display: flex; align-items: center;\">Francja<img decoding=\"async\" src=\"https:\/\/flagsapi.com\/FR\/flat\/64.png\" alt=\"Francja Flag\" style=\"width: 22px !important; height: auto; margin-left: 5px;\"><\/td><td data-label=\"nazwa\"><b>Col des G\u00eats<\/b><\/td><td data-label=\"wysokosc\">1164 m<\/td><\/tr><tr class=\"table-details\" style=\"display: none;\"><td colspan=\"5\"><img decoding=\"async\" src=\"\" alt=\"\" style=\"max-width:100px;\"><br><div class=\"info\"><h1>Col des G\u00eats<\/h1><br><strong>Kontynent:<\/strong> <b>Europa<\/b><br><strong>Kraj:<\/strong> <b>Francja<\/b><br><strong>Data zdobycia:<\/strong> <b>18 Jun 2023<\/b><br><strong>Info:<\/strong> <b>SGP - Col du Joux Plane - SGP<\/b><br><strong>Strava:<\/strong> <a style=\"color: white !important; font-size: 20px !important;\" href=\"https:\/\/www.strava.com\/activities\/9291070856\"><i class=\"fab fa-strava\"><\/i><\/a><br><\/div><\/td><\/tr><tr class=\"table-row\" data-expanded=\"false\"><td data-label=\"lp\">115<\/td><td data-label=\"kontynent\"><div style=\"display: flex; align-items: center; gap: 10px;\">Europa <img decoding=\"async\" style=\"width: 22px; height: 22px;\" src=\"https:\/\/project01.pixelt.pl\/wp-content\/uploads\/2025\/05\/Europa.png\" alt=\"Europa\" class=\"flag-icon\"><\/td><td data-label=\"kraj\"><div style=\"display: flex; align-items: center;\">Francja<img decoding=\"async\" src=\"https:\/\/flagsapi.com\/FR\/flat\/64.png\" alt=\"Francja Flag\" style=\"width: 22px !important; height: auto; margin-left: 5px;\"><\/td><td data-label=\"nazwa\"><b>Col de la Forclaz de Montmin<\/b><\/td><td data-label=\"wysokosc\">1150 m<\/td><\/tr><tr class=\"table-details\" style=\"display: none;\"><td colspan=\"5\"><img decoding=\"async\" src=\"\" alt=\"\" style=\"max-width:100px;\"><br><div class=\"info\"><h1>Col de la Forclaz de Montmin<\/h1><br><strong>Kontynent:<\/strong> <b>Europa<\/b><br><strong>Kraj:<\/strong> <b>Francja<\/b><br><strong>Data zdobycia:<\/strong> <b>08 Aug 2021<\/b><br><strong>Info:<\/strong> <b>3 cols around Annecy lake<\/b><br><strong>Strava:<\/strong> <a style=\"color: white !important; font-size: 20px !important;\" href=\"https:\/\/www.strava.com\/activities\/5759905229\"><i class=\"fab fa-strava\"><\/i><\/a><br><\/div><\/td><\/tr><tr class=\"table-row\" data-expanded=\"false\"><td data-label=\"lp\">116<\/td><td data-label=\"kontynent\"><div style=\"display: flex; align-items: center; gap: 10px;\">Europa <img decoding=\"async\" style=\"width: 22px; height: 22px;\" src=\"https:\/\/project01.pixelt.pl\/wp-content\/uploads\/2025\/05\/Europa.png\" alt=\"Europa\" class=\"flag-icon\"><\/td><td data-label=\"kraj\"><div style=\"display: flex; align-items: center;\">Francja<img decoding=\"async\" src=\"https:\/\/flagsapi.com\/FR\/flat\/64.png\" alt=\"Francja Flag\" style=\"width: 22px !important; height: auto; margin-left: 5px;\"><\/td><td data-label=\"nazwa\"><b>Col de la Pierre Plant\u00e9e<\/b><\/td><td data-label=\"wysokosc\">1144 m<\/td><\/tr><tr class=\"table-details\" style=\"display: none;\"><td colspan=\"5\"><img decoding=\"async\" src=\"\" alt=\"\" style=\"max-width:100px;\"><br><div class=\"info\"><h1>Col de la Pierre Plant\u00e9e<\/h1><br><strong>Kontynent:<\/strong> <b>Europa<\/b><br><strong>Kraj:<\/strong> <b>Francja<\/b><br><strong>Data zdobycia:<\/strong> <b>01 Nov 2024<\/b><br><strong>Info:<\/strong> <b>W drodze do Santiago \/ Bike Trip Geneva - Santiago Day_7<\/b><br><strong>Strava:<\/strong> <a style=\"color: white !important; font-size: 20px !important;\" href=\"https:\/\/www.strava.com\/activities\/12798530142\"><i class=\"fab fa-strava\"><\/i><\/a><br><\/div><\/td><\/tr><tr class=\"table-row\" data-expanded=\"false\"><td data-label=\"lp\">117<\/td><td data-label=\"kontynent\"><div style=\"display: flex; align-items: center; gap: 10px;\">Europa <img decoding=\"async\" style=\"width: 22px; height: 22px;\" src=\"https:\/\/project01.pixelt.pl\/wp-content\/uploads\/2025\/05\/Europa.png\" alt=\"Europa\" class=\"flag-icon\"><\/td><td data-label=\"kraj\"><div style=\"display: flex; align-items: center;\">Francja<img decoding=\"async\" src=\"https:\/\/flagsapi.com\/FR\/flat\/64.png\" alt=\"Francja Flag\" style=\"width: 22px !important; height: auto; margin-left: 5px;\"><\/td><td data-label=\"nazwa\"><b>Col de Menthi\u00e8res<\/b><\/td><td data-label=\"wysokosc\">1130 m<\/td><\/tr><tr class=\"table-details\" style=\"display: none;\"><td colspan=\"5\"><img decoding=\"async\" src=\"\" alt=\"\" style=\"max-width:100px;\"><br><div class=\"info\"><h1>Col de Menthi\u00e8res<\/h1><br><strong>Kontynent:<\/strong> <b>Europa<\/b><br><strong>Kraj:<\/strong> <b>Francja<\/b><br><strong>Data zdobycia:<\/strong> <b>06 May 2023<\/b><br><strong>Info:<\/strong> <b>Jura loop SGP - Bellegarde - Col de Faucille<\/b><br><strong>Strava:<\/strong> <a style=\"color: white !important; font-size: 20px !important;\" href=\"https:\/\/www.strava.com\/activities\/9021897270\"><i class=\"fab fa-strava\"><\/i><\/a><br><\/div><\/td><\/tr><tr class=\"table-row\" data-expanded=\"false\"><td data-label=\"lp\">118<\/td><td data-label=\"kontynent\"><div style=\"display: flex; align-items: center; gap: 10px;\">Europa <img decoding=\"async\" style=\"width: 22px; height: 22px;\" src=\"https:\/\/project01.pixelt.pl\/wp-content\/uploads\/2025\/05\/Europa.png\" alt=\"Europa\" class=\"flag-icon\"><\/td><td data-label=\"kraj\"><div style=\"display: flex; align-items: center;\">Francja<img decoding=\"async\" src=\"https:\/\/flagsapi.com\/FR\/flat\/64.png\" alt=\"Francja Flag\" style=\"width: 22px !important; height: auto; margin-left: 5px;\"><\/td><td data-label=\"nazwa\"><b>Col de Lan\u00e7on<\/b><\/td><td data-label=\"wysokosc\">1120 m<\/td><\/tr><tr class=\"table-details\" style=\"display: none;\"><td colspan=\"5\"><img decoding=\"async\" src=\"\" alt=\"\" style=\"max-width:100px;\"><br><div class=\"info\"><h1>Col de Lan\u00e7on<\/h1><br><strong>Kontynent:<\/strong> <b>Europa<\/b><br><strong>Kraj:<\/strong> <b>Francja<\/b><br><strong>Data zdobycia:<\/strong> <b>09 Jul 2022<\/b><br><strong>Info:<\/strong> <b>Haute Route Pyrenees 2022 Stage_5<\/b><br><strong>Strava:<\/strong> <a style=\"color: white !important; font-size: 20px !important;\" href=\"https:\/\/www.strava.com\/activities\/7441490707\"><i class=\"fab fa-strava\"><\/i><\/a><br><\/div><\/td><\/tr><tr class=\"table-row\" data-expanded=\"false\"><td data-label=\"lp\">119<\/td><td data-label=\"kontynent\"><div style=\"display: flex; align-items: center; gap: 10px;\">Europa <img decoding=\"async\" style=\"width: 22px; height: 22px;\" src=\"https:\/\/project01.pixelt.pl\/wp-content\/uploads\/2025\/05\/Europa.png\" alt=\"Europa\" class=\"flag-icon\"><\/td><td data-label=\"kraj\"><div style=\"display: flex; align-items: center;\">Francja<img decoding=\"async\" src=\"https:\/\/flagsapi.com\/FR\/flat\/64.png\" alt=\"Francja Flag\" style=\"width: 22px !important; height: auto; margin-left: 5px;\"><\/td><td data-label=\"nazwa\"><b>C\u00f4te de Meg\u00e8ve<\/b><\/td><td data-label=\"wysokosc\">1096 m<\/td><\/tr><tr class=\"table-details\" style=\"display: none;\"><td colspan=\"5\"><img decoding=\"async\" src=\"\" alt=\"\" style=\"max-width:100px;\"><br><div class=\"info\"><h1>C\u00f4te de Meg\u00e8ve<\/h1><br><strong>Kontynent:<\/strong> <b>Europa<\/b><br><strong>Kraj:<\/strong> <b>Francja<\/b><br><strong>Data zdobycia:<\/strong> <b>26 Aug 2022<\/b><br><strong>Info:<\/strong> <b>Haute Route Alps Stage_7 FINAL!<\/b><br><strong>Strava:<\/strong> <a style=\"color: white !important; font-size: 20px !important;\" href=\"https:\/\/www.strava.com\/activities\/7709077709\"><i class=\"fab fa-strava\"><\/i><\/a><br><\/div><\/td><\/tr><tr class=\"table-row\" data-expanded=\"false\"><td data-label=\"lp\">120<\/td><td data-label=\"kontynent\"><div style=\"display: flex; align-items: center; gap: 10px;\">Europa <img decoding=\"async\" style=\"width: 22px; height: 22px;\" src=\"https:\/\/project01.pixelt.pl\/wp-content\/uploads\/2025\/05\/Europa.png\" alt=\"Europa\" class=\"flag-icon\"><\/td><td data-label=\"kraj\"><div style=\"display: flex; align-items: center;\">Szwajcaria<img decoding=\"async\" src=\"https:\/\/flagsapi.com\/CH\/flat\/64.png\" alt=\"Szwajcaria Flag\" style=\"width: 22px !important; height: auto; margin-left: 5px;\"><\/td><td data-label=\"nazwa\"><b>Balmberg<\/b><\/td><td data-label=\"wysokosc\">1079 m<\/td><\/tr><tr class=\"table-details\" style=\"display: none;\"><td colspan=\"5\"><img decoding=\"async\" src=\"\" alt=\"\" style=\"max-width:100px;\"><br><div class=\"info\"><h1>Balmberg<\/h1><br><strong>Kontynent:<\/strong> <b>Europa<\/b><br><strong>Kraj:<\/strong> <b>Szwajcaria<\/b><br><strong>Data zdobycia:<\/strong> <b>17 Sep 2023<\/b><br><strong>Info:<\/strong> <b>Weissenstein &amp; Balmberg 18-25% slope!<\/b><br><strong>Strava:<\/strong> <a style=\"color: white !important; font-size: 20px !important;\" href=\"https:\/\/www.strava.com\/activities\/9869577594\"><i class=\"fab fa-strava\"><\/i><\/a><br><\/div><\/td><\/tr><tr class=\"table-row\" data-expanded=\"false\"><td data-label=\"lp\">121<\/td><td data-label=\"kontynent\"><div style=\"display: flex; align-items: center; gap: 10px;\">Europa <img decoding=\"async\" style=\"width: 22px; height: 22px;\" src=\"https:\/\/project01.pixelt.pl\/wp-content\/uploads\/2025\/05\/Europa.png\" alt=\"Europa\" class=\"flag-icon\"><\/td><td data-label=\"kraj\"><div style=\"display: flex; align-items: center;\">Francja<img decoding=\"async\" src=\"https:\/\/flagsapi.com\/FR\/flat\/64.png\" alt=\"Francja Flag\" style=\"width: 22px !important; height: auto; margin-left: 5px;\"><\/td><td data-label=\"nazwa\"><b>Ahusquy<\/b><\/td><td data-label=\"wysokosc\">1072 m<\/td><\/tr><tr class=\"table-details\" style=\"display: none;\"><td colspan=\"5\"><img decoding=\"async\" src=\"\" alt=\"\" style=\"max-width:100px;\"><br><div class=\"info\"><h1>Ahusquy<\/h1><br><strong>Kontynent:<\/strong> <b>Europa<\/b><br><strong>Kraj:<\/strong> <b>Francja<\/b><br><strong>Data zdobycia:<\/strong> <b>05 Jul 2022<\/b><br><strong>Info:<\/strong> <b>Haute Route Pyrenees 2022 Stage_1<\/b><br><strong>Strava:<\/strong> <a style=\"color: white !important; font-size: 20px !important;\" href=\"https:\/\/www.strava.com\/activities\/7421213333\"><i class=\"fab fa-strava\"><\/i><\/a><br><\/div><\/td><\/tr><tr class=\"table-row\" data-expanded=\"false\"><td data-label=\"lp\">122<\/td><td data-label=\"kontynent\"><div style=\"display: flex; align-items: center; gap: 10px;\">Europa <img decoding=\"async\" style=\"width: 22px; height: 22px;\" src=\"https:\/\/project01.pixelt.pl\/wp-content\/uploads\/2025\/05\/Europa.png\" alt=\"Europa\" class=\"flag-icon\"><\/td><td data-label=\"kraj\"><div style=\"display: flex; align-items: center;\">Francja<img decoding=\"async\" src=\"https:\/\/flagsapi.com\/FR\/flat\/64.png\" alt=\"Francja Flag\" style=\"width: 22px !important; height: auto; margin-left: 5px;\"><\/td><td data-label=\"nazwa\"><b>C\u00f4te de la Vachellerie<\/b><\/td><td data-label=\"wysokosc\">1067 m<\/td><\/tr><tr class=\"table-details\" style=\"display: none;\"><td colspan=\"5\"><img decoding=\"async\" src=\"\" alt=\"\" style=\"max-width:100px;\"><br><div class=\"info\"><h1>C\u00f4te de la Vachellerie<\/h1><br><strong>Kontynent:<\/strong> <b>Europa<\/b><br><strong>Kraj:<\/strong> <b>Francja<\/b><br><strong>Data zdobycia:<\/strong> <b>01 Nov 2024<\/b><br><strong>Info:<\/strong> <b>W drodze do Santiago \/ Bike Trip Geneva - Santiago Day_7<\/b><br><strong>Strava:<\/strong> <a style=\"color: white !important; font-size: 20px !important;\" href=\"https:\/\/www.strava.com\/activities\/12798530142\"><i class=\"fab fa-strava\"><\/i><\/a><br><\/div><\/td><\/tr><tr class=\"table-row\" data-expanded=\"false\"><td data-label=\"lp\">123<\/td><td data-label=\"kontynent\"><div style=\"display: flex; align-items: center; gap: 10px;\">Europa <img decoding=\"async\" style=\"width: 22px; height: 22px;\" src=\"https:\/\/project01.pixelt.pl\/wp-content\/uploads\/2025\/05\/Europa.png\" alt=\"Europa\" class=\"flag-icon\"><\/td><td data-label=\"kraj\"><div style=\"display: flex; align-items: center;\">Hiszpania<img decoding=\"async\" src=\"https:\/\/flagsapi.com\/ES\/flat\/64.png\" alt=\"Hiszpania Flag\" style=\"width: 22px !important; height: auto; margin-left: 5px;\"><\/td><td data-label=\"nazwa\"><b>Puerto de Iba\u00f1eta<\/b><\/td><td data-label=\"wysokosc\">1057 m<\/td><\/tr><tr class=\"table-details\" style=\"display: none;\"><td colspan=\"5\"><img decoding=\"async\" src=\"\" alt=\"\" style=\"max-width:100px;\"><br><div class=\"info\"><h1>Puerto de Iba\u00f1eta<\/h1><br><strong>Kontynent:<\/strong> <b>Europa<\/b><br><strong>Kraj:<\/strong> <b>Hiszpania<\/b><br><strong>Data zdobycia:<\/strong> <b>14 Nov 2024<\/b><br><strong>Info:<\/strong> <b>W drodze do Santiago \/ Bike Trip Geneva - Santiago Day_20<\/b><br><strong>Strava:<\/strong> <a style=\"color: white !important; font-size: 20px !important;\" href=\"https:\/\/www.strava.com\/activities\/12900506289\"><i class=\"fab fa-strava\"><\/i><\/a><br><\/div><\/td><\/tr><tr class=\"table-row\" data-expanded=\"false\"><td data-label=\"lp\">124<\/td><td data-label=\"kontynent\"><div style=\"display: flex; align-items: center; gap: 10px;\">Europa <img decoding=\"async\" style=\"width: 22px; height: 22px;\" src=\"https:\/\/project01.pixelt.pl\/wp-content\/uploads\/2025\/05\/Europa.png\" alt=\"Europa\" class=\"flag-icon\"><\/td><td data-label=\"kraj\"><div style=\"display: flex; align-items: center;\">Francja<img decoding=\"async\" src=\"https:\/\/flagsapi.com\/FR\/flat\/64.png\" alt=\"Francja Flag\" style=\"width: 22px !important; height: auto; margin-left: 5px;\"><\/td><td data-label=\"nazwa\"><b>Col de la Croix de la Serra<\/b><\/td><td data-label=\"wysokosc\">1049 m<\/td><\/tr><tr class=\"table-details\" style=\"display: none;\"><td colspan=\"5\"><img decoding=\"async\" src=\"\" alt=\"\" style=\"max-width:100px;\"><br><div class=\"info\"><h1>Col de la Croix de la Serra<\/h1><br><strong>Kontynent:<\/strong> <b>Europa<\/b><br><strong>Kraj:<\/strong> <b>Francja<\/b><br><strong>Data zdobycia:<\/strong> <b>18 Jul 2021<\/b><br><strong>Info:<\/strong> <b>Ultimate Jura Pilgrimage<\/b><br><strong>Strava:<\/strong> <a style=\"color: white !important; font-size: 20px !important;\" href=\"https:\/\/www.strava.com\/activities\/5649464161\"><i class=\"fab fa-strava\"><\/i><\/a><br><\/div><\/td><\/tr><tr class=\"table-row\" data-expanded=\"false\"><td data-label=\"lp\">125<\/td><td data-label=\"kontynent\"><div style=\"display: flex; align-items: center; gap: 10px;\">Europa <img decoding=\"async\" style=\"width: 22px; height: 22px;\" src=\"https:\/\/project01.pixelt.pl\/wp-content\/uploads\/2025\/05\/Europa.png\" alt=\"Europa\" class=\"flag-icon\"><\/td><td data-label=\"kraj\"><div style=\"display: flex; align-items: center;\">Francja<img decoding=\"async\" src=\"https:\/\/flagsapi.com\/FR\/flat\/64.png\" alt=\"Francja Flag\" style=\"width: 22px !important; height: auto; margin-left: 5px;\"><\/td><td data-label=\"nazwa\"><b>Col du Tracol<\/b><\/td><td data-label=\"wysokosc\">1030 m<\/td><\/tr><tr class=\"table-details\" style=\"display: none;\"><td colspan=\"5\"><img decoding=\"async\" src=\"\" alt=\"\" style=\"max-width:100px;\"><br><div class=\"info\"><h1>Col du Tracol<\/h1><br><strong>Kontynent:<\/strong> <b>Europa<\/b><br><strong>Kraj:<\/strong> <b>Francja<\/b><br><strong>Data zdobycia:<\/strong> <b>29 Oct 2024<\/b><br><strong>Info:<\/strong> <b>W drodze do Santiago \/ Bike Trip Geneva - Santiago Day_4<\/b><br><strong>Strava:<\/strong> <a style=\"color: white !important; font-size: 20px !important;\" href=\"https:\/\/www.strava.com\/activities\/12775080340\"><i class=\"fab fa-strava\"><\/i><\/a><br><\/div><\/td><\/tr><tr class=\"table-row\" data-expanded=\"false\"><td data-label=\"lp\">126<\/td><td data-label=\"kontynent\"><div style=\"display: flex; align-items: center; gap: 10px;\">Europa <img decoding=\"async\" style=\"width: 22px; height: 22px;\" src=\"https:\/\/project01.pixelt.pl\/wp-content\/uploads\/2025\/05\/Europa.png\" alt=\"Europa\" class=\"flag-icon\"><\/td><td data-label=\"kraj\"><div style=\"display: flex; align-items: center;\">Francja<img decoding=\"async\" src=\"https:\/\/flagsapi.com\/FR\/flat\/64.png\" alt=\"Francja Flag\" style=\"width: 22px !important; height: auto; margin-left: 5px;\"><\/td><td data-label=\"nazwa\"><b>Col de la Ligui\u00e8re<\/b><\/td><td data-label=\"wysokosc\">993 m<\/td><\/tr><tr class=\"table-details\" style=\"display: none;\"><td colspan=\"5\"><img decoding=\"async\" src=\"\" alt=\"\" style=\"max-width:100px;\"><br><div class=\"info\"><h1>Col de la Ligui\u00e8re<\/h1><br><strong>Kontynent:<\/strong> <b>Europa<\/b><br><strong>Kraj:<\/strong> <b>Francja<\/b><br><strong>Data zdobycia:<\/strong> <b>06 Oct 2023<\/b><br><strong>Info:<\/strong> <b>Haute Route Ventoux Stage_1<\/b><br><strong>Strava:<\/strong> <a style=\"color: white !important; font-size: 20px !important;\" href=\"https:\/\/www.strava.com\/activities\/9988336208\"><i class=\"fab fa-strava\"><\/i><\/a><br><\/div><\/td><\/tr><tr class=\"table-row\" data-expanded=\"false\"><td data-label=\"lp\">127<\/td><td data-label=\"kontynent\"><div style=\"display: flex; align-items: center; gap: 10px;\">Europa <img decoding=\"async\" style=\"width: 22px; height: 22px;\" src=\"https:\/\/project01.pixelt.pl\/wp-content\/uploads\/2025\/05\/Europa.png\" alt=\"Europa\" class=\"flag-icon\"><\/td><td data-label=\"kraj\"><div style=\"display: flex; align-items: center;\">Francja<img decoding=\"async\" src=\"https:\/\/flagsapi.com\/FR\/flat\/64.png\" alt=\"Francja Flag\" style=\"width: 22px !important; height: auto; margin-left: 5px;\"><\/td><td data-label=\"nazwa\"><b>Col de l&#039;\u00c9pine<\/b><\/td><td data-label=\"wysokosc\">987 m<\/td><\/tr><tr class=\"table-details\" style=\"display: none;\"><td colspan=\"5\"><img decoding=\"async\" src=\"\" alt=\"\" style=\"max-width:100px;\"><br><div class=\"info\"><h1>Col de l&#039;\u00c9pine<\/h1><br><strong>Kontynent:<\/strong> <b>Europa<\/b><br><strong>Kraj:<\/strong> <b>Francja<\/b><br><strong>Data zdobycia:<\/strong> <b>23 Jul 2022<\/b><br><strong>Info:<\/strong> <b>Lac du Bourget<\/b><br><strong>Strava:<\/strong> <a style=\"color: white !important; font-size: 20px !important;\" href=\"https:\/\/www.strava.com\/activities\/7516471899\"><i class=\"fab fa-strava\"><\/i><\/a><br><\/div><\/td><\/tr><tr class=\"table-row\" data-expanded=\"false\"><td data-label=\"lp\">128<\/td><td data-label=\"kontynent\"><div style=\"display: flex; align-items: center; gap: 10px;\">Europa <img decoding=\"async\" style=\"width: 22px; height: 22px;\" src=\"https:\/\/project01.pixelt.pl\/wp-content\/uploads\/2025\/05\/Europa.png\" alt=\"Europa\" class=\"flag-icon\"><\/td><td data-label=\"kraj\"><div style=\"display: flex; align-items: center;\">Francja<img decoding=\"async\" src=\"https:\/\/flagsapi.com\/FR\/flat\/64.png\" alt=\"Francja Flag\" style=\"width: 22px !important; height: auto; margin-left: 5px;\"><\/td><td data-label=\"nazwa\"><b>Col du Clergeon<\/b><\/td><td data-label=\"wysokosc\">987 m<\/td><\/tr><tr class=\"table-details\" style=\"display: none;\"><td colspan=\"5\"><img decoding=\"async\" src=\"\" alt=\"\" style=\"max-width:100px;\"><br><div class=\"info\"><h1>Col du Clergeon<\/h1><br><strong>Kontynent:<\/strong> <b>Europa<\/b><br><strong>Kraj:<\/strong> <b>Francja<\/b><br><strong>Data zdobycia:<\/strong> <b>21 Aug 2021<\/b><br><strong>Info:<\/strong> <b>Aix-les-Bains tour du Lac avec 5 Cols<\/b><br><strong>Strava:<\/strong> <a style=\"color: white !important; font-size: 20px !important;\" href=\"https:\/\/www.strava.com\/activities\/5830818002\"><i class=\"fab fa-strava\"><\/i><\/a><br><\/div><\/td><\/tr><tr class=\"table-row\" data-expanded=\"false\"><td data-label=\"lp\">129<\/td><td data-label=\"kontynent\"><div style=\"display: flex; align-items: center; gap: 10px;\">Europa <img decoding=\"async\" style=\"width: 22px; height: 22px;\" src=\"https:\/\/project01.pixelt.pl\/wp-content\/uploads\/2025\/05\/Europa.png\" alt=\"Europa\" class=\"flag-icon\"><\/td><td data-label=\"kraj\"><div style=\"display: flex; align-items: center;\">Francja<img decoding=\"async\" src=\"https:\/\/flagsapi.com\/FR\/flat\/64.png\" alt=\"Francja Flag\" style=\"width: 22px !important; height: auto; margin-left: 5px;\"><\/td><td data-label=\"nazwa\"><b>Mont-Saxonnex<\/b><\/td><td data-label=\"wysokosc\">974 m<\/td><\/tr><tr class=\"table-details\" style=\"display: none;\"><td colspan=\"5\"><img decoding=\"async\" src=\"\" alt=\"\" style=\"max-width:100px;\"><br><div class=\"info\"><h1>Mont-Saxonnex<\/h1><br><strong>Kontynent:<\/strong> <b>Europa<\/b><br><strong>Kraj:<\/strong> <b>Francja<\/b><br><strong>Data zdobycia:<\/strong> <b>15 Aug 2021<\/b><br><strong>Info:<\/strong> <b>4 cols in one go<\/b><br><strong>Strava:<\/strong> <a style=\"color: white !important; font-size: 20px !important;\" href=\"https:\/\/www.strava.com\/activities\/5799293887\"><i class=\"fab fa-strava\"><\/i><\/a><br><\/div><\/td><\/tr><tr class=\"table-row\" data-expanded=\"false\"><td data-label=\"lp\">130<\/td><td data-label=\"kontynent\"><div style=\"display: flex; align-items: center; gap: 10px;\">Europa <img decoding=\"async\" style=\"width: 22px; height: 22px;\" src=\"https:\/\/project01.pixelt.pl\/wp-content\/uploads\/2025\/05\/Europa.png\" alt=\"Europa\" class=\"flag-icon\"><\/td><td data-label=\"kraj\"><div style=\"display: flex; align-items: center;\">Francja<img decoding=\"async\" src=\"https:\/\/flagsapi.com\/FR\/flat\/64.png\" alt=\"Francja Flag\" style=\"width: 22px !important; height: auto; margin-left: 5px;\"><\/td><td data-label=\"nazwa\"><b>Col de l&#039;\u00c9pine<\/b><\/td><td data-label=\"wysokosc\">945 m<\/td><\/tr><tr class=\"table-details\" style=\"display: none;\"><td colspan=\"5\"><img decoding=\"async\" src=\"\" alt=\"\" style=\"max-width:100px;\"><br><div class=\"info\"><h1>Col de l&#039;\u00c9pine<\/h1><br><strong>Kontynent:<\/strong> <b>Europa<\/b><br><strong>Kraj:<\/strong> <b>Francja<\/b><br><strong>Data zdobycia:<\/strong> <b>14 Aug 2021<\/b><br><strong>Info:<\/strong> <b>5 cols in a single ride<\/b><br><strong>Strava:<\/strong> <a style=\"color: white !important; font-size: 20px !important;\" href=\"https:\/\/www.strava.com\/activities\/5793482823\"><i class=\"fab fa-strava\"><\/i><\/a><br><\/div><\/td><\/tr><tr class=\"table-row\" data-expanded=\"false\"><td data-label=\"lp\">131<\/td><td data-label=\"kontynent\"><div style=\"display: flex; align-items: center; gap: 10px;\">Europa <img decoding=\"async\" style=\"width: 22px; height: 22px;\" src=\"https:\/\/project01.pixelt.pl\/wp-content\/uploads\/2025\/05\/Europa.png\" alt=\"Europa\" class=\"flag-icon\"><\/td><td data-label=\"kraj\"><div style=\"display: flex; align-items: center;\">Hiszpania<img decoding=\"async\" src=\"https:\/\/flagsapi.com\/ES\/flat\/64.png\" alt=\"Hiszpania Flag\" style=\"width: 22px !important; height: auto; margin-left: 5px;\"><\/td><td data-label=\"nazwa\"><b>Alto de Mezquiriz<\/b><\/td><td data-label=\"wysokosc\">925 m<\/td><\/tr><tr class=\"table-details\" style=\"display: none;\"><td colspan=\"5\"><img decoding=\"async\" src=\"\" alt=\"\" style=\"max-width:100px;\"><br><div class=\"info\"><h1>Alto de Mezquiriz<\/h1><br><strong>Kontynent:<\/strong> <b>Europa<\/b><br><strong>Kraj:<\/strong> <b>Hiszpania<\/b><br><strong>Data zdobycia:<\/strong> <b>14 Nov 2024<\/b><br><strong>Info:<\/strong> <b>W drodze do Santiago \/ Bike Trip Geneva - Santiago Day_20<\/b><br><strong>Strava:<\/strong> <a style=\"color: white !important; font-size: 20px !important;\" href=\"https:\/\/www.strava.com\/activities\/12900506289\"><i class=\"fab fa-strava\"><\/i><\/a><br><\/div><\/td><\/tr><tr class=\"table-row\" data-expanded=\"false\"><td data-label=\"lp\">132<\/td><td data-label=\"kontynent\"><div style=\"display: flex; align-items: center; gap: 10px;\">Europa <img decoding=\"async\" style=\"width: 22px; height: 22px;\" src=\"https:\/\/project01.pixelt.pl\/wp-content\/uploads\/2025\/05\/Europa.png\" alt=\"Europa\" class=\"flag-icon\"><\/td><td data-label=\"kraj\"><div style=\"display: flex; align-items: center;\">Islandia<img decoding=\"async\" src=\"https:\/\/flagsapi.com\/IS\/flat\/64.png\" alt=\"Islandia Flag\" style=\"width: 22px !important; height: auto; margin-left: 5px;\"><\/td><td data-label=\"nazwa\"><b>Sl\u00e9ttafell<\/b><\/td><td data-label=\"wysokosc\">908 m<\/td><\/tr><tr class=\"table-details\" style=\"display: none;\"><td colspan=\"5\"><img decoding=\"async\" src=\"\" alt=\"\" style=\"max-width:100px;\"><br><div class=\"info\"><h1>Sl\u00e9ttafell<\/h1><br><strong>Kontynent:<\/strong> <b>Europa<\/b><br><strong>Kraj:<\/strong> <b>Islandia<\/b><br><strong>Data zdobycia:<\/strong> <b>22 Jul 2023<\/b><br><strong>Info:<\/strong> <b>THE RIFT Iceland Gravel Race!<\/b><br><strong>Strava:<\/strong> <a style=\"color: white !important; font-size: 20px !important;\" href=\"https:\/\/www.strava.com\/activities\/9504898490\"><i class=\"fab fa-strava\"><\/i><\/a><br><\/div><\/td><\/tr><tr class=\"table-row\" data-expanded=\"false\"><td data-label=\"lp\">133<\/td><td data-label=\"kontynent\"><div style=\"display: flex; align-items: center; gap: 10px;\">Europa <img decoding=\"async\" style=\"width: 22px; height: 22px;\" src=\"https:\/\/project01.pixelt.pl\/wp-content\/uploads\/2025\/05\/Europa.png\" alt=\"Europa\" class=\"flag-icon\"><\/td><td data-label=\"kraj\"><div style=\"display: flex; align-items: center;\">Szwajcria<\/td><td data-label=\"nazwa\"><b>Col d&#039;Orvin<\/b><\/td><td data-label=\"wysokosc\">903 m<\/td><\/tr><tr class=\"table-details\" style=\"display: none;\"><td colspan=\"5\"><img decoding=\"async\" src=\"\" alt=\"\" style=\"max-width:100px;\"><br><div class=\"info\"><h1>Col d&#039;Orvin<\/h1><br><strong>Kontynent:<\/strong> <b>Europa<\/b><br><strong>Kraj:<\/strong> <b>Szwajcria<\/b><br><strong>Data zdobycia:<\/strong> <b>29 May 2022<\/b><br><strong>Info:<\/strong> <b>Lac de Bienne<\/b><br><strong>Strava:<\/strong> <a style=\"color: white !important; font-size: 20px !important;\" href=\"https:\/\/www.strava.com\/activities\/7223282228\"><i class=\"fab fa-strava\"><\/i><\/a><br><\/div><\/td><\/tr><tr class=\"table-row\" data-expanded=\"false\"><td data-label=\"lp\">134<\/td><td data-label=\"kontynent\"><div style=\"display: flex; align-items: center; gap: 10px;\">Europa <img decoding=\"async\" style=\"width: 22px; height: 22px;\" src=\"https:\/\/project01.pixelt.pl\/wp-content\/uploads\/2025\/05\/Europa.png\" alt=\"Europa\" class=\"flag-icon\"><\/td><td data-label=\"kraj\"><div style=\"display: flex; align-items: center;\">Francja<img decoding=\"async\" src=\"https:\/\/flagsapi.com\/FR\/flat\/64.png\" alt=\"Francja Flag\" style=\"width: 22px !important; height: auto; margin-left: 5px;\"><\/td><td data-label=\"nazwa\"><b>Col de Leschaux<\/b><\/td><td data-label=\"wysokosc\">897 m<\/td><\/tr><tr class=\"table-details\" style=\"display: none;\"><td colspan=\"5\"><img decoding=\"async\" src=\"\" alt=\"\" style=\"max-width:100px;\"><br><div class=\"info\"><h1>Col de Leschaux<\/h1><br><strong>Kontynent:<\/strong> <b>Europa<\/b><br><strong>Kraj:<\/strong> <b>Francja<\/b><br><strong>Data zdobycia:<\/strong> <b>08 Aug 2021<\/b><br><strong>Info:<\/strong> <b>3 cols around Annecy lake<\/b><br><strong>Strava:<\/strong> <a style=\"color: white !important; font-size: 20px !important;\" href=\"https:\/\/www.strava.com\/activities\/5759905229\"><i class=\"fab fa-strava\"><\/i><\/a><br><\/div><\/td><\/tr><tr class=\"table-row\" data-expanded=\"false\"><td data-label=\"lp\">135<\/td><td data-label=\"kontynent\"><div style=\"display: flex; align-items: center; gap: 10px;\">Europa <img decoding=\"async\" style=\"width: 22px; height: 22px;\" src=\"https:\/\/project01.pixelt.pl\/wp-content\/uploads\/2025\/05\/Europa.png\" alt=\"Europa\" class=\"flag-icon\"><\/td><td data-label=\"kraj\"><div style=\"display: flex; align-items: center;\">Francja<img decoding=\"async\" src=\"https:\/\/flagsapi.com\/FR\/flat\/64.png\" alt=\"Francja Flag\" style=\"width: 22px !important; height: auto; margin-left: 5px;\"><\/td><td data-label=\"nazwa\"><b>Col du Sapenay<\/b><\/td><td data-label=\"wysokosc\">897 m<\/td><\/tr><tr class=\"table-details\" style=\"display: none;\"><td colspan=\"5\"><img decoding=\"async\" src=\"\" alt=\"\" style=\"max-width:100px;\"><br><div class=\"info\"><h1>Col du Sapenay<\/h1><br><strong>Kontynent:<\/strong> <b>Europa<\/b><br><strong>Kraj:<\/strong> <b>Francja<\/b><br><strong>Data zdobycia:<\/strong> <b>21 Aug 2021<\/b><br><strong>Info:<\/strong> <b>Aix-les-Bains tour du Lac avec 5 Cols<\/b><br><strong>Strava:<\/strong> <a style=\"color: white !important; font-size: 20px !important;\" href=\"https:\/\/www.strava.com\/activities\/5830818002\"><i class=\"fab fa-strava\"><\/i><\/a><br><\/div><\/td><\/tr><tr class=\"table-row\" data-expanded=\"false\"><td data-label=\"lp\">136<\/td><td data-label=\"kontynent\"><div style=\"display: flex; align-items: center; gap: 10px;\">Europa <img decoding=\"async\" style=\"width: 22px; height: 22px;\" src=\"https:\/\/project01.pixelt.pl\/wp-content\/uploads\/2025\/05\/Europa.png\" alt=\"Europa\" class=\"flag-icon\"><\/td><td data-label=\"kraj\"><div style=\"display: flex; align-items: center;\">Szwajcaria<img decoding=\"async\" src=\"https:\/\/flagsapi.com\/CH\/flat\/64.png\" alt=\"Szwajcaria Flag\" style=\"width: 22px !important; height: auto; margin-left: 5px;\"><\/td><td data-label=\"nazwa\"><b>Plagne<\/b><\/td><td data-label=\"wysokosc\">869 m<\/td><\/tr><tr class=\"table-details\" style=\"display: none;\"><td colspan=\"5\"><img decoding=\"async\" src=\"\" alt=\"\" style=\"max-width:100px;\"><br><div class=\"info\"><h1>Plagne<\/h1><br><strong>Kontynent:<\/strong> <b>Europa<\/b><br><strong>Kraj:<\/strong> <b>Szwajcaria<\/b><br><strong>Data zdobycia:<\/strong> <b>29 May 2022<\/b><br><strong>Info:<\/strong> <b>Lac de Bienne<\/b><br><strong>Strava:<\/strong> <a style=\"color: white !important; font-size: 20px !important;\" href=\"https:\/\/www.strava.com\/activities\/7223282228\"><i class=\"fab fa-strava\"><\/i><\/a><br><\/div><\/td><\/tr><tr class=\"table-row\" data-expanded=\"false\"><td data-label=\"lp\">137<\/td><td data-label=\"kontynent\"><div style=\"display: flex; align-items: center; gap: 10px;\">Europa <img decoding=\"async\" style=\"width: 22px; height: 22px;\" src=\"https:\/\/project01.pixelt.pl\/wp-content\/uploads\/2025\/05\/Europa.png\" alt=\"Europa\" class=\"flag-icon\"><\/td><td data-label=\"kraj\"><div style=\"display: flex; align-items: center;\">Islandia<img decoding=\"async\" src=\"https:\/\/flagsapi.com\/IS\/flat\/64.png\" alt=\"Islandia Flag\" style=\"width: 22px !important; height: auto; margin-left: 5px;\"><\/td><td data-label=\"nazwa\"><b>Laufafell<\/b><\/td><td data-label=\"wysokosc\">846 m<\/td><\/tr><tr class=\"table-details\" style=\"display: none;\"><td colspan=\"5\"><img decoding=\"async\" src=\"\" alt=\"\" style=\"max-width:100px;\"><br><div class=\"info\"><h1>Laufafell<\/h1><br><strong>Kontynent:<\/strong> <b>Europa<\/b><br><strong>Kraj:<\/strong> <b>Islandia<\/b><br><strong>Data zdobycia:<\/strong> <b>22 Jul 2023<\/b><br><strong>Info:<\/strong> <b>THE RIFT Iceland Gravel Race!<\/b><br><strong>Strava:<\/strong> <a style=\"color: white !important; font-size: 20px !important;\" href=\"https:\/\/www.strava.com\/activities\/9504898490\"><i class=\"fab fa-strava\"><\/i><\/a><br><\/div><\/td><\/tr><tr class=\"table-row\" data-expanded=\"false\"><td data-label=\"lp\">138<\/td><td data-label=\"kontynent\"><div style=\"display: flex; align-items: center; gap: 10px;\">Europa <img decoding=\"async\" style=\"width: 22px; height: 22px;\" src=\"https:\/\/project01.pixelt.pl\/wp-content\/uploads\/2025\/05\/Europa.png\" alt=\"Europa\" class=\"flag-icon\"><\/td><td data-label=\"kraj\"><div style=\"display: flex; align-items: center;\">Francja<img decoding=\"async\" src=\"https:\/\/flagsapi.com\/FR\/flat\/64.png\" alt=\"Francja Flag\" style=\"width: 22px !important; height: auto; margin-left: 5px;\"><\/td><td data-label=\"nazwa\"><b>Col du Marais<\/b><\/td><td data-label=\"wysokosc\">843 m<\/td><\/tr><tr class=\"table-details\" style=\"display: none;\"><td colspan=\"5\"><img decoding=\"async\" src=\"\" alt=\"\" style=\"max-width:100px;\"><br><div class=\"info\"><h1>Col du Marais<\/h1><br><strong>Kontynent:<\/strong> <b>Europa<\/b><br><strong>Kraj:<\/strong> <b>Francja<\/b><br><strong>Data zdobycia:<\/strong> <b>14 Aug 2021<\/b><br><strong>Info:<\/strong> <b>5 cols in a single ride<\/b><br><strong>Strava:<\/strong> <a style=\"color: white !important; font-size: 20px !important;\" href=\"https:\/\/www.strava.com\/activities\/5793482823\"><i class=\"fab fa-strava\"><\/i><\/a><br><\/div><\/td><\/tr><tr class=\"table-row\" data-expanded=\"false\"><td data-label=\"lp\">139<\/td><td data-label=\"kontynent\"><div style=\"display: flex; align-items: center; gap: 10px;\">Europa <img decoding=\"async\" style=\"width: 22px; height: 22px;\" src=\"https:\/\/project01.pixelt.pl\/wp-content\/uploads\/2025\/05\/Europa.png\" alt=\"Europa\" class=\"flag-icon\"><\/td><td data-label=\"kraj\"><div style=\"display: flex; align-items: center;\">Szwajcaria<img decoding=\"async\" src=\"https:\/\/flagsapi.com\/CH\/flat\/64.png\" alt=\"Szwajcaria Flag\" style=\"width: 22px !important; height: auto; margin-left: 5px;\"><\/td><td data-label=\"nazwa\"><b>Pr\u00eales<\/b><\/td><td data-label=\"wysokosc\">832 m<\/td><\/tr><tr class=\"table-details\" style=\"display: none;\"><td colspan=\"5\"><img decoding=\"async\" src=\"\" alt=\"\" style=\"max-width:100px;\"><br><div class=\"info\"><h1>Pr\u00eales<\/h1><br><strong>Kontynent:<\/strong> <b>Europa<\/b><br><strong>Kraj:<\/strong> <b>Szwajcaria<\/b><br><strong>Data zdobycia:<\/strong> <b>29 May 2022<\/b><br><strong>Info:<\/strong> <b>Lac de Bienne<\/b><br><strong>Strava:<\/strong> <a style=\"color: white !important; font-size: 20px !important;\" href=\"https:\/\/www.strava.com\/activities\/7223282228\"><i class=\"fab fa-strava\"><\/i><\/a><br><\/div><\/td><\/tr><tr class=\"table-row\" data-expanded=\"false\"><td data-label=\"lp\">140<\/td><td data-label=\"kontynent\"><div style=\"display: flex; align-items: center; gap: 10px;\">Europa <img decoding=\"async\" style=\"width: 22px; height: 22px;\" src=\"https:\/\/project01.pixelt.pl\/wp-content\/uploads\/2025\/05\/Europa.png\" alt=\"Europa\" class=\"flag-icon\"><\/td><td data-label=\"kraj\"><div style=\"display: flex; align-items: center;\">Francja<img decoding=\"async\" src=\"https:\/\/flagsapi.com\/FR\/flat\/64.png\" alt=\"Francja Flag\" style=\"width: 22px !important; height: auto; margin-left: 5px;\"><\/td><td data-label=\"nazwa\"><b>Pragondran<\/b><\/td><td data-label=\"wysokosc\">820 m<\/td><\/tr><tr class=\"table-details\" style=\"display: none;\"><td colspan=\"5\"><img decoding=\"async\" src=\"\" alt=\"\" style=\"max-width:100px;\"><br><div class=\"info\"><h1>Pragondran<\/h1><br><strong>Kontynent:<\/strong> <b>Europa<\/b><br><strong>Kraj:<\/strong> <b>Francja<\/b><br><strong>Data zdobycia:<\/strong> <b>22 Aug 2021<\/b><br><strong>Info:<\/strong> <b>Aix-les-Bains 4 Cols conquered<\/b><br><strong>Strava:<\/strong> <a style=\"color: white !important; font-size: 20px !important;\" href=\"https:\/\/www.strava.com\/activities\/5836841744\"><i class=\"fab fa-strava\"><\/i><\/a><br><\/div><\/td><\/tr><tr class=\"table-row\" data-expanded=\"false\"><td data-label=\"lp\">141<\/td><td data-label=\"kontynent\"><div style=\"display: flex; align-items: center; gap: 10px;\">Europa <img decoding=\"async\" style=\"width: 22px; height: 22px;\" src=\"https:\/\/project01.pixelt.pl\/wp-content\/uploads\/2025\/05\/Europa.png\" alt=\"Europa\" class=\"flag-icon\"><\/td><td data-label=\"kraj\"><div style=\"display: flex; align-items: center;\">Hiszpania<img decoding=\"async\" src=\"https:\/\/flagsapi.com\/ES\/flat\/64.png\" alt=\"Hiszpania Flag\" style=\"width: 22px !important; height: auto; margin-left: 5px;\"><\/td><td data-label=\"nazwa\"><b>Alto de Erro<\/b><\/td><td data-label=\"wysokosc\">801 m<\/td><\/tr><tr class=\"table-details\" style=\"display: none;\"><td colspan=\"5\"><img decoding=\"async\" src=\"\" alt=\"\" style=\"max-width:100px;\"><br><div class=\"info\"><h1>Alto de Erro<\/h1><br><strong>Kontynent:<\/strong> <b>Europa<\/b><br><strong>Kraj:<\/strong> <b>Hiszpania<\/b><br><strong>Data zdobycia:<\/strong> <b>14 Nov 2024<\/b><br><strong>Info:<\/strong> <b>W drodze do Santiago \/ Bike Trip Geneva - Santiago Day_20<\/b><br><strong>Strava:<\/strong> <a style=\"color: white !important; font-size: 20px !important;\" href=\"https:\/\/www.strava.com\/activities\/12900506289\"><i class=\"fab fa-strava\"><\/i><\/a><br><\/div><\/td><\/tr><tr class=\"table-row\" data-expanded=\"false\"><td data-label=\"lp\">142<\/td><td data-label=\"kontynent\"><div style=\"display: flex; align-items: center; gap: 10px;\">Europa <img decoding=\"async\" style=\"width: 22px; height: 22px;\" src=\"https:\/\/project01.pixelt.pl\/wp-content\/uploads\/2025\/05\/Europa.png\" alt=\"Europa\" class=\"flag-icon\"><\/td><td data-label=\"kraj\"><div style=\"display: flex; align-items: center;\">Francja<img decoding=\"async\" src=\"https:\/\/flagsapi.com\/FR\/flat\/64.png\" alt=\"Francja Flag\" style=\"width: 22px !important; height: auto; margin-left: 5px;\"><\/td><td data-label=\"nazwa\"><b>C\u00f4te de Domancy<\/b><\/td><td data-label=\"wysokosc\">789 m<\/td><\/tr><tr class=\"table-details\" style=\"display: none;\"><td colspan=\"5\"><img decoding=\"async\" src=\"\" alt=\"\" style=\"max-width:100px;\"><br><div class=\"info\"><h1>C\u00f4te de Domancy<\/h1><br><strong>Kontynent:<\/strong> <b>Europa<\/b><br><strong>Kraj:<\/strong> <b>Francja<\/b><br><strong>Data zdobycia:<\/strong> <b>28 Aug 2022<\/b><br><strong>Info:<\/strong> <b>Haute Route Alps, unofficial Stage_8 - come back home<\/b><br><strong>Strava:<\/strong> <a style=\"color: white !important; font-size: 20px !important;\" href=\"https:\/\/www.strava.com\/activities\/7716132820\"><i class=\"fab fa-strava\"><\/i><\/a><br><\/div><\/td><\/tr><tr class=\"table-row\" data-expanded=\"false\"><td data-label=\"lp\">143<\/td><td data-label=\"kontynent\"><div style=\"display: flex; align-items: center; gap: 10px;\">Europa <img decoding=\"async\" style=\"width: 22px; height: 22px;\" src=\"https:\/\/project01.pixelt.pl\/wp-content\/uploads\/2025\/05\/Europa.png\" alt=\"Europa\" class=\"flag-icon\"><\/td><td data-label=\"kraj\"><div style=\"display: flex; align-items: center;\">Francja<img decoding=\"async\" src=\"https:\/\/flagsapi.com\/FR\/flat\/64.png\" alt=\"Francja Flag\" style=\"width: 22px !important; height: auto; margin-left: 5px;\"><\/td><td data-label=\"nazwa\"><b>Montvernier<\/b><\/td><td data-label=\"wysokosc\">787 m<\/td><\/tr><tr class=\"table-details\" style=\"display: none;\"><td colspan=\"5\"><img decoding=\"async\" src=\"\" alt=\"\" style=\"max-width:100px;\"><br><div class=\"info\"><h1>Montvernier<\/h1><br><strong>Kontynent:<\/strong> <b>Europa<\/b><br><strong>Kraj:<\/strong> <b>Francja<\/b><br><strong>Data zdobycia:<\/strong> <b>07 Sep 2023<\/b><br><strong>Info:<\/strong> <b>Col du Chaussy climb via Lacets de Montvernier<\/b><br><strong>Strava:<\/strong> <a style=\"color: white !important; font-size: 20px !important;\" href=\"https:\/\/www.strava.com\/activities\/9803938941\"><i class=\"fab fa-strava\"><\/i><\/a><br><\/div><\/td><\/tr><tr class=\"table-row\" data-expanded=\"false\"><td data-label=\"lp\">144<\/td><td data-label=\"kontynent\"><div style=\"display: flex; align-items: center; gap: 10px;\">Europa <img decoding=\"async\" style=\"width: 22px; height: 22px;\" src=\"https:\/\/project01.pixelt.pl\/wp-content\/uploads\/2025\/05\/Europa.png\" alt=\"Europa\" class=\"flag-icon\"><\/td><td data-label=\"kraj\"><div style=\"display: flex; align-items: center;\">Islandia<img decoding=\"async\" src=\"https:\/\/flagsapi.com\/IS\/flat\/64.png\" alt=\"Islandia Flag\" style=\"width: 22px !important; height: auto; margin-left: 5px;\"><\/td><td data-label=\"nazwa\"><b>Krakatindur<\/b><\/td><td data-label=\"wysokosc\">769 m<\/td><\/tr><tr class=\"table-details\" style=\"display: none;\"><td colspan=\"5\"><img decoding=\"async\" src=\"\" alt=\"\" style=\"max-width:100px;\"><br><div class=\"info\"><h1>Krakatindur<\/h1><br><strong>Kontynent:<\/strong> <b>Europa<\/b><br><strong>Kraj:<\/strong> <b>Islandia<\/b><br><strong>Data zdobycia:<\/strong> <b>22 Jul 2023<\/b><br><strong>Info:<\/strong> <b>THE RIFT Iceland Gravel Race!<\/b><br><strong>Strava:<\/strong> <a style=\"color: white !important; font-size: 20px !important;\" href=\"https:\/\/www.strava.com\/activities\/9504898490\"><i class=\"fab fa-strava\"><\/i><\/a><br><\/div><\/td><\/tr><tr class=\"table-row\" data-expanded=\"false\"><td data-label=\"lp\">145<\/td><td data-label=\"kontynent\"><div style=\"display: flex; align-items: center; gap: 10px;\">Europa <img decoding=\"async\" style=\"width: 22px; height: 22px;\" src=\"https:\/\/project01.pixelt.pl\/wp-content\/uploads\/2025\/05\/Europa.png\" alt=\"Europa\" class=\"flag-icon\"><\/td><td data-label=\"kraj\"><div style=\"display: flex; align-items: center;\">Francja<img decoding=\"async\" src=\"https:\/\/flagsapi.com\/FR\/flat\/64.png\" alt=\"Francja Flag\" style=\"width: 22px !important; height: auto; margin-left: 5px;\"><\/td><td data-label=\"nazwa\"><b>Col de la Ligne<\/b><\/td><td data-label=\"wysokosc\">755 m<\/td><\/tr><tr class=\"table-details\" style=\"display: none;\"><td colspan=\"5\"><img decoding=\"async\" src=\"\" alt=\"\" style=\"max-width:100px;\"><br><div class=\"info\"><h1>Col de la Ligne<\/h1><br><strong>Kontynent:<\/strong> <b>Europa<\/b><br><strong>Kraj:<\/strong> <b>Francja<\/b><br><strong>Data zdobycia:<\/strong> <b>06 Oct 2023<\/b><br><strong>Info:<\/strong> <b>Haute Route Ventoux Stage_1<\/b><br><strong>Strava:<\/strong> <a style=\"color: white !important; font-size: 20px !important;\" href=\"https:\/\/www.strava.com\/activities\/9988336208\"><i class=\"fab fa-strava\"><\/i><\/a><br><\/div><\/td><\/tr><tr class=\"table-row\" data-expanded=\"false\"><td data-label=\"lp\">146<\/td><td data-label=\"kontynent\"><div style=\"display: flex; align-items: center; gap: 10px;\">Europa <img decoding=\"async\" style=\"width: 22px; height: 22px;\" src=\"https:\/\/project01.pixelt.pl\/wp-content\/uploads\/2025\/05\/Europa.png\" alt=\"Europa\" class=\"flag-icon\"><\/td><td data-label=\"kraj\"><div style=\"display: flex; align-items: center;\">Francja<img decoding=\"async\" src=\"https:\/\/flagsapi.com\/FR\/flat\/64.png\" alt=\"Francja Flag\" style=\"width: 22px !important; height: auto; margin-left: 5px;\"><\/td><td data-label=\"nazwa\"><b>Ontex<\/b><\/td><td data-label=\"wysokosc\">721 m<\/td><\/tr><tr class=\"table-details\" style=\"display: none;\"><td colspan=\"5\"><img decoding=\"async\" src=\"\" alt=\"\" style=\"max-width:100px;\"><br><div class=\"info\"><h1>Ontex<\/h1><br><strong>Kontynent:<\/strong> <b>Europa<\/b><br><strong>Kraj:<\/strong> <b>Francja<\/b><br><strong>Data zdobycia:<\/strong> <b>23 Jul 2022<\/b><br><strong>Info:<\/strong> <b>Lac du Bourget<\/b><br><strong>Strava:<\/strong> <a style=\"color: white !important; font-size: 20px !important;\" href=\"https:\/\/www.strava.com\/activities\/7516471899\"><i class=\"fab fa-strava\"><\/i><\/a><br><\/div><\/td><\/tr><tr class=\"table-row\" data-expanded=\"false\"><td data-label=\"lp\">147<\/td><td data-label=\"kontynent\"><div style=\"display: flex; align-items: center; gap: 10px;\">Europa <img decoding=\"async\" style=\"width: 22px; height: 22px;\" src=\"https:\/\/project01.pixelt.pl\/wp-content\/uploads\/2025\/05\/Europa.png\" alt=\"Europa\" class=\"flag-icon\"><\/td><td data-label=\"kraj\"><div style=\"display: flex; align-items: center;\">Francja<img decoding=\"async\" src=\"https:\/\/flagsapi.com\/FR\/flat\/64.png\" alt=\"Francja Flag\" style=\"width: 22px !important; height: auto; margin-left: 5px;\"><\/td><td data-label=\"nazwa\"><b>C\u00f4te de la Mulaz<\/b><\/td><td data-label=\"wysokosc\">720 m<\/td><\/tr><tr class=\"table-details\" style=\"display: none;\"><td colspan=\"5\"><img decoding=\"async\" src=\"\" alt=\"\" style=\"max-width:100px;\"><br><div class=\"info\"><h1>C\u00f4te de la Mulaz<\/h1><br><strong>Kontynent:<\/strong> <b>Europa<\/b><br><strong>Kraj:<\/strong> <b>Francja<\/b><br><strong>Data zdobycia:<\/strong> <b>27 Jun 2021<\/b><br><strong>Info:<\/strong> <b>Around Jura with 3 climbs<\/b><br><strong>Strava:<\/strong> <a style=\"color: white !important; font-size: 20px !important;\" href=\"https:\/\/www.strava.com\/activities\/5539246520\"><i class=\"fab fa-strava\"><\/i><\/a><br><\/div><\/td><\/tr><tr class=\"table-row\" data-expanded=\"false\"><td data-label=\"lp\">148<\/td><td data-label=\"kontynent\"><div style=\"display: flex; align-items: center; gap: 10px;\">Europa <img decoding=\"async\" style=\"width: 22px; height: 22px;\" src=\"https:\/\/project01.pixelt.pl\/wp-content\/uploads\/2025\/05\/Europa.png\" alt=\"Europa\" class=\"flag-icon\"><\/td><td data-label=\"kraj\"><div style=\"display: flex; align-items: center;\">Szwajcaria<img decoding=\"async\" src=\"https:\/\/flagsapi.com\/CH\/flat\/64.png\" alt=\"Szwajcaria Flag\" style=\"width: 22px !important; height: auto; margin-left: 5px;\"><\/td><td data-label=\"nazwa\"><b>Sankt-Luzisteig<\/b><\/td><td data-label=\"wysokosc\">716 m<\/td><\/tr><tr class=\"table-details\" style=\"display: none;\"><td colspan=\"5\"><img decoding=\"async\" src=\"\" alt=\"\" style=\"max-width:100px;\"><br><div class=\"info\"><h1>Sankt-Luzisteig<\/h1><br><strong>Kontynent:<\/strong> <b>Europa<\/b><br><strong>Kraj:<\/strong> <b>Szwajcaria<\/b><br><strong>Data zdobycia:<\/strong> <b>30 Jul 2022<\/b><br><strong>Info:<\/strong> <b>Cycling on Swiss-Liechtenstein border Day_1<\/b><br><strong>Strava:<\/strong> <a style=\"color: white !important; font-size: 20px !important;\" href=\"https:\/\/www.strava.com\/activities\/7556053089\"><i class=\"fab fa-strava\"><\/i><\/a><br><\/div><\/td><\/tr><tr class=\"table-row\" data-expanded=\"false\"><td data-label=\"lp\">149<\/td><td data-label=\"kontynent\"><div style=\"display: flex; align-items: center; gap: 10px;\">Europa <img decoding=\"async\" style=\"width: 22px; height: 22px;\" src=\"https:\/\/project01.pixelt.pl\/wp-content\/uploads\/2025\/05\/Europa.png\" alt=\"Europa\" class=\"flag-icon\"><\/td><td data-label=\"kraj\"><div style=\"display: flex; align-items: center;\">Francja<img decoding=\"async\" src=\"https:\/\/flagsapi.com\/FR\/flat\/64.png\" alt=\"Francja Flag\" style=\"width: 22px !important; height: auto; margin-left: 5px;\"><\/td><td data-label=\"nazwa\"><b>Col du Banchet<\/b><\/td><td data-label=\"wysokosc\">673 m<\/td><\/tr><tr class=\"table-details\" style=\"display: none;\"><td colspan=\"5\"><img decoding=\"async\" src=\"\" alt=\"\" style=\"max-width:100px;\"><br><div class=\"info\"><h1>Col du Banchet<\/h1><br><strong>Kontynent:<\/strong> <b>Europa<\/b><br><strong>Kraj:<\/strong> <b>Francja<\/b><br><strong>Data zdobycia:<\/strong> <b>29 Oct 2024<\/b><br><strong>Info:<\/strong> <b>W drodze do Santiago \/ Bike Trip Geneva - Santiago Day_4<\/b><br><strong>Strava:<\/strong> <a style=\"color: white !important; font-size: 20px !important;\" href=\"https:\/\/www.strava.com\/activities\/12775080340\"><i class=\"fab fa-strava\"><\/i><\/a><br><\/div><\/td><\/tr><tr class=\"table-row\" data-expanded=\"false\"><td data-label=\"lp\">150<\/td><td data-label=\"kontynent\"><div style=\"display: flex; align-items: center; gap: 10px;\">Europa <img decoding=\"async\" style=\"width: 22px; height: 22px;\" src=\"https:\/\/project01.pixelt.pl\/wp-content\/uploads\/2025\/05\/Europa.png\" alt=\"Europa\" class=\"flag-icon\"><\/td><td data-label=\"kraj\"><div style=\"display: flex; align-items: center;\">Francja<img decoding=\"async\" src=\"https:\/\/flagsapi.com\/FR\/flat\/64.png\" alt=\"Francja Flag\" style=\"width: 22px !important; height: auto; margin-left: 5px;\"><\/td><td data-label=\"nazwa\"><b>Col de la Chambotte<\/b><\/td><td data-label=\"wysokosc\">650 m<\/td><\/tr><tr class=\"table-details\" style=\"display: none;\"><td colspan=\"5\"><img decoding=\"async\" src=\"\" alt=\"\" style=\"max-width:100px;\"><br><div class=\"info\"><h1>Col de la Chambotte<\/h1><br><strong>Kontynent:<\/strong> <b>Europa<\/b><br><strong>Kraj:<\/strong> <b>Francja<\/b><br><strong>Data zdobycia:<\/strong> <b>21 Aug 2021<\/b><br><strong>Info:<\/strong> <b>Aix-les-Bains tour du Lac avec 5 Cols<\/b><br><strong>Strava:<\/strong> <a style=\"color: white !important; font-size: 20px !important;\" href=\"https:\/\/www.strava.com\/activities\/5830818002\"><i class=\"fab fa-strava\"><\/i><\/a><br><\/div><\/td><\/tr><tr class=\"table-row\" data-expanded=\"false\"><td data-label=\"lp\">151<\/td><td data-label=\"kontynent\"><div style=\"display: flex; align-items: center; gap: 10px;\">Europa <img decoding=\"async\" style=\"width: 22px; height: 22px;\" src=\"https:\/\/project01.pixelt.pl\/wp-content\/uploads\/2025\/05\/Europa.png\" alt=\"Europa\" class=\"flag-icon\"><\/td><td data-label=\"kraj\"><div style=\"display: flex; align-items: center;\">Francja<img decoding=\"async\" src=\"https:\/\/flagsapi.com\/FR\/flat\/64.png\" alt=\"Francja Flag\" style=\"width: 22px !important; height: auto; margin-left: 5px;\"><\/td><td data-label=\"nazwa\"><b>Col du Chat<\/b><\/td><td data-label=\"wysokosc\">638 m<\/td><\/tr><tr class=\"table-details\" style=\"display: none;\"><td colspan=\"5\"><img decoding=\"async\" src=\"\" alt=\"\" style=\"max-width:100px;\"><br><div class=\"info\"><h1>Col du Chat<\/h1><br><strong>Kontynent:<\/strong> <b>Europa<\/b><br><strong>Kraj:<\/strong> <b>Francja<\/b><br><strong>Data zdobycia:<\/strong> <b>21 Aug 2021<\/b><br><strong>Info:<\/strong> <b>Aix-les-Bains tour du Lac avec 5 Cols<\/b><br><strong>Strava:<\/strong> <a style=\"color: white !important; font-size: 20px !important;\" href=\"https:\/\/www.strava.com\/activities\/5830818002\"><i class=\"fab fa-strava\"><\/i><\/a><br><\/div><\/td><\/tr><tr class=\"table-row\" data-expanded=\"false\"><td data-label=\"lp\">152<\/td><td data-label=\"kontynent\"><div style=\"display: flex; align-items: center; gap: 10px;\">Europa <img decoding=\"async\" style=\"width: 22px; height: 22px;\" src=\"https:\/\/project01.pixelt.pl\/wp-content\/uploads\/2025\/05\/Europa.png\" alt=\"Europa\" class=\"flag-icon\"><\/td><td data-label=\"kraj\"><div style=\"display: flex; align-items: center;\">Francja<img decoding=\"async\" src=\"https:\/\/flagsapi.com\/FR\/flat\/64.png\" alt=\"Francja Flag\" style=\"width: 22px !important; height: auto; margin-left: 5px;\"><\/td><td data-label=\"nazwa\"><b>Col du Murs<\/b><\/td><td data-label=\"wysokosc\">626 m<\/td><\/tr><tr class=\"table-details\" style=\"display: none;\"><td colspan=\"5\"><img decoding=\"async\" src=\"\" alt=\"\" style=\"max-width:100px;\"><br><div class=\"info\"><h1>Col du Murs<\/h1><br><strong>Kontynent:<\/strong> <b>Europa<\/b><br><strong>Kraj:<\/strong> <b>Francja<\/b><br><strong>Data zdobycia:<\/strong> <b>06 Oct 2023<\/b><br><strong>Info:<\/strong> <b>Haute Route Ventoux Stage_1<\/b><br><strong>Strava:<\/strong> <a style=\"color: white !important; font-size: 20px !important;\" href=\"https:\/\/www.strava.com\/activities\/9988336208\"><i class=\"fab fa-strava\"><\/i><\/a><br><\/div><\/td><\/tr><tr class=\"table-row\" data-expanded=\"false\"><td data-label=\"lp\">153<\/td><td data-label=\"kontynent\"><div style=\"display: flex; align-items: center; gap: 10px;\">Azja <img decoding=\"async\" style=\"width: 22px; height: 22px;\" src=\"https:\/\/project01.pixelt.pl\/wp-content\/uploads\/2025\/05\/Azja.png\" alt=\"Azja\" class=\"flag-icon\"><\/td><td data-label=\"kraj\"><div style=\"display: flex; align-items: center;\">Tajwan<img decoding=\"async\" src=\"https:\/\/flagsapi.com\/TW\/flat\/64.png\" alt=\"Tajwan Flag\" style=\"width: 22px !important; height: auto; margin-left: 5px;\"><\/td><td data-label=\"nazwa\"><b>Jinguashishan<\/b><\/td><td data-label=\"wysokosc\">533 m<\/td><\/tr><tr class=\"table-details\" style=\"display: none;\"><td colspan=\"5\"><img decoding=\"async\" src=\"\" alt=\"\" style=\"max-width:100px;\"><br><div class=\"info\"><h1>Jinguashishan<\/h1><br><strong>Kontynent:<\/strong> <b>Azja<\/b><br><strong>Kraj:<\/strong> <b>Tajwan<\/b><br><strong>Data zdobycia:<\/strong> <b>23 Oct 2023<\/b><br><strong>Info:<\/strong> <b>Taiwan KOM Tour Day_3 Taipei - Yilan<\/b><br><strong>Strava:<\/strong> <a style=\"color: white !important; font-size: 20px !important;\" href=\"https:\/\/www.strava.com\/activities\/10089469532\"><i class=\"fab fa-strava\"><\/i><\/a><br><\/div><\/td><\/tr><tr class=\"table-row\" data-expanded=\"false\"><td data-label=\"lp\">154<\/td><td data-label=\"kontynent\"><div style=\"display: flex; align-items: center; gap: 10px;\">Azja <img decoding=\"async\" style=\"width: 22px; height: 22px;\" src=\"https:\/\/project01.pixelt.pl\/wp-content\/uploads\/2025\/05\/Azja.png\" alt=\"Azja\" class=\"flag-icon\"><\/td><td data-label=\"kraj\"><div style=\"display: flex; align-items: center;\">Tajwan<img decoding=\"async\" src=\"https:\/\/flagsapi.com\/TW\/flat\/64.png\" alt=\"Tajwan Flag\" style=\"width: 22px !important; height: auto; margin-left: 5px;\"><\/td><td data-label=\"nazwa\"><b>Sanjiao Jian<\/b><\/td><td data-label=\"wysokosc\">497 m<\/td><\/tr><tr class=\"table-details\" style=\"display: none;\"><td colspan=\"5\"><img decoding=\"async\" src=\"\" alt=\"\" style=\"max-width:100px;\"><br><div class=\"info\"><h1>Sanjiao Jian<\/h1><br><strong>Kontynent:<\/strong> <b>Azja<\/b><br><strong>Kraj:<\/strong> <b>Tajwan<\/b><br><strong>Data zdobycia:<\/strong> <b>23 Oct 2023<\/b><br><strong>Info:<\/strong> <b>Taiwan KOM Tour Day_3 Taipei - Yilan<\/b><br><strong>Strava:<\/strong> <a style=\"color: white !important; font-size: 20px !important;\" href=\"https:\/\/www.strava.com\/activities\/10089469532\"><i class=\"fab fa-strava\"><\/i><\/a><br><\/div><\/td><\/tr><tr class=\"table-row\" data-expanded=\"false\"><td data-label=\"lp\">155<\/td><td data-label=\"kontynent\"><div style=\"display: flex; align-items: center; gap: 10px;\">Europa <img decoding=\"async\" style=\"width: 22px; height: 22px;\" src=\"https:\/\/project01.pixelt.pl\/wp-content\/uploads\/2025\/05\/Europa.png\" alt=\"Europa\" class=\"flag-icon\"><\/td><td data-label=\"kraj\"><div style=\"display: flex; align-items: center;\">Francja<img decoding=\"async\" src=\"https:\/\/flagsapi.com\/FR\/flat\/64.png\" alt=\"Francja Flag\" style=\"width: 22px !important; height: auto; margin-left: 5px;\"><\/td><td data-label=\"nazwa\"><b>Col de la Chaine<\/b><\/td><td data-label=\"wysokosc\">472 m<\/td><\/tr><tr class=\"table-details\" style=\"display: none;\"><td colspan=\"5\"><img decoding=\"async\" src=\"\" alt=\"\" style=\"max-width:100px;\"><br><div class=\"info\"><h1>Col de la Chaine<\/h1><br><strong>Kontynent:<\/strong> <b>Europa<\/b><br><strong>Kraj:<\/strong> <b>Francja<\/b><br><strong>Data zdobycia:<\/strong> <b>07 Oct 2023<\/b><br><strong>Info:<\/strong> <b>Haute Route Ventoux Stage_2<\/b><br><strong>Strava:<\/strong> <a style=\"color: white !important; font-size: 20px !important;\" href=\"https:\/\/www.strava.com\/activities\/9994590926\"><i class=\"fab fa-strava\"><\/i><\/a><br><\/div><\/td><\/tr><tr class=\"table-row\" data-expanded=\"false\"><td data-label=\"lp\">156<\/td><td data-label=\"kontynent\"><div style=\"display: flex; align-items: center; gap: 10px;\">Europa <img decoding=\"async\" style=\"width: 22px; height: 22px;\" src=\"https:\/\/project01.pixelt.pl\/wp-content\/uploads\/2025\/05\/Europa.png\" alt=\"Europa\" class=\"flag-icon\"><\/td><td data-label=\"kraj\"><div style=\"display: flex; align-items: center;\">Francja<img decoding=\"async\" src=\"https:\/\/flagsapi.com\/FR\/flat\/64.png\" alt=\"Francja Flag\" style=\"width: 22px !important; height: auto; margin-left: 5px;\"><\/td><td data-label=\"nazwa\"><b>Col des Astauds<\/b><\/td><td data-label=\"wysokosc\">467 m<\/td><\/tr><tr class=\"table-details\" style=\"display: none;\"><td colspan=\"5\"><img decoding=\"async\" src=\"\" alt=\"\" style=\"max-width:100px;\"><br><div class=\"info\"><h1>Col des Astauds<\/h1><br><strong>Kontynent:<\/strong> <b>Europa<\/b><br><strong>Kraj:<\/strong> <b>Francja<\/b><br><strong>Data zdobycia:<\/strong> <b>07 Oct 2023<\/b><br><strong>Info:<\/strong> <b>Haute Route Ventoux Stage_2<\/b><br><strong>Strava:<\/strong> <a style=\"color: white !important; font-size: 20px !important;\" href=\"https:\/\/www.strava.com\/activities\/9994590926\"><i class=\"fab fa-strava\"><\/i><\/a><br><\/div><\/td><\/tr><tr class=\"table-row\" data-expanded=\"false\"><td data-label=\"lp\">157<\/td><td data-label=\"kontynent\"><div style=\"display: flex; align-items: center; gap: 10px;\">Azja <img decoding=\"async\" style=\"width: 22px; height: 22px;\" src=\"https:\/\/project01.pixelt.pl\/wp-content\/uploads\/2025\/05\/Azja.png\" alt=\"Azja\" class=\"flag-icon\"><\/td><td data-label=\"kraj\"><div style=\"display: flex; align-items: center;\">Tajwan<img decoding=\"async\" src=\"https:\/\/flagsapi.com\/TW\/flat\/64.png\" alt=\"Tajwan Flag\" style=\"width: 22px !important; height: auto; margin-left: 5px;\"><\/td><td data-label=\"nazwa\"><b>Balianxitou<\/b><\/td><td data-label=\"wysokosc\">410 m<\/td><\/tr><tr class=\"table-details\" style=\"display: none;\"><td colspan=\"5\"><img decoding=\"async\" src=\"\" alt=\"\" style=\"max-width:100px;\"><br><div class=\"info\"><h1>Balianxitou<\/h1><br><strong>Kontynent:<\/strong> <b>Azja<\/b><br><strong>Kraj:<\/strong> <b>Tajwan<\/b><br><strong>Data zdobycia:<\/strong> <b>22 Oct 2023<\/b><br><strong>Info:<\/strong> <b>Taiwan KOM Tour Day_2 Yangmingshan National Park<\/b><br><strong>Strava:<\/strong> <a style=\"color: white !important; font-size: 20px !important;\" href=\"https:\/\/www.strava.com\/activities\/10082536579\"><i class=\"fab fa-strava\"><\/i><\/a><br><\/div><\/td><\/tr><tr class=\"table-row\" data-expanded=\"false\"><td data-label=\"lp\">158<\/td><td data-label=\"kontynent\"><div style=\"display: flex; align-items: center; gap: 10px;\">Azja <img decoding=\"async\" style=\"width: 22px; height: 22px;\" src=\"https:\/\/project01.pixelt.pl\/wp-content\/uploads\/2025\/05\/Azja.png\" alt=\"Azja\" class=\"flag-icon\"><\/td><td data-label=\"kraj\"><div style=\"display: flex; align-items: center;\">Tajwan<img decoding=\"async\" src=\"https:\/\/flagsapi.com\/TW\/flat\/64.png\" alt=\"Tajwan Flag\" style=\"width: 22px !important; height: auto; margin-left: 5px;\"><\/td><td data-label=\"nazwa\"><b>Yuanshandun<\/b><\/td><td data-label=\"wysokosc\">380 m<\/td><\/tr><tr class=\"table-details\" style=\"display: none;\"><td colspan=\"5\"><img decoding=\"async\" src=\"\" alt=\"\" style=\"max-width:100px;\"><br><div class=\"info\"><h1>Yuanshandun<\/h1><br><strong>Kontynent:<\/strong> <b>Azja<\/b><br><strong>Kraj:<\/strong> <b>Tajwan<\/b><br><strong>Data zdobycia:<\/strong> <b>22 Oct 2023<\/b><br><strong>Info:<\/strong> <b>Taiwan KOM Tour Day_2 Yangmingshan National Park<\/b><br><strong>Strava:<\/strong> <a style=\"color: white !important; font-size: 20px !important;\" href=\"https:\/\/www.strava.com\/activities\/10082536579\"><i class=\"fab fa-strava\"><\/i><\/a><br><\/div><\/td><\/tr><tr class=\"table-row\" data-expanded=\"false\"><td data-label=\"lp\">159<\/td><td data-label=\"kontynent\"><div style=\"display: flex; align-items: center; gap: 10px;\">Azja <img decoding=\"async\" style=\"width: 22px; height: 22px;\" src=\"https:\/\/project01.pixelt.pl\/wp-content\/uploads\/2025\/05\/Azja.png\" alt=\"Azja\" class=\"flag-icon\"><\/td><td data-label=\"kraj\"><div style=\"display: flex; align-items: center;\">Tajwan<img decoding=\"async\" src=\"https:\/\/flagsapi.com\/TW\/flat\/64.png\" alt=\"Tajwan Flag\" style=\"width: 22px !important; height: auto; margin-left: 5px;\"><\/td><td data-label=\"nazwa\"><b>Shidiguanyinshan<\/b><\/td><td data-label=\"wysokosc\">293 m<\/td><\/tr><tr class=\"table-details\" style=\"display: none;\"><td colspan=\"5\"><img decoding=\"async\" src=\"\" alt=\"\" style=\"max-width:100px;\"><br><div class=\"info\"><h1>Shidiguanyinshan<\/h1><br><strong>Kontynent:<\/strong> <b>Azja<\/b><br><strong>Kraj:<\/strong> <b>Tajwan<\/b><br><strong>Data zdobycia:<\/strong> <b>23 Oct 2023<\/b><br><strong>Info:<\/strong> <b>Taiwan KOM Tour Day_3 Taipei - Yilan<\/b><br><strong>Strava:<\/strong> <a style=\"color: white !important; font-size: 20px !important;\" href=\"https:\/\/www.strava.com\/activities\/10089469532\"><i class=\"fab fa-strava\"><\/i><\/a><br><\/div><\/td><\/tr><tr class=\"table-row\" data-expanded=\"false\"><td data-label=\"lp\">160<\/td><td data-label=\"kontynent\"><div style=\"display: flex; align-items: center; gap: 10px;\">Azja <img decoding=\"async\" style=\"width: 22px; height: 22px;\" src=\"https:\/\/project01.pixelt.pl\/wp-content\/uploads\/2025\/05\/Azja.png\" alt=\"Azja\" class=\"flag-icon\"><\/td><td data-label=\"kraj\"><div style=\"display: flex; align-items: center;\">Tajwan<img decoding=\"async\" src=\"https:\/\/flagsapi.com\/TW\/flat\/64.png\" alt=\"Tajwan Flag\" style=\"width: 22px !important; height: auto; margin-left: 5px;\"><\/td><td data-label=\"nazwa\"><b>Baishijiao<\/b><\/td><td data-label=\"wysokosc\">291 m<\/td><\/tr><tr class=\"table-details\" style=\"display: none;\"><td colspan=\"5\"><img decoding=\"async\" src=\"\" alt=\"\" style=\"max-width:100px;\"><br><div class=\"info\"><h1>Baishijiao<\/h1><br><strong>Kontynent:<\/strong> <b>Azja<\/b><br><strong>Kraj:<\/strong> <b>Tajwan<\/b><br><strong>Data zdobycia:<\/strong> <b>22 Oct 2023<\/b><br><strong>Info:<\/strong> <b>Taiwan KOM Tour Day_2 Yangmingshan National Park<\/b><br><strong>Strava:<\/strong> <a style=\"color: white !important; font-size: 20px !important;\" href=\"https:\/\/www.strava.com\/activities\/10082536579\"><i class=\"fab fa-strava\"><\/i><\/a><br><\/div><\/td><\/tr><tr class=\"table-row\" data-expanded=\"false\"><td data-label=\"lp\">161<\/td><td data-label=\"kontynent\"><div style=\"display: flex; align-items: center; gap: 10px;\">Azja <img decoding=\"async\" style=\"width: 22px; height: 22px;\" src=\"https:\/\/project01.pixelt.pl\/wp-content\/uploads\/2025\/05\/Azja.png\" alt=\"Azja\" class=\"flag-icon\"><\/td><td data-label=\"kraj\"><div style=\"display: flex; align-items: center;\">Tajwan<img decoding=\"async\" src=\"https:\/\/flagsapi.com\/TW\/flat\/64.png\" alt=\"Tajwan Flag\" style=\"width: 22px !important; height: auto; margin-left: 5px;\"><\/td><td data-label=\"nazwa\"><b>Jiannan Hill<\/b><\/td><td data-label=\"wysokosc\">203 m<\/td><\/tr><tr class=\"table-details\" style=\"display: none;\"><td colspan=\"5\"><img decoding=\"async\" src=\"\" alt=\"\" style=\"max-width:100px;\"><br><div class=\"info\"><h1>Jiannan Hill<\/h1><br><strong>Kontynent:<\/strong> <b>Azja<\/b><br><strong>Kraj:<\/strong> <b>Tajwan<\/b><br><strong>Data zdobycia:<\/strong> <b>23 Oct 2023<\/b><br><strong>Info:<\/strong> <b>Taiwan KOM Tour Day_3 Taipei - Yilan<\/b><br><strong>Strava:<\/strong> <a style=\"color: white !important; font-size: 20px !important;\" href=\"https:\/\/www.strava.com\/activities\/10089469532\"><i class=\"fab fa-strava\"><\/i><\/a><br><\/div><\/td><\/tr><tr class=\"table-row\" data-expanded=\"false\"><td data-label=\"lp\">162<\/td><td data-label=\"kontynent\"><div style=\"display: flex; align-items: center; gap: 10px;\">Europa <img decoding=\"async\" style=\"width: 22px; height: 22px;\" src=\"https:\/\/project01.pixelt.pl\/wp-content\/uploads\/2025\/05\/Europa.png\" alt=\"Europa\" class=\"flag-icon\"><\/td><td data-label=\"kraj\"><div style=\"display: flex; align-items: center;\">Islandia<img decoding=\"async\" src=\"https:\/\/flagsapi.com\/IS\/flat\/64.png\" alt=\"Islandia Flag\" style=\"width: 22px !important; height: auto; margin-left: 5px;\"><\/td><td data-label=\"nazwa\"><b>Fjalgar\u00f0ur<\/b><\/td><td data-label=\"wysokosc\">197 m<\/td><\/tr><tr class=\"table-details\" style=\"display: none;\"><td colspan=\"5\"><img decoding=\"async\" src=\"\" alt=\"\" style=\"max-width:100px;\"><br><div class=\"info\"><h1>Fjalgar\u00f0ur<\/h1><br><strong>Kontynent:<\/strong> <b>Europa<\/b><br><strong>Kraj:<\/strong> <b>Islandia<\/b><br><strong>Data zdobycia:<\/strong> <b>22 Jul 2023<\/b><br><strong>Info:<\/strong> <b>THE RIFT Iceland Gravel Race!<\/b><br><strong>Strava:<\/strong> <a style=\"color: white !important; font-size: 20px !important;\" href=\"https:\/\/www.strava.com\/activities\/9504898490\"><i class=\"fab fa-strava\"><\/i><\/a><br><\/div><\/td><\/tr><tr class=\"table-row\" data-expanded=\"false\"><td data-label=\"lp\">163<\/td><td data-label=\"kontynent\"><div style=\"display: flex; align-items: center; gap: 10px;\">Azja <img decoding=\"async\" style=\"width: 22px; height: 22px;\" src=\"https:\/\/project01.pixelt.pl\/wp-content\/uploads\/2025\/05\/Azja.png\" alt=\"Azja\" class=\"flag-icon\"><\/td><td data-label=\"kraj\"><div style=\"display: flex; align-items: center;\">Tajwan<img decoding=\"async\" src=\"https:\/\/flagsapi.com\/TW\/flat\/64.png\" alt=\"Tajwan Flag\" style=\"width: 22px !important; height: auto; margin-left: 5px;\"><\/td><td data-label=\"nazwa\"><b>Liyu Lake<\/b><\/td><td data-label=\"wysokosc\">196 m<\/td><\/tr><tr class=\"table-details\" style=\"display: none;\"><td colspan=\"5\"><img decoding=\"async\" src=\"\" alt=\"\" style=\"max-width:100px;\"><br><div class=\"info\"><h1>Liyu Lake<\/h1><br><strong>Kontynent:<\/strong> <b>Azja<\/b><br><strong>Kraj:<\/strong> <b>Tajwan<\/b><br><strong>Data zdobycia:<\/strong> <b>25 Oct 2023<\/b><br><strong>Info:<\/strong> <b>Taiwan KOM Tour Day_5 Liyu Lake<\/b><br><strong>Strava:<\/strong> <a style=\"color: white !important; font-size: 20px !important;\" href=\"https:\/\/www.strava.com\/activities\/10100480722\"><i class=\"fab fa-strava\"><\/i><\/a><br><\/div><\/td><\/tr><tr class=\"table-row\" data-expanded=\"false\"><td data-label=\"lp\">164<\/td><td data-label=\"kontynent\"><div style=\"display: flex; align-items: center; gap: 10px;\">Azja <img decoding=\"async\" style=\"width: 22px; height: 22px;\" src=\"https:\/\/project01.pixelt.pl\/wp-content\/uploads\/2025\/05\/Azja.png\" alt=\"Azja\" class=\"flag-icon\"><\/td><td data-label=\"kraj\"><div style=\"display: flex; align-items: center;\">Tajwan<img decoding=\"async\" src=\"https:\/\/flagsapi.com\/TW\/flat\/64.png\" alt=\"Tajwan Flag\" style=\"width: 22px !important; height: auto; margin-left: 5px;\"><\/td><td data-label=\"nazwa\"><b>Qiaotou<\/b><\/td><td data-label=\"wysokosc\">166 m<\/td><\/tr><tr class=\"table-details\" style=\"display: none;\"><td colspan=\"5\"><img decoding=\"async\" src=\"\" alt=\"\" style=\"max-width:100px;\"><br><div class=\"info\"><h1>Qiaotou<\/h1><br><strong>Kontynent:<\/strong> <b>Azja<\/b><br><strong>Kraj:<\/strong> <b>Tajwan<\/b><br><strong>Data zdobycia:<\/strong> <b>22 Oct 2023<\/b><br><strong>Info:<\/strong> <b>Taiwan KOM Tour Day_2 Yangmingshan National Park<\/b><br><strong>Strava:<\/strong> <a style=\"color: white !important; font-size: 20px !important;\" href=\"https:\/\/www.strava.com\/activities\/10082536579\"><i class=\"fab fa-strava\"><\/i><\/a><br><\/div><\/td><\/tr><tr class=\"table-row\" data-expanded=\"false\"><td data-label=\"lp\">165<\/td><td data-label=\"kontynent\"><div style=\"display: flex; align-items: center; gap: 10px;\">Azja <img decoding=\"async\" style=\"width: 22px; height: 22px;\" src=\"https:\/\/project01.pixelt.pl\/wp-content\/uploads\/2025\/05\/Azja.png\" alt=\"Azja\" class=\"flag-icon\"><\/td><td data-label=\"kraj\"><div style=\"display: flex; align-items: center;\">Tajwan<img decoding=\"async\" src=\"https:\/\/flagsapi.com\/TW\/flat\/64.png\" alt=\"Tajwan Flag\" style=\"width: 22px !important; height: auto; margin-left: 5px;\"><\/td><td data-label=\"nazwa\"><b>193 Yuemei Road<\/b><\/td><td data-label=\"wysokosc\">116 m<\/td><\/tr><tr class=\"table-details\" style=\"display: none;\"><td colspan=\"5\"><img decoding=\"async\" src=\"\" alt=\"\" style=\"max-width:100px;\"><br><div class=\"info\"><h1>193 Yuemei Road<\/h1><br><strong>Kontynent:<\/strong> <b>Azja<\/b><br><strong>Kraj:<\/strong> <b>Tajwan<\/b><br><strong>Data zdobycia:<\/strong> <b>25 Oct 2023<\/b><br><strong>Info:<\/strong> <b>Taiwan KOM Tour Day_5 Liyu Lake<\/b><br><strong>Strava:<\/strong> <a style=\"color: white !important; font-size: 20px !important;\" href=\"https:\/\/www.strava.com\/activities\/10100480722\"><i class=\"fab fa-strava\"><\/i><\/a><br><\/div><\/td><\/tr><\/tbody><\/table><\/div>\t\t\t\t<\/div>\n\t\t\t\t<\/div>\n\t\t\t\t\t<\/div>\n\t\t\t\t<\/div>\n\t\t\t\t<\/div>\n\t\t","protected":false},"excerpt":{"rendered":"<p>Zdobyte na rowerze prze\u0142\u0119cze g\u00f3rskie w latach 2021-2025 165 I came, I saw, I climbed! mountain passes Szwajcaria: 38Francja: 90W\u0142ochy: 15 Hiszpania: 6Liechtenstein: 1Islandia: 4 Tajwan: 11 Lp. Kontynent Kraj Nazwa prze\u0142\u0119czy Wysoko\u015b\u0107 1 Europa Francja Col de l&#039;Iseran 2770 m Col de l&#039;Iseran Kontynent: EuropaKraj: Francja StravaData zdobycia: 00.00.0000Info: Lorem 2 Europa Francja Col [&hellip;]<\/p>\n","protected":false},"author":1,"featured_media":0,"parent":0,"menu_order":0,"comment_status":"closed","ping_status":"closed","template":"","meta":{"footnotes":""},"class_list":["post-106","page","type-page","status-publish","hentry"],"wpts_trip_summary":{"status":{"has_route_track":false,"has_route_info":false},"route_info":null,"route_track":null},"_links":{"self":[{"href":"https:\/\/michalgalka.bike\/index.php?rest_route=\/wp\/v2\/pages\/106","targetHints":{"allow":["GET"]}}],"collection":[{"href":"https:\/\/michalgalka.bike\/index.php?rest_route=\/wp\/v2\/pages"}],"about":[{"href":"https:\/\/michalgalka.bike\/index.php?rest_route=\/wp\/v2\/types\/page"}],"author":[{"embeddable":true,"href":"https:\/\/michalgalka.bike\/index.php?rest_route=\/wp\/v2\/users\/1"}],"replies":[{"embeddable":true,"href":"https:\/\/michalgalka.bike\/index.php?rest_route=%2Fwp%2Fv2%2Fcomments&post=106"}],"version-history":[{"count":134,"href":"https:\/\/michalgalka.bike\/index.php?rest_route=\/wp\/v2\/pages\/106\/revisions"}],"predecessor-version":[{"id":694,"href":"https:\/\/michalgalka.bike\/index.php?rest_route=\/wp\/v2\/pages\/106\/revisions\/694"}],"wp:attachment":[{"href":"https:\/\/michalgalka.bike\/index.php?rest_route=%2Fwp%2Fv2%2Fmedia&parent=106"}],"curies":[{"name":"wp","href":"https:\/\/api.w.org\/{rel}","templated":true}]}}